{"id":3705,"date":"2018-05-23T11:32:31","date_gmt":"2018-05-23T11:32:31","guid":{"rendered":"http:\/\/www.promendoza.com\/?page_id=3705"},"modified":"2022-11-02T15:15:53","modified_gmt":"2022-11-02T15:15:53","slug":"noticias","status":"publish","type":"page","link":"https:\/\/www.promendoza.com\/en\/noticias\/","title":{"rendered":"News"},"content":{"rendered":"<style type=\"text\/css\"> \n#cmsms_row_69f2aaad411152_48400603 .cmsms_row_outer_parent { \n\tpadding-top: 0px; \n} \n\n#cmsms_row_69f2aaad411152_48400603 .cmsms_row_outer_parent { \n\tpadding-bottom: 50px; \n} \n\n<\/style><div id=\"cmsms_row_69f2aaad411152_48400603\" class=\"cmsms_row cmsms_color_scheme_default\">\n<div class=\"cmsms_row_outer_parent\">\n<div class=\"cmsms_row_outer\">\n<div class=\"cmsms_row_inner\">\n<div class=\"cmsms_row_margin\">\n<div class=\"cmsms_column one_first\">\n<div class=\"cmsms_wrap_blog entry-summary\" id=\"blog_69f2aaad4118e4_79504194\"><script type=\"text\/javascript\">\r\njQuery(document).ready(function () {\r\n\t(function ($) {\r\n\t\tif ($('#blog_69f2aaad4118e4_79504194').find('article').length == '0') {\r\n\t\t\treturn false;\r\n\t\t}\r\n\t\t\r\n\t\r\n\t\tstartBlog( \r\n\t\t\t'69f2aaad4118e4_79504194', \r\n\t\t\t'standard', \r\n\t\t\t'', \r\n\t\t\t'https:\/\/www.promendoza.com\/wp-content\/plugins\/cmsms-content-composer\/', \r\n\t\t\t'date', \r\n\t\t\t'DESC', \r\n\t\t\t'12', \r\n\t\t\t'', \r\n\t\t\t'date,categories,author,comments,likes,more' \r\n\t\t);\r\n\t} )(jQuery);\r\n} );\r\n<\/script>\r\n<div class=\"blog standard\">\r\n<!--_________________________ Start Image Article _________________________ -->\r\n\r\n<article id=\"post-16546\" class=\"cmsms_default_type post-16546 post type-post status-publish format-image has-post-thumbnail hentry category-vinos-y-bebidas post_format-post-format-image\">\r\n\t<figure><a href=\"https:\/\/www.promendoza.com\/wp-content\/uploads\/2026\/04\/1-18.jpg\" title=\"Mendoza envi\u00f3 m\u00e1s de mil botellas de vino a Francia por los 10 a\u00f1os de La Cit\u00e9 du Vin\" class=\"cmsms_img_link\" rel=\"ilightbox[img_16546_69f2aaad41e79]\"><img width=\"820\" height=\"390\" src=\"https:\/\/www.promendoza.com\/wp-content\/uploads\/2026\/04\/1-18-820x390.jpg\" class=\" wp-post-image\" alt=\"Mendoza envi\u00f3 m\u00e1s de mil botellas de vino a Francia por los 10 a\u00f1os de La Cit\u00e9 du Vin\" loading=\"lazy\" title=\"Mendoza envi\u00f3 m\u00e1s de mil botellas de vino a Francia por los 10 a\u00f1os de La Cit\u00e9 du Vin\" \/><\/a><\/figure>\t<div class=\"cmsms_post_cont_wrap\">\r\n\t<!--\r\n\t\t<span class=\"cmsms_post_format_img  cmsms_theme_icon_photo\"><\/span>\r\n\t-->\r\n\t\t\r\n\t\t<div class=\"cmsms_post_cont\">\r\n\t\t<header class=\"cmsms_post_header entry-header\"><h1 class=\"cmsms_post_title entry-title\"><a href=\"https:\/\/www.promendoza.com\/en\/mendoza-envio-mas-de-mil-botellas-de-vino-a-francia-por-los-10-anos-de-la-cite-du-vin\/\">Mendoza envi\u00f3 m\u00e1s de mil botellas de vino a Francia por los 10 a\u00f1os de La Cit\u00e9 du Vin<\/a><\/h1><\/header><div class=\"cmsms_post_cont_info_wrap\"><div class=\"cmsms_post_date_wrap\"><abbr class=\"published cmsms_post_date\" title=\"28 April, 2026\"><span class=\"cmsms_day_mon\">Apr 28,<\/span><span class=\"cmsms_year\">2026<\/span><\/abbr><abbr class=\"dn date updated\" title=\"28 April, 2026\">28 April, 2026<\/abbr><\/div><div class=\"cmsms_post_cont_info entry-meta\"><span class=\"cmsms_post_category\">In <a href=\"https:\/\/www.promendoza.com\/en\/category\/vinos-y-bebidas\/\" rel=\"category tag\">Vinos y bebidas<\/a><\/span><\/div><\/div><div class=\"cmsms_post_content entry-content\">\n<p>En total, 19 bodegas de la provincia se sumaron a la iniciativa, apostando a una vidriera internacional que no solo...<\/p>\n<\/div>\n\t\t<\/div>\r\n\t<\/div>\r\n\t\r\n\t<footer class=\"cmsms_post_footer entry-meta\"><a class=\"button cmsms_post_read_more\" href=\"https:\/\/www.promendoza.com\/en\/mendoza-envio-mas-de-mil-botellas-de-vino-a-francia-por-los-10-anos-de-la-cite-du-vin\/\">Read More<span><\/span><\/a><\/footer><\/article>\r\n<!--_________________________ Finish Image Article _________________________ -->\r\n\r\n\r\n<!--_________________________ Start Image Article _________________________ -->\r\n\r\n<article id=\"post-16542\" class=\"cmsms_default_type post-16542 post type-post status-publish format-image has-post-thumbnail hentry category-sin-categoria-es post_format-post-format-image\">\r\n\t<figure><a href=\"https:\/\/www.promendoza.com\/wp-content\/uploads\/2026\/04\/2-1-e1777096168166.jpg\" title=\"ProMendoza invita a pymes mendocinas a participar en APAS Show 2026, en Brasil\" class=\"cmsms_img_link\" rel=\"ilightbox[img_16542_69f2aaad42e1d]\"><img width=\"820\" height=\"390\" src=\"https:\/\/www.promendoza.com\/wp-content\/uploads\/2026\/04\/2-1-e1777096168166-820x390.jpg\" class=\" wp-post-image\" alt=\"ProMendoza invita a pymes mendocinas a participar en APAS Show 2026, en Brasil\" loading=\"lazy\" title=\"ProMendoza invita a pymes mendocinas a participar en APAS Show 2026, en Brasil\" \/><\/a><\/figure>\t<div class=\"cmsms_post_cont_wrap\">\r\n\t<!--\r\n\t\t<span class=\"cmsms_post_format_img  cmsms_theme_icon_photo\"><\/span>\r\n\t-->\r\n\t\t\r\n\t\t<div class=\"cmsms_post_cont\">\r\n\t\t<header class=\"cmsms_post_header entry-header\"><h1 class=\"cmsms_post_title entry-title\"><a href=\"https:\/\/www.promendoza.com\/en\/promendoza-invita-a-pymes-mendocinas-a-participar-en-apas-show-2026-en-brasil\/\">ProMendoza invita a pymes mendocinas a participar en APAS Show 2026, en Brasil<\/a><\/h1><\/header><div class=\"cmsms_post_cont_info_wrap\"><div class=\"cmsms_post_date_wrap\"><abbr class=\"published cmsms_post_date\" title=\"25 April, 2026\"><span class=\"cmsms_day_mon\">Apr 25,<\/span><span class=\"cmsms_year\">2026<\/span><\/abbr><abbr class=\"dn date updated\" title=\"25 April, 2026\">25 April, 2026<\/abbr><\/div><div class=\"cmsms_post_cont_info entry-meta\"><span class=\"cmsms_post_category\">In <a href=\"https:\/\/www.promendoza.com\/en\/category\/sin-categoria-es\/\" rel=\"category tag\">Sin categor\u00eda<\/a><\/span><\/div><\/div><div class=\"cmsms_post_content entry-content\">\n<p>Es una oportunidad clave para ingresar o consolidar la presencia en el mercado brasile\u00f1o, generar contactos de valor y ampliar...<\/p>\n<\/div>\n\t\t<\/div>\r\n\t<\/div>\r\n\t\r\n\t<footer class=\"cmsms_post_footer entry-meta\"><a class=\"button cmsms_post_read_more\" href=\"https:\/\/www.promendoza.com\/en\/promendoza-invita-a-pymes-mendocinas-a-participar-en-apas-show-2026-en-brasil\/\">Read More<span><\/span><\/a><\/footer><\/article>\r\n<!--_________________________ Finish Image Article _________________________ -->\r\n\r\n\r\n<!--_________________________ Start Image Article _________________________ -->\r\n\r\n<article id=\"post-16538\" class=\"cmsms_default_type post-16538 post type-post status-publish format-image has-post-thumbnail hentry category-institucional post_format-post-format-image\">\r\n\t<figure><a href=\"https:\/\/www.promendoza.com\/wp-content\/uploads\/2026\/04\/7-1.jpg\" title=\"La Fundaci\u00f3n ProMendoza renov\u00f3 sus autoridades para el per\u00edodo 2026\" class=\"cmsms_img_link\" rel=\"ilightbox[img_16538_69f2aaad43a75]\"><img width=\"820\" height=\"390\" src=\"https:\/\/www.promendoza.com\/wp-content\/uploads\/2026\/04\/7-1-820x390.jpg\" class=\" wp-post-image\" alt=\"La Fundaci\u00f3n ProMendoza renov\u00f3 sus autoridades para el per\u00edodo 2026\" loading=\"lazy\" title=\"La Fundaci\u00f3n ProMendoza renov\u00f3 sus autoridades para el per\u00edodo 2026\" \/><\/a><\/figure>\t<div class=\"cmsms_post_cont_wrap\">\r\n\t<!--\r\n\t\t<span class=\"cmsms_post_format_img  cmsms_theme_icon_photo\"><\/span>\r\n\t-->\r\n\t\t\r\n\t\t<div class=\"cmsms_post_cont\">\r\n\t\t<header class=\"cmsms_post_header entry-header\"><h1 class=\"cmsms_post_title entry-title\"><a href=\"https:\/\/www.promendoza.com\/en\/la-fundacion-promendoza-renovo-sus-autoridades-para-el-periodo-2026\/\">La Fundaci\u00f3n ProMendoza renov\u00f3 sus autoridades para el per\u00edodo 2026<\/a><\/h1><\/header><div class=\"cmsms_post_cont_info_wrap\"><div class=\"cmsms_post_date_wrap\"><abbr class=\"published cmsms_post_date\" title=\"22 April, 2026\"><span class=\"cmsms_day_mon\">Apr 22,<\/span><span class=\"cmsms_year\">2026<\/span><\/abbr><abbr class=\"dn date updated\" title=\"24 April, 2026\">24 April, 2026<\/abbr><\/div><div class=\"cmsms_post_cont_info entry-meta\"><span class=\"cmsms_post_category\">In <a href=\"https:\/\/www.promendoza.com\/en\/category\/institucional\/\" rel=\"category tag\">Institucional<\/a><\/span><\/div><\/div><div class=\"cmsms_post_content entry-content\">\n<p>Santiago Laugero asumi\u00f3 la presidencia en el a\u00f1o del 30\u00b0 aniversario de la creaci\u00f3n de la instituci\u00f3n mixta. En tanto,...<\/p>\n<\/div>\n\t\t<\/div>\r\n\t<\/div>\r\n\t\r\n\t<footer class=\"cmsms_post_footer entry-meta\"><a class=\"button cmsms_post_read_more\" href=\"https:\/\/www.promendoza.com\/en\/la-fundacion-promendoza-renovo-sus-autoridades-para-el-periodo-2026\/\">Read More<span><\/span><\/a><\/footer><\/article>\r\n<!--_________________________ Finish Image Article _________________________ -->\r\n\r\n\r\n<!--_________________________ Start Image Article _________________________ -->\r\n\r\n<article id=\"post-16529\" class=\"cmsms_default_type post-16529 post type-post status-publish format-image has-post-thumbnail hentry category-capacitacion post_format-post-format-image\">\r\n\t<figure><a href=\"https:\/\/www.promendoza.com\/wp-content\/uploads\/2026\/04\/productividad-scaled-e1776781340745.jpg\" title=\"Capacitaci\u00f3n virtual sobre productividad y bienestar organizacional\" class=\"cmsms_img_link\" rel=\"ilightbox[img_16529_69f2aaad447b4]\"><img width=\"820\" height=\"390\" src=\"https:\/\/www.promendoza.com\/wp-content\/uploads\/2026\/04\/productividad-820x390.jpg\" class=\" wp-post-image\" alt=\"Capacitaci\u00f3n virtual sobre productividad y bienestar organizacional\" loading=\"lazy\" title=\"Capacitaci\u00f3n virtual sobre productividad y bienestar organizacional\" \/><\/a><\/figure>\t<div class=\"cmsms_post_cont_wrap\">\r\n\t<!--\r\n\t\t<span class=\"cmsms_post_format_img  cmsms_theme_icon_photo\"><\/span>\r\n\t-->\r\n\t\t\r\n\t\t<div class=\"cmsms_post_cont\">\r\n\t\t<header class=\"cmsms_post_header entry-header\"><h1 class=\"cmsms_post_title entry-title\"><a href=\"https:\/\/www.promendoza.com\/en\/capacitacion-virtual-sobre-productividad-y-bienestar-organizacional\/\">Capacitaci\u00f3n virtual sobre productividad y bienestar organizacional<\/a><\/h1><\/header><div class=\"cmsms_post_cont_info_wrap\"><div class=\"cmsms_post_date_wrap\"><abbr class=\"published cmsms_post_date\" title=\"21 April, 2026\"><span class=\"cmsms_day_mon\">Apr 21,<\/span><span class=\"cmsms_year\">2026<\/span><\/abbr><abbr class=\"dn date updated\" title=\"21 April, 2026\">21 April, 2026<\/abbr><\/div><div class=\"cmsms_post_cont_info entry-meta\"><span class=\"cmsms_post_category\">In <a href=\"https:\/\/www.promendoza.com\/en\/category\/capacitacion\/\" rel=\"category tag\">Capacitaci\u00f3n<\/a><\/span><\/div><\/div><div class=\"cmsms_post_content entry-content\">\n<p>Se compartir\u00e1n conceptos y pr\u00e1cticas que permiten optimizar el desempe\u00f1o laboral, reducir el desgaste y promover entornos de trabajo m\u00e1s...<\/p>\n<\/div>\n\t\t<\/div>\r\n\t<\/div>\r\n\t\r\n\t<footer class=\"cmsms_post_footer entry-meta\"><a class=\"button cmsms_post_read_more\" href=\"https:\/\/www.promendoza.com\/en\/capacitacion-virtual-sobre-productividad-y-bienestar-organizacional\/\">Read More<span><\/span><\/a><\/footer><\/article>\r\n<!--_________________________ Finish Image Article _________________________ -->\r\n\r\n\r\n<!--_________________________ Start Image Article _________________________ -->\r\n\r\n<article id=\"post-16532\" class=\"cmsms_default_type post-16532 post type-post status-publish format-image has-post-thumbnail hentry category-inversiones post_format-post-format-image\">\r\n\t<figure><a href=\"https:\/\/www.promendoza.com\/wp-content\/uploads\/2026\/04\/1000354301-980x649-1.jpg\" title=\"ProMendoza y Las Heras fortalecen el perfil exportador del Parque Industrial con una alianza estrat\u00e9gica para la inversi\u00f3n\" class=\"cmsms_img_link\" rel=\"ilightbox[img_16532_69f2aaad4549e]\"><img width=\"820\" height=\"390\" src=\"https:\/\/www.promendoza.com\/wp-content\/uploads\/2026\/04\/1000354301-980x649-1-820x390.jpg\" class=\" wp-post-image\" alt=\"ProMendoza y Las Heras fortalecen el perfil exportador del Parque Industrial con una alianza estrat\u00e9gica para la inversi\u00f3n\" loading=\"lazy\" title=\"ProMendoza y Las Heras fortalecen el perfil exportador del Parque Industrial con una alianza estrat\u00e9gica para la inversi\u00f3n\" \/><\/a><\/figure>\t<div class=\"cmsms_post_cont_wrap\">\r\n\t<!--\r\n\t\t<span class=\"cmsms_post_format_img  cmsms_theme_icon_photo\"><\/span>\r\n\t-->\r\n\t\t\r\n\t\t<div class=\"cmsms_post_cont\">\r\n\t\t<header class=\"cmsms_post_header entry-header\"><h1 class=\"cmsms_post_title entry-title\"><a href=\"https:\/\/www.promendoza.com\/en\/promendoza-y-las-heras-fortalecen-el-perfil-exportador-del-parque-industrial-con-una-alianza-estrategica-para-la-inversion\/\">ProMendoza y Las Heras fortalecen el perfil exportador del Parque Industrial con una alianza estrat\u00e9gica para la inversi\u00f3n<\/a><\/h1><\/header><div class=\"cmsms_post_cont_info_wrap\"><div class=\"cmsms_post_date_wrap\"><abbr class=\"published cmsms_post_date\" title=\"18 April, 2026\"><span class=\"cmsms_day_mon\">Apr 18,<\/span><span class=\"cmsms_year\">2026<\/span><\/abbr><abbr class=\"dn date updated\" title=\"21 April, 2026\">21 April, 2026<\/abbr><\/div><div class=\"cmsms_post_cont_info entry-meta\"><span class=\"cmsms_post_category\">In <a href=\"https:\/\/www.promendoza.com\/en\/category\/inversiones\/\" rel=\"category tag\">Inversiones<\/a><\/span><\/div><\/div><div class=\"cmsms_post_content entry-content\">\n<p>La presidenta de la Unidad ProMendoza, Patricia Gim\u00e9nez, junto con funcionarios municipales y del organismo, recorri\u00f3 empresas lasherinas para potenciar...<\/p>\n<\/div>\n\t\t<\/div>\r\n\t<\/div>\r\n\t\r\n\t<footer class=\"cmsms_post_footer entry-meta\"><a class=\"button cmsms_post_read_more\" href=\"https:\/\/www.promendoza.com\/en\/promendoza-y-las-heras-fortalecen-el-perfil-exportador-del-parque-industrial-con-una-alianza-estrategica-para-la-inversion\/\">Read More<span><\/span><\/a><\/footer><\/article>\r\n<!--_________________________ Finish Image Article _________________________ -->\r\n\r\n\r\n<!--_________________________ Start Image Article _________________________ -->\r\n\r\n<article id=\"post-16523\" class=\"cmsms_default_type post-16523 post type-post status-publish format-image has-post-thumbnail hentry category-agil-nex post_format-post-format-image\">\r\n\t<figure><a href=\"https:\/\/www.promendoza.com\/wp-content\/uploads\/2026\/04\/2-12.jpg\" title=\"ProMendoza lanza la 2\u00aa cohorte 2026 de \u00c1gil NEX para acelerar la salida al mundo de las pymes mendocinas\" class=\"cmsms_img_link\" rel=\"ilightbox[img_16523_69f2aaad46179]\"><img width=\"820\" height=\"390\" src=\"https:\/\/www.promendoza.com\/wp-content\/uploads\/2026\/04\/2-12-820x390.jpg\" class=\" wp-post-image\" alt=\"ProMendoza lanza la 2\u00aa cohorte 2026 de \u00c1gil NEX para acelerar la salida al mundo de las pymes mendocinas\" loading=\"lazy\" title=\"ProMendoza lanza la 2\u00aa cohorte 2026 de \u00c1gil NEX para acelerar la salida al mundo de las pymes mendocinas\" \/><\/a><\/figure>\t<div class=\"cmsms_post_cont_wrap\">\r\n\t<!--\r\n\t\t<span class=\"cmsms_post_format_img  cmsms_theme_icon_photo\"><\/span>\r\n\t-->\r\n\t\t\r\n\t\t<div class=\"cmsms_post_cont\">\r\n\t\t<header class=\"cmsms_post_header entry-header\"><h1 class=\"cmsms_post_title entry-title\"><a href=\"https:\/\/www.promendoza.com\/en\/promendoza-lanza-la-2a-cohorte-2026-de-agil-nex-para-acelerar-la-salida-al-mundo-de-las-pymes-mendocinas\/\">ProMendoza lanza la 2\u00aa cohorte 2026 de \u00c1gil NEX para acelerar la salida al mundo de las pymes mendocinas<\/a><\/h1><\/header><div class=\"cmsms_post_cont_info_wrap\"><div class=\"cmsms_post_date_wrap\"><abbr class=\"published cmsms_post_date\" title=\"16 April, 2026\"><span class=\"cmsms_day_mon\">Apr 16,<\/span><span class=\"cmsms_year\">2026<\/span><\/abbr><abbr class=\"dn date updated\" title=\"16 April, 2026\">16 April, 2026<\/abbr><\/div><div class=\"cmsms_post_cont_info entry-meta\"><span class=\"cmsms_post_category\">In <a href=\"https:\/\/www.promendoza.com\/en\/category\/agil-nex\/\" rel=\"category tag\">\u00c1gil NEX<\/a><\/span><\/div><\/div><div class=\"cmsms_post_content entry-content\">\n<p>Desde su lanzamiento, el programa ha mostrado resultados concretos: 39 empresas participaron en las cohortes anteriores y el 47 %...<\/p>\n<\/div>\n\t\t<\/div>\r\n\t<\/div>\r\n\t\r\n\t<footer class=\"cmsms_post_footer entry-meta\"><a class=\"button cmsms_post_read_more\" href=\"https:\/\/www.promendoza.com\/en\/promendoza-lanza-la-2a-cohorte-2026-de-agil-nex-para-acelerar-la-salida-al-mundo-de-las-pymes-mendocinas\/\">Read More<span><\/span><\/a><\/footer><\/article>\r\n<!--_________________________ Finish Image Article _________________________ -->\r\n\r\n\r\n<!--_________________________ Start Image Article _________________________ -->\r\n\r\n<article id=\"post-16509\" class=\"cmsms_default_type post-16509 post type-post status-publish format-image has-post-thumbnail hentry category-alimentos post_format-post-format-image\">\r\n\t<figure><a href=\"https:\/\/www.promendoza.com\/wp-content\/uploads\/2026\/04\/be8fb880-70d5-41de-97b6-61d8fac77cc5.jpg\" title=\"Empresas de alimentos de Mendoza podr\u00e1n participar en Expo ANTAD 2026 en M\u00e9xico\" class=\"cmsms_img_link\" rel=\"ilightbox[img_16509_69f2aaad46ff3]\"><img width=\"820\" height=\"390\" src=\"https:\/\/www.promendoza.com\/wp-content\/uploads\/2026\/04\/be8fb880-70d5-41de-97b6-61d8fac77cc5-820x390.jpg\" class=\" wp-post-image\" alt=\"Empresas de alimentos de Mendoza podr\u00e1n participar en Expo ANTAD 2026 en M\u00e9xico\" loading=\"lazy\" title=\"Empresas de alimentos de Mendoza podr\u00e1n participar en Expo ANTAD 2026 en M\u00e9xico\" \/><\/a><\/figure>\t<div class=\"cmsms_post_cont_wrap\">\r\n\t<!--\r\n\t\t<span class=\"cmsms_post_format_img  cmsms_theme_icon_photo\"><\/span>\r\n\t-->\r\n\t\t\r\n\t\t<div class=\"cmsms_post_cont\">\r\n\t\t<header class=\"cmsms_post_header entry-header\"><h1 class=\"cmsms_post_title entry-title\"><a href=\"https:\/\/www.promendoza.com\/en\/empresas-de-alimentos-de-mendoza-podran-participar-en-expo-antad-2026-en-mexico\/\">Empresas de alimentos de Mendoza podr\u00e1n participar en Expo ANTAD 2026 en M\u00e9xico<\/a><\/h1><\/header><div class=\"cmsms_post_cont_info_wrap\"><div class=\"cmsms_post_date_wrap\"><abbr class=\"published cmsms_post_date\" title=\"13 April, 2026\"><span class=\"cmsms_day_mon\">Apr 13,<\/span><span class=\"cmsms_year\">2026<\/span><\/abbr><abbr class=\"dn date updated\" title=\"15 April, 2026\">15 April, 2026<\/abbr><\/div><div class=\"cmsms_post_cont_info entry-meta\"><span class=\"cmsms_post_category\">In <a href=\"https:\/\/www.promendoza.com\/en\/category\/alimentos\/\" rel=\"category tag\">Alimentos<\/a><\/span><\/div><\/div><div class=\"cmsms_post_content entry-content\">\n<p>La participaci\u00f3n en esta feria de negocios permitir\u00e1 a las empresas mendocinas tomar contacto directo con potenciales compradores e importadores....<\/p>\n<\/div>\n\t\t<\/div>\r\n\t<\/div>\r\n\t\r\n\t<footer class=\"cmsms_post_footer entry-meta\"><a class=\"button cmsms_post_read_more\" href=\"https:\/\/www.promendoza.com\/en\/empresas-de-alimentos-de-mendoza-podran-participar-en-expo-antad-2026-en-mexico\/\">Read More<span><\/span><\/a><\/footer><\/article>\r\n<!--_________________________ Finish Image Article _________________________ -->\r\n\r\n\r\n<!--_________________________ Start Image Article _________________________ -->\r\n\r\n<article id=\"post-16495\" class=\"cmsms_default_type post-16495 post type-post status-publish format-image has-post-thumbnail hentry category-internacionales post_format-post-format-image\">\r\n\t<figure><a href=\"https:\/\/www.promendoza.com\/wp-content\/uploads\/2026\/04\/14.jpg\" title=\"Elecciones en Per\u00fa: su v\u00ednculo comercial con Mendoza\" class=\"cmsms_img_link\" rel=\"ilightbox[img_16495_69f2aaad47dc6]\"><img width=\"820\" height=\"390\" src=\"https:\/\/www.promendoza.com\/wp-content\/uploads\/2026\/04\/14-820x390.jpg\" class=\" wp-post-image\" alt=\"Elecciones en Per\u00fa: su v\u00ednculo comercial con Mendoza\" loading=\"lazy\" title=\"Elecciones en Per\u00fa: su v\u00ednculo comercial con Mendoza\" \/><\/a><\/figure>\t<div class=\"cmsms_post_cont_wrap\">\r\n\t<!--\r\n\t\t<span class=\"cmsms_post_format_img  cmsms_theme_icon_photo\"><\/span>\r\n\t-->\r\n\t\t\r\n\t\t<div class=\"cmsms_post_cont\">\r\n\t\t<header class=\"cmsms_post_header entry-header\"><h1 class=\"cmsms_post_title entry-title\"><a href=\"https:\/\/www.promendoza.com\/en\/elecciones-en-peru-su-vinculo-comercial-con-mendoza\/\">Elecciones en Per\u00fa: su v\u00ednculo comercial con Mendoza<\/a><\/h1><\/header><div class=\"cmsms_post_cont_info_wrap\"><div class=\"cmsms_post_date_wrap\"><abbr class=\"published cmsms_post_date\" title=\"9 April, 2026\"><span class=\"cmsms_day_mon\">Apr 09,<\/span><span class=\"cmsms_year\">2026<\/span><\/abbr><abbr class=\"dn date updated\" title=\"10 April, 2026\">10 April, 2026<\/abbr><\/div><div class=\"cmsms_post_cont_info entry-meta\"><span class=\"cmsms_post_category\">In <a href=\"https:\/\/www.promendoza.com\/en\/category\/internacionales\/\" rel=\"category tag\">Internacionales<\/a><\/span><\/div><\/div><div class=\"cmsms_post_content entry-content\">\n<p>Eligen al pr\u00f3ximo presidente, que asumir\u00e1 el 28 de julio. Este domingo habr\u00e1 elecciones presidenciales en Per\u00fa para elegir al...<\/p>\n<\/div>\n\t\t<\/div>\r\n\t<\/div>\r\n\t\r\n\t<footer class=\"cmsms_post_footer entry-meta\"><a class=\"button cmsms_post_read_more\" href=\"https:\/\/www.promendoza.com\/en\/elecciones-en-peru-su-vinculo-comercial-con-mendoza\/\">Read More<span><\/span><\/a><\/footer><\/article>\r\n<!--_________________________ Finish Image Article _________________________ -->\r\n\r\n\r\n<!--_________________________ Start Image Article _________________________ -->\r\n\r\n<article id=\"post-16490\" class=\"cmsms_default_type post-16490 post type-post status-publish format-image has-post-thumbnail hentry category-alimentos post_format-post-format-image\">\r\n\t<figure><a href=\"https:\/\/www.promendoza.com\/wp-content\/uploads\/2026\/04\/fe503933-1c64-4a99-8025-95f22cd60109.jpg\" title=\"Agro: ofrecen capacitaci\u00f3n sobre una normativa clave para acceder a mercados internacionales\" class=\"cmsms_img_link\" rel=\"ilightbox[img_16490_69f2aaad48aa0]\"><img width=\"700\" height=\"390\" src=\"https:\/\/www.promendoza.com\/wp-content\/uploads\/2026\/04\/fe503933-1c64-4a99-8025-95f22cd60109-700x390.jpg\" class=\" wp-post-image\" alt=\"Agro: ofrecen capacitaci\u00f3n sobre una normativa clave para acceder a mercados internacionales\" loading=\"lazy\" title=\"Agro: ofrecen capacitaci\u00f3n sobre una normativa clave para acceder a mercados internacionales\" \/><\/a><\/figure>\t<div class=\"cmsms_post_cont_wrap\">\r\n\t<!--\r\n\t\t<span class=\"cmsms_post_format_img  cmsms_theme_icon_photo\"><\/span>\r\n\t-->\r\n\t\t\r\n\t\t<div class=\"cmsms_post_cont\">\r\n\t\t<header class=\"cmsms_post_header entry-header\"><h1 class=\"cmsms_post_title entry-title\"><a href=\"https:\/\/www.promendoza.com\/en\/agro-ofrecen-capacitacion-sobre-una-normativa-clave-para-acceder-a-mercados-internacionales\/\">Agro: ofrecen capacitaci\u00f3n sobre una normativa clave para acceder a mercados internacionales<\/a><\/h1><\/header><div class=\"cmsms_post_cont_info_wrap\"><div class=\"cmsms_post_date_wrap\"><abbr class=\"published cmsms_post_date\" title=\"7 April, 2026\"><span class=\"cmsms_day_mon\">Apr 07,<\/span><span class=\"cmsms_year\">2026<\/span><\/abbr><abbr class=\"dn date updated\" title=\"7 April, 2026\">7 April, 2026<\/abbr><\/div><div class=\"cmsms_post_cont_info entry-meta\"><span class=\"cmsms_post_category\">In <a href=\"https:\/\/www.promendoza.com\/en\/category\/alimentos\/\" rel=\"category tag\">Alimentos<\/a><\/span><\/div><\/div><div class=\"cmsms_post_content entry-content\">\n<p>La iniciativa de ProMendoza y GLOBALG.A.P. apunta a productores y empresas que buscan cumplir est\u00e1ndares de calidad y exportaci\u00f3n. Con...<\/p>\n<\/div>\n\t\t<\/div>\r\n\t<\/div>\r\n\t\r\n\t<footer class=\"cmsms_post_footer entry-meta\"><a class=\"button cmsms_post_read_more\" href=\"https:\/\/www.promendoza.com\/en\/agro-ofrecen-capacitacion-sobre-una-normativa-clave-para-acceder-a-mercados-internacionales\/\">Read More<span><\/span><\/a><\/footer><\/article>\r\n<!--_________________________ Finish Image Article _________________________ -->\r\n\r\n\r\n<!--_________________________ Start Image Article _________________________ -->\r\n\r\n<article id=\"post-16485\" class=\"cmsms_default_type post-16485 post type-post status-publish format-image has-post-thumbnail hentry category-proinversion post_format-post-format-image\">\r\n\t<figure><a href=\"https:\/\/www.promendoza.com\/wp-content\/uploads\/2026\/04\/WhatsApp-Image-2026-04-03-at-10.00.41-2-e1775221452853.jpeg\" title=\"Una empresa frigor\u00edfica avanza hacia la inversi\u00f3n nacional e internacional con apoyo de ProMendoza\" class=\"cmsms_img_link\" rel=\"ilightbox[img_16485_69f2aaad497eb]\"><img width=\"820\" height=\"390\" src=\"https:\/\/www.promendoza.com\/wp-content\/uploads\/2026\/04\/WhatsApp-Image-2026-04-03-at-10.00.41-2-e1775221452853-820x390.jpeg\" class=\" wp-post-image\" alt=\"Una empresa frigor\u00edfica avanza hacia la inversi\u00f3n nacional e internacional con apoyo de ProMendoza\" loading=\"lazy\" title=\"Una empresa frigor\u00edfica avanza hacia la inversi\u00f3n nacional e internacional con apoyo de ProMendoza\" \/><\/a><\/figure>\t<div class=\"cmsms_post_cont_wrap\">\r\n\t<!--\r\n\t\t<span class=\"cmsms_post_format_img  cmsms_theme_icon_photo\"><\/span>\r\n\t-->\r\n\t\t\r\n\t\t<div class=\"cmsms_post_cont\">\r\n\t\t<header class=\"cmsms_post_header entry-header\"><h1 class=\"cmsms_post_title entry-title\"><a href=\"https:\/\/www.promendoza.com\/en\/una-empresa-frigorifica-avanza-hacia-la-inversion-nacional-e-internacional-con-apoyo-de-promendoza\/\">Una empresa frigor\u00edfica avanza hacia la inversi\u00f3n nacional e internacional con apoyo de ProMendoza<\/a><\/h1><\/header><div class=\"cmsms_post_cont_info_wrap\"><div class=\"cmsms_post_date_wrap\"><abbr class=\"published cmsms_post_date\" title=\"3 April, 2026\"><span class=\"cmsms_day_mon\">Apr 03,<\/span><span class=\"cmsms_year\">2026<\/span><\/abbr><abbr class=\"dn date updated\" title=\"3 April, 2026\">3 April, 2026<\/abbr><\/div><div class=\"cmsms_post_cont_info entry-meta\"><span class=\"cmsms_post_category\">In <a href=\"https:\/\/www.promendoza.com\/en\/category\/proinversion\/\" rel=\"category tag\">ProInversi\u00f3n<\/a><\/span><\/div><\/div><div class=\"cmsms_post_content entry-content\">\n<p>Se trata de una empresa familiar mendocina con m\u00e1s de cinco d\u00e9cadas de trayectoria en la producci\u00f3n y comercializaci\u00f3n de...<\/p>\n<\/div>\n\t\t<\/div>\r\n\t<\/div>\r\n\t\r\n\t<footer class=\"cmsms_post_footer entry-meta\"><a class=\"button cmsms_post_read_more\" href=\"https:\/\/www.promendoza.com\/en\/una-empresa-frigorifica-avanza-hacia-la-inversion-nacional-e-internacional-con-apoyo-de-promendoza\/\">Read More<span><\/span><\/a><\/footer><\/article>\r\n<!--_________________________ Finish Image Article _________________________ -->\r\n\r\n\r\n<!--_________________________ Start Image Article _________________________ -->\r\n\r\n<article id=\"post-16475\" class=\"cmsms_default_type post-16475 post type-post status-publish format-image has-post-thumbnail hentry category-vinos-y-bebidas post_format-post-format-image\">\r\n\t<figure><a href=\"https:\/\/www.promendoza.com\/wp-content\/uploads\/2026\/03\/20260202_095649-1.jpg\" title=\"Una bodega mendocina concret\u00f3 la venta de un contenedor tras su participaci\u00f3n en Vinexpo Explorer Mendoza\" class=\"cmsms_img_link\" rel=\"ilightbox[img_16475_69f2aaad4a540]\"><img width=\"689\" height=\"390\" src=\"https:\/\/www.promendoza.com\/wp-content\/uploads\/2026\/03\/20260202_095649-1-689x390.jpg\" class=\" wp-post-image\" alt=\"Una bodega mendocina concret\u00f3 la venta de un contenedor tras su participaci\u00f3n en Vinexpo Explorer Mendoza\" loading=\"lazy\" title=\"Una bodega mendocina concret\u00f3 la venta de un contenedor tras su participaci\u00f3n en Vinexpo Explorer Mendoza\" \/><\/a><\/figure>\t<div class=\"cmsms_post_cont_wrap\">\r\n\t<!--\r\n\t\t<span class=\"cmsms_post_format_img  cmsms_theme_icon_photo\"><\/span>\r\n\t-->\r\n\t\t\r\n\t\t<div class=\"cmsms_post_cont\">\r\n\t\t<header class=\"cmsms_post_header entry-header\"><h1 class=\"cmsms_post_title entry-title\"><a href=\"https:\/\/www.promendoza.com\/en\/una-bodega-mendocina-concreto-la-venta-de-un-contenedor-tras-su-participacion-en-vinexpo-explorer-mendoza\/\">Una bodega mendocina concret\u00f3 la venta de un contenedor tras su participaci\u00f3n en Vinexpo Explorer Mendoza<\/a><\/h1><\/header><div class=\"cmsms_post_cont_info_wrap\"><div class=\"cmsms_post_date_wrap\"><abbr class=\"published cmsms_post_date\" title=\"30 March, 2026\"><span class=\"cmsms_day_mon\">Mar 30,<\/span><span class=\"cmsms_year\">2026<\/span><\/abbr><abbr class=\"dn date updated\" title=\"30 March, 2026\">30 March, 2026<\/abbr><\/div><div class=\"cmsms_post_cont_info entry-meta\"><span class=\"cmsms_post_category\">In <a href=\"https:\/\/www.promendoza.com\/en\/category\/vinos-y-bebidas\/\" rel=\"category tag\">Vinos y bebidas<\/a><\/span><\/div><\/div><div class=\"cmsms_post_content entry-content\">\n<p>Con mercados consolidados y nuevos destinos en expansi\u00f3n, Familia Blanco sigue apostando por la excelencia, la innovaci\u00f3n y la mirada...<\/p>\n<\/div>\n\t\t<\/div>\r\n\t<\/div>\r\n\t\r\n\t<footer class=\"cmsms_post_footer entry-meta\"><a class=\"button cmsms_post_read_more\" href=\"https:\/\/www.promendoza.com\/en\/una-bodega-mendocina-concreto-la-venta-de-un-contenedor-tras-su-participacion-en-vinexpo-explorer-mendoza\/\">Read More<span><\/span><\/a><\/footer><\/article>\r\n<!--_________________________ Finish Image Article _________________________ -->\r\n\r\n\r\n<!--_________________________ Start Image Article _________________________ -->\r\n\r\n<article id=\"post-16471\" class=\"cmsms_default_type post-16471 post type-post status-publish format-image has-post-thumbnail hentry category-mision-comercial post_format-post-format-image\">\r\n\t<figure><a href=\"https:\/\/www.promendoza.com\/wp-content\/uploads\/2026\/03\/WhatsApp-Image-2025-05-08-at-01.25.30-1-e1774462889900.jpeg\" title=\"Contin\u00faa la inscripci\u00f3n para Vinexpo Americas\" class=\"cmsms_img_link\" rel=\"ilightbox[img_16471_69f2aaad4b28a]\"><img width=\"820\" height=\"390\" src=\"https:\/\/www.promendoza.com\/wp-content\/uploads\/2026\/03\/WhatsApp-Image-2025-05-08-at-01.25.30-1-e1774462889900-820x390.jpeg\" class=\" wp-post-image\" alt=\"Contin\u00faa la inscripci\u00f3n para Vinexpo Americas\" loading=\"lazy\" title=\"Contin\u00faa la inscripci\u00f3n para Vinexpo Americas\" \/><\/a><\/figure>\t<div class=\"cmsms_post_cont_wrap\">\r\n\t<!--\r\n\t\t<span class=\"cmsms_post_format_img  cmsms_theme_icon_photo\"><\/span>\r\n\t-->\r\n\t\t\r\n\t\t<div class=\"cmsms_post_cont\">\r\n\t\t<header class=\"cmsms_post_header entry-header\"><h1 class=\"cmsms_post_title entry-title\"><a href=\"https:\/\/www.promendoza.com\/en\/continua-la-inscripcion-para-vinexpo-americas\/\">Contin\u00faa la inscripci\u00f3n para Vinexpo Americas<\/a><\/h1><\/header><div class=\"cmsms_post_cont_info_wrap\"><div class=\"cmsms_post_date_wrap\"><abbr class=\"published cmsms_post_date\" title=\"25 March, 2026\"><span class=\"cmsms_day_mon\">Mar 25,<\/span><span class=\"cmsms_year\">2026<\/span><\/abbr><abbr class=\"dn date updated\" title=\"26 March, 2026\">26 March, 2026<\/abbr><\/div><div class=\"cmsms_post_cont_info entry-meta\"><span class=\"cmsms_post_category\">In <a href=\"https:\/\/www.promendoza.com\/en\/category\/mision-comercial\/\" rel=\"category tag\">Misi\u00f3n Comercial<\/a><\/span><\/div><\/div><div class=\"cmsms_post_content entry-content\">\n<p>Las bodegas interesadas deber\u00e1n completar su preinscripci\u00f3n antes del mi\u00e9rcoles 1 de abril o escribir a Javier Rojas a&nbsp;jrojas@promendoza.com. ProMendoza...<\/p>\n<\/div>\n\t\t<\/div>\r\n\t<\/div>\r\n\t\r\n\t<footer class=\"cmsms_post_footer entry-meta\"><a class=\"button cmsms_post_read_more\" href=\"https:\/\/www.promendoza.com\/en\/continua-la-inscripcion-para-vinexpo-americas\/\">Read More<span><\/span><\/a><\/footer><\/article>\r\n<!--_________________________ Finish Image Article _________________________ -->\r\n\r\n<\/div><\/div>\n<\/div>\n<\/div>\n<\/div>\n<\/div>\n<\/div>\n<\/div>\n\n","protected":false},"excerpt":{"rendered":"","protected":false},"author":1,"featured_media":0,"parent":0,"menu_order":0,"comment_status":"closed","ping_status":"closed","template":"","meta":[],"_links":{"self":[{"href":"https:\/\/www.promendoza.com\/en\/wp-json\/wp\/v2\/pages\/3705"}],"collection":[{"href":"https:\/\/www.promendoza.com\/en\/wp-json\/wp\/v2\/pages"}],"about":[{"href":"https:\/\/www.promendoza.com\/en\/wp-json\/wp\/v2\/types\/page"}],"author":[{"embeddable":true,"href":"https:\/\/www.promendoza.com\/en\/wp-json\/wp\/v2\/users\/1"}],"replies":[{"embeddable":true,"href":"https:\/\/www.promendoza.com\/en\/wp-json\/wp\/v2\/comments?post=3705"}],"version-history":[{"count":5,"href":"https:\/\/www.promendoza.com\/en\/wp-json\/wp\/v2\/pages\/3705\/revisions"}],"predecessor-version":[{"id":12192,"href":"https:\/\/www.promendoza.com\/en\/wp-json\/wp\/v2\/pages\/3705\/revisions\/12192"}],"wp:attachment":[{"href":"https:\/\/www.promendoza.com\/en\/wp-json\/wp\/v2\/media?parent=3705"}],"curies":[{"name":"wp","href":"https:\/\/api.w.org\/{rel}","templated":true}]}}