{"id":3705,"date":"2018-05-23T11:32:31","date_gmt":"2018-05-23T11:32:31","guid":{"rendered":"http:\/\/www.promendoza.com\/?page_id=3705"},"modified":"2022-11-02T15:15:53","modified_gmt":"2022-11-02T15:15:53","slug":"noticias","status":"publish","type":"page","link":"https:\/\/www.promendoza.com\/es\/noticias\/","title":{"rendered":"Noticias"},"content":{"rendered":"<style type=\"text\/css\"> \n#cmsms_row_69f5fc0d578824_85708196 .cmsms_row_outer_parent { \n\tpadding-top: 0px; \n} \n\n#cmsms_row_69f5fc0d578824_85708196 .cmsms_row_outer_parent { \n\tpadding-bottom: 50px; \n} \n\n<\/style><div id=\"cmsms_row_69f5fc0d578824_85708196\" class=\"cmsms_row cmsms_color_scheme_default\">\n<div class=\"cmsms_row_outer_parent\">\n<div class=\"cmsms_row_outer\">\n<div class=\"cmsms_row_inner\">\n<div class=\"cmsms_row_margin\">\n<div class=\"cmsms_column one_first\">\n<div class=\"cmsms_wrap_blog entry-summary\" id=\"blog_69f5fc0d5793e2_82209481\"><script type=\"text\/javascript\">\r\njQuery(document).ready(function () {\r\n\t(function ($) {\r\n\t\tif ($('#blog_69f5fc0d5793e2_82209481').find('article').length == '0') {\r\n\t\t\treturn false;\r\n\t\t}\r\n\t\t\r\n\t\r\n\t\tstartBlog( \r\n\t\t\t'69f5fc0d5793e2_82209481', \r\n\t\t\t'standard', \r\n\t\t\t'', \r\n\t\t\t'https:\/\/www.promendoza.com\/wp-content\/plugins\/cmsms-content-composer\/', \r\n\t\t\t'date', \r\n\t\t\t'DESC', \r\n\t\t\t'50', \r\n\t\t\t'', \r\n\t\t\t'date,categories,author,comments,likes,more' \r\n\t\t);\r\n\t} )(jQuery);\r\n} );\r\n<\/script>\r\n<div class=\"blog standard\">\r\n<!--_________________________ Start Image Article _________________________ -->\r\n\r\n<article id=\"post-16546\" class=\"cmsms_default_type post-16546 post type-post status-publish format-image has-post-thumbnail hentry category-vinos-y-bebidas post_format-post-format-image\">\r\n\t<figure><a href=\"https:\/\/www.promendoza.com\/wp-content\/uploads\/2026\/04\/1-18.jpg\" title=\"Mendoza envi\u00f3 m\u00e1s de mil botellas de vino a Francia por los 10 a\u00f1os de La Cit\u00e9 du Vin\" class=\"cmsms_img_link\" rel=\"ilightbox[img_16546_69f5fc0d595bd]\"><img width=\"820\" height=\"390\" src=\"https:\/\/www.promendoza.com\/wp-content\/uploads\/2026\/04\/1-18-820x390.jpg\" class=\" wp-post-image\" alt=\"Mendoza envi\u00f3 m\u00e1s de mil botellas de vino a Francia por los 10 a\u00f1os de La Cit\u00e9 du Vin\" loading=\"lazy\" title=\"Mendoza envi\u00f3 m\u00e1s de mil botellas de vino a Francia por los 10 a\u00f1os de La Cit\u00e9 du Vin\" \/><\/a><\/figure>\t<div class=\"cmsms_post_cont_wrap\">\r\n\t<!--\r\n\t\t<span class=\"cmsms_post_format_img  cmsms_theme_icon_photo\"><\/span>\r\n\t-->\r\n\t\t\r\n\t\t<div class=\"cmsms_post_cont\">\r\n\t\t<header class=\"cmsms_post_header entry-header\"><h1 class=\"cmsms_post_title entry-title\"><a href=\"https:\/\/www.promendoza.com\/es\/mendoza-envio-mas-de-mil-botellas-de-vino-a-francia-por-los-10-anos-de-la-cite-du-vin\/\">Mendoza envi\u00f3 m\u00e1s de mil botellas de vino a Francia por los 10 a\u00f1os de La Cit\u00e9 du Vin<\/a><\/h1><\/header><div class=\"cmsms_post_cont_info_wrap\"><div class=\"cmsms_post_date_wrap\"><abbr class=\"published cmsms_post_date\" title=\"28 abril, 2026\"><span class=\"cmsms_day_mon\">Abr 28,<\/span><span class=\"cmsms_year\">2026<\/span><\/abbr><abbr class=\"dn date updated\" title=\"28 abril, 2026\">28 abril, 2026<\/abbr><\/div><div class=\"cmsms_post_cont_info entry-meta\"><span class=\"cmsms_post_category\">En <a href=\"https:\/\/www.promendoza.com\/es\/category\/vinos-y-bebidas\/\" rel=\"category tag\">Vinos y bebidas<\/a><\/span><\/div><\/div><div class=\"cmsms_post_content entry-content\">\n<p>En total, 19 bodegas de la provincia se sumaron a la iniciativa, apostando a una vidriera internacional que no solo...<\/p>\n<\/div>\n\t\t<\/div>\r\n\t<\/div>\r\n\t\r\n\t<footer class=\"cmsms_post_footer entry-meta\"><a class=\"button cmsms_post_read_more\" href=\"https:\/\/www.promendoza.com\/es\/mendoza-envio-mas-de-mil-botellas-de-vino-a-francia-por-los-10-anos-de-la-cite-du-vin\/\">Leer m\u00e1s<span><\/span><\/a><\/footer><\/article>\r\n<!--_________________________ Finish Image Article _________________________ -->\r\n\r\n\r\n<!--_________________________ Start Image Article _________________________ -->\r\n\r\n<article id=\"post-16542\" class=\"cmsms_default_type post-16542 post type-post status-publish format-image has-post-thumbnail hentry category-sin-categoria-es post_format-post-format-image\">\r\n\t<figure><a href=\"https:\/\/www.promendoza.com\/wp-content\/uploads\/2026\/04\/2-1-e1777096168166.jpg\" title=\"ProMendoza invita a pymes mendocinas a participar en APAS Show 2026, en Brasil\" class=\"cmsms_img_link\" rel=\"ilightbox[img_16542_69f5fc0d5a588]\"><img width=\"820\" height=\"390\" src=\"https:\/\/www.promendoza.com\/wp-content\/uploads\/2026\/04\/2-1-e1777096168166-820x390.jpg\" class=\" wp-post-image\" alt=\"ProMendoza invita a pymes mendocinas a participar en APAS Show 2026, en Brasil\" loading=\"lazy\" title=\"ProMendoza invita a pymes mendocinas a participar en APAS Show 2026, en Brasil\" \/><\/a><\/figure>\t<div class=\"cmsms_post_cont_wrap\">\r\n\t<!--\r\n\t\t<span class=\"cmsms_post_format_img  cmsms_theme_icon_photo\"><\/span>\r\n\t-->\r\n\t\t\r\n\t\t<div class=\"cmsms_post_cont\">\r\n\t\t<header class=\"cmsms_post_header entry-header\"><h1 class=\"cmsms_post_title entry-title\"><a href=\"https:\/\/www.promendoza.com\/es\/promendoza-invita-a-pymes-mendocinas-a-participar-en-apas-show-2026-en-brasil\/\">ProMendoza invita a pymes mendocinas a participar en APAS Show 2026, en Brasil<\/a><\/h1><\/header><div class=\"cmsms_post_cont_info_wrap\"><div class=\"cmsms_post_date_wrap\"><abbr class=\"published cmsms_post_date\" title=\"25 abril, 2026\"><span class=\"cmsms_day_mon\">Abr 25,<\/span><span class=\"cmsms_year\">2026<\/span><\/abbr><abbr class=\"dn date updated\" title=\"25 abril, 2026\">25 abril, 2026<\/abbr><\/div><div class=\"cmsms_post_cont_info entry-meta\"><span class=\"cmsms_post_category\">En <a href=\"https:\/\/www.promendoza.com\/es\/category\/sin-categoria-es\/\" rel=\"category tag\">Sin categor\u00eda<\/a><\/span><\/div><\/div><div class=\"cmsms_post_content entry-content\">\n<p>Es una oportunidad clave para ingresar o consolidar la presencia en el mercado brasile\u00f1o, generar contactos de valor y ampliar...<\/p>\n<\/div>\n\t\t<\/div>\r\n\t<\/div>\r\n\t\r\n\t<footer class=\"cmsms_post_footer entry-meta\"><a class=\"button cmsms_post_read_more\" href=\"https:\/\/www.promendoza.com\/es\/promendoza-invita-a-pymes-mendocinas-a-participar-en-apas-show-2026-en-brasil\/\">Leer m\u00e1s<span><\/span><\/a><\/footer><\/article>\r\n<!--_________________________ Finish Image Article _________________________ -->\r\n\r\n\r\n<!--_________________________ Start Image Article _________________________ -->\r\n\r\n<article id=\"post-16538\" class=\"cmsms_default_type post-16538 post type-post status-publish format-image has-post-thumbnail hentry category-institucional post_format-post-format-image\">\r\n\t<figure><a href=\"https:\/\/www.promendoza.com\/wp-content\/uploads\/2026\/04\/7-1.jpg\" title=\"La Fundaci\u00f3n ProMendoza renov\u00f3 sus autoridades para el per\u00edodo 2026\" class=\"cmsms_img_link\" rel=\"ilightbox[img_16538_69f5fc0d5b2b8]\"><img width=\"820\" height=\"390\" src=\"https:\/\/www.promendoza.com\/wp-content\/uploads\/2026\/04\/7-1-820x390.jpg\" class=\" wp-post-image\" alt=\"La Fundaci\u00f3n ProMendoza renov\u00f3 sus autoridades para el per\u00edodo 2026\" loading=\"lazy\" title=\"La Fundaci\u00f3n ProMendoza renov\u00f3 sus autoridades para el per\u00edodo 2026\" \/><\/a><\/figure>\t<div class=\"cmsms_post_cont_wrap\">\r\n\t<!--\r\n\t\t<span class=\"cmsms_post_format_img  cmsms_theme_icon_photo\"><\/span>\r\n\t-->\r\n\t\t\r\n\t\t<div class=\"cmsms_post_cont\">\r\n\t\t<header class=\"cmsms_post_header entry-header\"><h1 class=\"cmsms_post_title entry-title\"><a href=\"https:\/\/www.promendoza.com\/es\/la-fundacion-promendoza-renovo-sus-autoridades-para-el-periodo-2026\/\">La Fundaci\u00f3n ProMendoza renov\u00f3 sus autoridades para el per\u00edodo 2026<\/a><\/h1><\/header><div class=\"cmsms_post_cont_info_wrap\"><div class=\"cmsms_post_date_wrap\"><abbr class=\"published cmsms_post_date\" title=\"22 abril, 2026\"><span class=\"cmsms_day_mon\">Abr 22,<\/span><span class=\"cmsms_year\">2026<\/span><\/abbr><abbr class=\"dn date updated\" title=\"24 abril, 2026\">24 abril, 2026<\/abbr><\/div><div class=\"cmsms_post_cont_info entry-meta\"><span class=\"cmsms_post_category\">En <a href=\"https:\/\/www.promendoza.com\/es\/category\/institucional\/\" rel=\"category tag\">Institucional<\/a><\/span><\/div><\/div><div class=\"cmsms_post_content entry-content\">\n<p>Santiago Laugero asumi\u00f3 la presidencia en el a\u00f1o del 30\u00b0 aniversario de la creaci\u00f3n de la instituci\u00f3n mixta. En tanto,...<\/p>\n<\/div>\n\t\t<\/div>\r\n\t<\/div>\r\n\t\r\n\t<footer class=\"cmsms_post_footer entry-meta\"><a class=\"button cmsms_post_read_more\" href=\"https:\/\/www.promendoza.com\/es\/la-fundacion-promendoza-renovo-sus-autoridades-para-el-periodo-2026\/\">Leer m\u00e1s<span><\/span><\/a><\/footer><\/article>\r\n<!--_________________________ Finish Image Article _________________________ -->\r\n\r\n\r\n<!--_________________________ Start Image Article _________________________ -->\r\n\r\n<article id=\"post-16529\" class=\"cmsms_default_type post-16529 post type-post status-publish format-image has-post-thumbnail hentry category-capacitacion post_format-post-format-image\">\r\n\t<figure><a href=\"https:\/\/www.promendoza.com\/wp-content\/uploads\/2026\/04\/productividad-scaled-e1776781340745.jpg\" title=\"Capacitaci\u00f3n virtual sobre productividad y bienestar organizacional\" class=\"cmsms_img_link\" rel=\"ilightbox[img_16529_69f5fc0d5bf67]\"><img width=\"820\" height=\"390\" src=\"https:\/\/www.promendoza.com\/wp-content\/uploads\/2026\/04\/productividad-820x390.jpg\" class=\" wp-post-image\" alt=\"Capacitaci\u00f3n virtual sobre productividad y bienestar organizacional\" loading=\"lazy\" title=\"Capacitaci\u00f3n virtual sobre productividad y bienestar organizacional\" \/><\/a><\/figure>\t<div class=\"cmsms_post_cont_wrap\">\r\n\t<!--\r\n\t\t<span class=\"cmsms_post_format_img  cmsms_theme_icon_photo\"><\/span>\r\n\t-->\r\n\t\t\r\n\t\t<div class=\"cmsms_post_cont\">\r\n\t\t<header class=\"cmsms_post_header entry-header\"><h1 class=\"cmsms_post_title entry-title\"><a href=\"https:\/\/www.promendoza.com\/es\/capacitacion-virtual-sobre-productividad-y-bienestar-organizacional\/\">Capacitaci\u00f3n virtual sobre productividad y bienestar organizacional<\/a><\/h1><\/header><div class=\"cmsms_post_cont_info_wrap\"><div class=\"cmsms_post_date_wrap\"><abbr class=\"published cmsms_post_date\" title=\"21 abril, 2026\"><span class=\"cmsms_day_mon\">Abr 21,<\/span><span class=\"cmsms_year\">2026<\/span><\/abbr><abbr class=\"dn date updated\" title=\"21 abril, 2026\">21 abril, 2026<\/abbr><\/div><div class=\"cmsms_post_cont_info entry-meta\"><span class=\"cmsms_post_category\">En <a href=\"https:\/\/www.promendoza.com\/es\/category\/capacitacion\/\" rel=\"category tag\">Capacitaci\u00f3n<\/a><\/span><\/div><\/div><div class=\"cmsms_post_content entry-content\">\n<p>Se compartir\u00e1n conceptos y pr\u00e1cticas que permiten optimizar el desempe\u00f1o laboral, reducir el desgaste y promover entornos de trabajo m\u00e1s...<\/p>\n<\/div>\n\t\t<\/div>\r\n\t<\/div>\r\n\t\r\n\t<footer class=\"cmsms_post_footer entry-meta\"><a class=\"button cmsms_post_read_more\" href=\"https:\/\/www.promendoza.com\/es\/capacitacion-virtual-sobre-productividad-y-bienestar-organizacional\/\">Leer m\u00e1s<span><\/span><\/a><\/footer><\/article>\r\n<!--_________________________ Finish Image Article _________________________ -->\r\n\r\n\r\n<!--_________________________ Start Image Article _________________________ -->\r\n\r\n<article id=\"post-16532\" class=\"cmsms_default_type post-16532 post type-post status-publish format-image has-post-thumbnail hentry category-inversiones post_format-post-format-image\">\r\n\t<figure><a href=\"https:\/\/www.promendoza.com\/wp-content\/uploads\/2026\/04\/1000354301-980x649-1.jpg\" title=\"ProMendoza y Las Heras fortalecen el perfil exportador del Parque Industrial con una alianza estrat\u00e9gica para la inversi\u00f3n\" class=\"cmsms_img_link\" rel=\"ilightbox[img_16532_69f5fc0d5cd0f]\"><img width=\"820\" height=\"390\" src=\"https:\/\/www.promendoza.com\/wp-content\/uploads\/2026\/04\/1000354301-980x649-1-820x390.jpg\" class=\" wp-post-image\" alt=\"ProMendoza y Las Heras fortalecen el perfil exportador del Parque Industrial con una alianza estrat\u00e9gica para la inversi\u00f3n\" loading=\"lazy\" title=\"ProMendoza y Las Heras fortalecen el perfil exportador del Parque Industrial con una alianza estrat\u00e9gica para la inversi\u00f3n\" \/><\/a><\/figure>\t<div class=\"cmsms_post_cont_wrap\">\r\n\t<!--\r\n\t\t<span class=\"cmsms_post_format_img  cmsms_theme_icon_photo\"><\/span>\r\n\t-->\r\n\t\t\r\n\t\t<div class=\"cmsms_post_cont\">\r\n\t\t<header class=\"cmsms_post_header entry-header\"><h1 class=\"cmsms_post_title entry-title\"><a href=\"https:\/\/www.promendoza.com\/es\/promendoza-y-las-heras-fortalecen-el-perfil-exportador-del-parque-industrial-con-una-alianza-estrategica-para-la-inversion\/\">ProMendoza y Las Heras fortalecen el perfil exportador del Parque Industrial con una alianza estrat\u00e9gica para la inversi\u00f3n<\/a><\/h1><\/header><div class=\"cmsms_post_cont_info_wrap\"><div class=\"cmsms_post_date_wrap\"><abbr class=\"published cmsms_post_date\" title=\"18 abril, 2026\"><span class=\"cmsms_day_mon\">Abr 18,<\/span><span class=\"cmsms_year\">2026<\/span><\/abbr><abbr class=\"dn date updated\" title=\"21 abril, 2026\">21 abril, 2026<\/abbr><\/div><div class=\"cmsms_post_cont_info entry-meta\"><span class=\"cmsms_post_category\">En <a href=\"https:\/\/www.promendoza.com\/es\/category\/inversiones\/\" rel=\"category tag\">Inversiones<\/a><\/span><\/div><\/div><div class=\"cmsms_post_content entry-content\">\n<p>La presidenta de la Unidad ProMendoza, Patricia Gim\u00e9nez, junto con funcionarios municipales y del organismo, recorri\u00f3 empresas lasherinas para potenciar...<\/p>\n<\/div>\n\t\t<\/div>\r\n\t<\/div>\r\n\t\r\n\t<footer class=\"cmsms_post_footer entry-meta\"><a class=\"button cmsms_post_read_more\" href=\"https:\/\/www.promendoza.com\/es\/promendoza-y-las-heras-fortalecen-el-perfil-exportador-del-parque-industrial-con-una-alianza-estrategica-para-la-inversion\/\">Leer m\u00e1s<span><\/span><\/a><\/footer><\/article>\r\n<!--_________________________ Finish Image Article _________________________ -->\r\n\r\n\r\n<!--_________________________ Start Image Article _________________________ -->\r\n\r\n<article id=\"post-16523\" class=\"cmsms_default_type post-16523 post type-post status-publish format-image has-post-thumbnail hentry category-agil-nex post_format-post-format-image\">\r\n\t<figure><a href=\"https:\/\/www.promendoza.com\/wp-content\/uploads\/2026\/04\/2-12.jpg\" title=\"ProMendoza lanza la 2\u00aa cohorte 2026 de \u00c1gil NEX para acelerar la salida al mundo de las pymes mendocinas\" class=\"cmsms_img_link\" rel=\"ilightbox[img_16523_69f5fc0d5da2a]\"><img width=\"820\" height=\"390\" src=\"https:\/\/www.promendoza.com\/wp-content\/uploads\/2026\/04\/2-12-820x390.jpg\" class=\" wp-post-image\" alt=\"ProMendoza lanza la 2\u00aa cohorte 2026 de \u00c1gil NEX para acelerar la salida al mundo de las pymes mendocinas\" loading=\"lazy\" title=\"ProMendoza lanza la 2\u00aa cohorte 2026 de \u00c1gil NEX para acelerar la salida al mundo de las pymes mendocinas\" \/><\/a><\/figure>\t<div class=\"cmsms_post_cont_wrap\">\r\n\t<!--\r\n\t\t<span class=\"cmsms_post_format_img  cmsms_theme_icon_photo\"><\/span>\r\n\t-->\r\n\t\t\r\n\t\t<div class=\"cmsms_post_cont\">\r\n\t\t<header class=\"cmsms_post_header entry-header\"><h1 class=\"cmsms_post_title entry-title\"><a href=\"https:\/\/www.promendoza.com\/es\/promendoza-lanza-la-2a-cohorte-2026-de-agil-nex-para-acelerar-la-salida-al-mundo-de-las-pymes-mendocinas\/\">ProMendoza lanza la 2\u00aa cohorte 2026 de \u00c1gil NEX para acelerar la salida al mundo de las pymes mendocinas<\/a><\/h1><\/header><div class=\"cmsms_post_cont_info_wrap\"><div class=\"cmsms_post_date_wrap\"><abbr class=\"published cmsms_post_date\" title=\"16 abril, 2026\"><span class=\"cmsms_day_mon\">Abr 16,<\/span><span class=\"cmsms_year\">2026<\/span><\/abbr><abbr class=\"dn date updated\" title=\"16 abril, 2026\">16 abril, 2026<\/abbr><\/div><div class=\"cmsms_post_cont_info entry-meta\"><span class=\"cmsms_post_category\">En <a href=\"https:\/\/www.promendoza.com\/es\/category\/agil-nex\/\" rel=\"category tag\">\u00c1gil NEX<\/a><\/span><\/div><\/div><div class=\"cmsms_post_content entry-content\">\n<p>Desde su lanzamiento, el programa ha mostrado resultados concretos: 39 empresas participaron en las cohortes anteriores y el 47 %...<\/p>\n<\/div>\n\t\t<\/div>\r\n\t<\/div>\r\n\t\r\n\t<footer class=\"cmsms_post_footer entry-meta\"><a class=\"button cmsms_post_read_more\" href=\"https:\/\/www.promendoza.com\/es\/promendoza-lanza-la-2a-cohorte-2026-de-agil-nex-para-acelerar-la-salida-al-mundo-de-las-pymes-mendocinas\/\">Leer m\u00e1s<span><\/span><\/a><\/footer><\/article>\r\n<!--_________________________ Finish Image Article _________________________ -->\r\n\r\n\r\n<!--_________________________ Start Image Article _________________________ -->\r\n\r\n<article id=\"post-16509\" class=\"cmsms_default_type post-16509 post type-post status-publish format-image has-post-thumbnail hentry category-alimentos post_format-post-format-image\">\r\n\t<figure><a href=\"https:\/\/www.promendoza.com\/wp-content\/uploads\/2026\/04\/be8fb880-70d5-41de-97b6-61d8fac77cc5.jpg\" title=\"Empresas de alimentos de Mendoza podr\u00e1n participar en Expo ANTAD 2026 en M\u00e9xico\" class=\"cmsms_img_link\" rel=\"ilightbox[img_16509_69f5fc0d5e6bf]\"><img width=\"820\" height=\"390\" src=\"https:\/\/www.promendoza.com\/wp-content\/uploads\/2026\/04\/be8fb880-70d5-41de-97b6-61d8fac77cc5-820x390.jpg\" class=\" wp-post-image\" alt=\"Empresas de alimentos de Mendoza podr\u00e1n participar en Expo ANTAD 2026 en M\u00e9xico\" loading=\"lazy\" title=\"Empresas de alimentos de Mendoza podr\u00e1n participar en Expo ANTAD 2026 en M\u00e9xico\" \/><\/a><\/figure>\t<div class=\"cmsms_post_cont_wrap\">\r\n\t<!--\r\n\t\t<span class=\"cmsms_post_format_img  cmsms_theme_icon_photo\"><\/span>\r\n\t-->\r\n\t\t\r\n\t\t<div class=\"cmsms_post_cont\">\r\n\t\t<header class=\"cmsms_post_header entry-header\"><h1 class=\"cmsms_post_title entry-title\"><a href=\"https:\/\/www.promendoza.com\/es\/empresas-de-alimentos-de-mendoza-podran-participar-en-expo-antad-2026-en-mexico\/\">Empresas de alimentos de Mendoza podr\u00e1n participar en Expo ANTAD 2026 en M\u00e9xico<\/a><\/h1><\/header><div class=\"cmsms_post_cont_info_wrap\"><div class=\"cmsms_post_date_wrap\"><abbr class=\"published cmsms_post_date\" title=\"13 abril, 2026\"><span class=\"cmsms_day_mon\">Abr 13,<\/span><span class=\"cmsms_year\">2026<\/span><\/abbr><abbr class=\"dn date updated\" title=\"15 abril, 2026\">15 abril, 2026<\/abbr><\/div><div class=\"cmsms_post_cont_info entry-meta\"><span class=\"cmsms_post_category\">En <a href=\"https:\/\/www.promendoza.com\/es\/category\/alimentos\/\" rel=\"category tag\">Alimentos<\/a><\/span><\/div><\/div><div class=\"cmsms_post_content entry-content\">\n<p>La participaci\u00f3n en esta feria de negocios permitir\u00e1 a las empresas mendocinas tomar contacto directo con potenciales compradores e importadores....<\/p>\n<\/div>\n\t\t<\/div>\r\n\t<\/div>\r\n\t\r\n\t<footer class=\"cmsms_post_footer entry-meta\"><a class=\"button cmsms_post_read_more\" href=\"https:\/\/www.promendoza.com\/es\/empresas-de-alimentos-de-mendoza-podran-participar-en-expo-antad-2026-en-mexico\/\">Leer m\u00e1s<span><\/span><\/a><\/footer><\/article>\r\n<!--_________________________ Finish Image Article _________________________ -->\r\n\r\n\r\n<!--_________________________ Start Image Article _________________________ -->\r\n\r\n<article id=\"post-16495\" class=\"cmsms_default_type post-16495 post type-post status-publish format-image has-post-thumbnail hentry category-internacionales post_format-post-format-image\">\r\n\t<figure><a href=\"https:\/\/www.promendoza.com\/wp-content\/uploads\/2026\/04\/14.jpg\" title=\"Elecciones en Per\u00fa: su v\u00ednculo comercial con Mendoza\" class=\"cmsms_img_link\" rel=\"ilightbox[img_16495_69f5fc0d5f38f]\"><img width=\"820\" height=\"390\" src=\"https:\/\/www.promendoza.com\/wp-content\/uploads\/2026\/04\/14-820x390.jpg\" class=\" wp-post-image\" alt=\"Elecciones en Per\u00fa: su v\u00ednculo comercial con Mendoza\" loading=\"lazy\" title=\"Elecciones en Per\u00fa: su v\u00ednculo comercial con Mendoza\" \/><\/a><\/figure>\t<div class=\"cmsms_post_cont_wrap\">\r\n\t<!--\r\n\t\t<span class=\"cmsms_post_format_img  cmsms_theme_icon_photo\"><\/span>\r\n\t-->\r\n\t\t\r\n\t\t<div class=\"cmsms_post_cont\">\r\n\t\t<header class=\"cmsms_post_header entry-header\"><h1 class=\"cmsms_post_title entry-title\"><a href=\"https:\/\/www.promendoza.com\/es\/elecciones-en-peru-su-vinculo-comercial-con-mendoza\/\">Elecciones en Per\u00fa: su v\u00ednculo comercial con Mendoza<\/a><\/h1><\/header><div class=\"cmsms_post_cont_info_wrap\"><div class=\"cmsms_post_date_wrap\"><abbr class=\"published cmsms_post_date\" title=\"9 abril, 2026\"><span class=\"cmsms_day_mon\">Abr 09,<\/span><span class=\"cmsms_year\">2026<\/span><\/abbr><abbr class=\"dn date updated\" title=\"10 abril, 2026\">10 abril, 2026<\/abbr><\/div><div class=\"cmsms_post_cont_info entry-meta\"><span class=\"cmsms_post_category\">En <a href=\"https:\/\/www.promendoza.com\/es\/category\/internacionales\/\" rel=\"category tag\">Internacionales<\/a><\/span><\/div><\/div><div class=\"cmsms_post_content entry-content\">\n<p>Eligen al pr\u00f3ximo presidente, que asumir\u00e1 el 28 de julio. Este domingo habr\u00e1 elecciones presidenciales en Per\u00fa para elegir al...<\/p>\n<\/div>\n\t\t<\/div>\r\n\t<\/div>\r\n\t\r\n\t<footer class=\"cmsms_post_footer entry-meta\"><a class=\"button cmsms_post_read_more\" href=\"https:\/\/www.promendoza.com\/es\/elecciones-en-peru-su-vinculo-comercial-con-mendoza\/\">Leer m\u00e1s<span><\/span><\/a><\/footer><\/article>\r\n<!--_________________________ Finish Image Article _________________________ -->\r\n\r\n\r\n<!--_________________________ Start Image Article _________________________ -->\r\n\r\n<article id=\"post-16490\" class=\"cmsms_default_type post-16490 post type-post status-publish format-image has-post-thumbnail hentry category-alimentos post_format-post-format-image\">\r\n\t<figure><a href=\"https:\/\/www.promendoza.com\/wp-content\/uploads\/2026\/04\/fe503933-1c64-4a99-8025-95f22cd60109.jpg\" title=\"Agro: ofrecen capacitaci\u00f3n sobre una normativa clave para acceder a mercados internacionales\" class=\"cmsms_img_link\" rel=\"ilightbox[img_16490_69f5fc0d5ffc4]\"><img width=\"700\" height=\"390\" src=\"https:\/\/www.promendoza.com\/wp-content\/uploads\/2026\/04\/fe503933-1c64-4a99-8025-95f22cd60109-700x390.jpg\" class=\" wp-post-image\" alt=\"Agro: ofrecen capacitaci\u00f3n sobre una normativa clave para acceder a mercados internacionales\" loading=\"lazy\" title=\"Agro: ofrecen capacitaci\u00f3n sobre una normativa clave para acceder a mercados internacionales\" \/><\/a><\/figure>\t<div class=\"cmsms_post_cont_wrap\">\r\n\t<!--\r\n\t\t<span class=\"cmsms_post_format_img  cmsms_theme_icon_photo\"><\/span>\r\n\t-->\r\n\t\t\r\n\t\t<div class=\"cmsms_post_cont\">\r\n\t\t<header class=\"cmsms_post_header entry-header\"><h1 class=\"cmsms_post_title entry-title\"><a href=\"https:\/\/www.promendoza.com\/es\/agro-ofrecen-capacitacion-sobre-una-normativa-clave-para-acceder-a-mercados-internacionales\/\">Agro: ofrecen capacitaci\u00f3n sobre una normativa clave para acceder a mercados internacionales<\/a><\/h1><\/header><div class=\"cmsms_post_cont_info_wrap\"><div class=\"cmsms_post_date_wrap\"><abbr class=\"published cmsms_post_date\" title=\"7 abril, 2026\"><span class=\"cmsms_day_mon\">Abr 07,<\/span><span class=\"cmsms_year\">2026<\/span><\/abbr><abbr class=\"dn date updated\" title=\"7 abril, 2026\">7 abril, 2026<\/abbr><\/div><div class=\"cmsms_post_cont_info entry-meta\"><span class=\"cmsms_post_category\">En <a href=\"https:\/\/www.promendoza.com\/es\/category\/alimentos\/\" rel=\"category tag\">Alimentos<\/a><\/span><\/div><\/div><div class=\"cmsms_post_content entry-content\">\n<p>La iniciativa de ProMendoza y GLOBALG.A.P. apunta a productores y empresas que buscan cumplir est\u00e1ndares de calidad y exportaci\u00f3n. Con...<\/p>\n<\/div>\n\t\t<\/div>\r\n\t<\/div>\r\n\t\r\n\t<footer class=\"cmsms_post_footer entry-meta\"><a class=\"button cmsms_post_read_more\" href=\"https:\/\/www.promendoza.com\/es\/agro-ofrecen-capacitacion-sobre-una-normativa-clave-para-acceder-a-mercados-internacionales\/\">Leer m\u00e1s<span><\/span><\/a><\/footer><\/article>\r\n<!--_________________________ Finish Image Article _________________________ -->\r\n\r\n\r\n<!--_________________________ Start Image Article _________________________ -->\r\n\r\n<article id=\"post-16485\" class=\"cmsms_default_type post-16485 post type-post status-publish format-image has-post-thumbnail hentry category-proinversion post_format-post-format-image\">\r\n\t<figure><a href=\"https:\/\/www.promendoza.com\/wp-content\/uploads\/2026\/04\/WhatsApp-Image-2026-04-03-at-10.00.41-2-e1775221452853.jpeg\" title=\"Una empresa frigor\u00edfica avanza hacia la inversi\u00f3n nacional e internacional con apoyo de ProMendoza\" class=\"cmsms_img_link\" rel=\"ilightbox[img_16485_69f5fc0d60cc4]\"><img width=\"820\" height=\"390\" src=\"https:\/\/www.promendoza.com\/wp-content\/uploads\/2026\/04\/WhatsApp-Image-2026-04-03-at-10.00.41-2-e1775221452853-820x390.jpeg\" class=\" wp-post-image\" alt=\"Una empresa frigor\u00edfica avanza hacia la inversi\u00f3n nacional e internacional con apoyo de ProMendoza\" loading=\"lazy\" title=\"Una empresa frigor\u00edfica avanza hacia la inversi\u00f3n nacional e internacional con apoyo de ProMendoza\" \/><\/a><\/figure>\t<div class=\"cmsms_post_cont_wrap\">\r\n\t<!--\r\n\t\t<span class=\"cmsms_post_format_img  cmsms_theme_icon_photo\"><\/span>\r\n\t-->\r\n\t\t\r\n\t\t<div class=\"cmsms_post_cont\">\r\n\t\t<header class=\"cmsms_post_header entry-header\"><h1 class=\"cmsms_post_title entry-title\"><a href=\"https:\/\/www.promendoza.com\/es\/una-empresa-frigorifica-avanza-hacia-la-inversion-nacional-e-internacional-con-apoyo-de-promendoza\/\">Una empresa frigor\u00edfica avanza hacia la inversi\u00f3n nacional e internacional con apoyo de ProMendoza<\/a><\/h1><\/header><div class=\"cmsms_post_cont_info_wrap\"><div class=\"cmsms_post_date_wrap\"><abbr class=\"published cmsms_post_date\" title=\"3 abril, 2026\"><span class=\"cmsms_day_mon\">Abr 03,<\/span><span class=\"cmsms_year\">2026<\/span><\/abbr><abbr class=\"dn date updated\" title=\"3 abril, 2026\">3 abril, 2026<\/abbr><\/div><div class=\"cmsms_post_cont_info entry-meta\"><span class=\"cmsms_post_category\">En <a href=\"https:\/\/www.promendoza.com\/es\/category\/proinversion\/\" rel=\"category tag\">ProInversi\u00f3n<\/a><\/span><\/div><\/div><div class=\"cmsms_post_content entry-content\">\n<p>Se trata de una empresa familiar mendocina con m\u00e1s de cinco d\u00e9cadas de trayectoria en la producci\u00f3n y comercializaci\u00f3n de...<\/p>\n<\/div>\n\t\t<\/div>\r\n\t<\/div>\r\n\t\r\n\t<footer class=\"cmsms_post_footer entry-meta\"><a class=\"button cmsms_post_read_more\" href=\"https:\/\/www.promendoza.com\/es\/una-empresa-frigorifica-avanza-hacia-la-inversion-nacional-e-internacional-con-apoyo-de-promendoza\/\">Leer m\u00e1s<span><\/span><\/a><\/footer><\/article>\r\n<!--_________________________ Finish Image Article _________________________ -->\r\n\r\n\r\n<!--_________________________ Start Image Article _________________________ -->\r\n\r\n<article id=\"post-16475\" class=\"cmsms_default_type post-16475 post type-post status-publish format-image has-post-thumbnail hentry category-vinos-y-bebidas post_format-post-format-image\">\r\n\t<figure><a href=\"https:\/\/www.promendoza.com\/wp-content\/uploads\/2026\/03\/20260202_095649-1.jpg\" title=\"Una bodega mendocina concret\u00f3 la venta de un contenedor tras su participaci\u00f3n en Vinexpo Explorer Mendoza\" class=\"cmsms_img_link\" rel=\"ilightbox[img_16475_69f5fc0d61917]\"><img width=\"689\" height=\"390\" src=\"https:\/\/www.promendoza.com\/wp-content\/uploads\/2026\/03\/20260202_095649-1-689x390.jpg\" class=\" wp-post-image\" alt=\"Una bodega mendocina concret\u00f3 la venta de un contenedor tras su participaci\u00f3n en Vinexpo Explorer Mendoza\" loading=\"lazy\" title=\"Una bodega mendocina concret\u00f3 la venta de un contenedor tras su participaci\u00f3n en Vinexpo Explorer Mendoza\" \/><\/a><\/figure>\t<div class=\"cmsms_post_cont_wrap\">\r\n\t<!--\r\n\t\t<span class=\"cmsms_post_format_img  cmsms_theme_icon_photo\"><\/span>\r\n\t-->\r\n\t\t\r\n\t\t<div class=\"cmsms_post_cont\">\r\n\t\t<header class=\"cmsms_post_header entry-header\"><h1 class=\"cmsms_post_title entry-title\"><a href=\"https:\/\/www.promendoza.com\/es\/una-bodega-mendocina-concreto-la-venta-de-un-contenedor-tras-su-participacion-en-vinexpo-explorer-mendoza\/\">Una bodega mendocina concret\u00f3 la venta de un contenedor tras su participaci\u00f3n en Vinexpo Explorer Mendoza<\/a><\/h1><\/header><div class=\"cmsms_post_cont_info_wrap\"><div class=\"cmsms_post_date_wrap\"><abbr class=\"published cmsms_post_date\" title=\"30 marzo, 2026\"><span class=\"cmsms_day_mon\">Mar 30,<\/span><span class=\"cmsms_year\">2026<\/span><\/abbr><abbr class=\"dn date updated\" title=\"30 marzo, 2026\">30 marzo, 2026<\/abbr><\/div><div class=\"cmsms_post_cont_info entry-meta\"><span class=\"cmsms_post_category\">En <a href=\"https:\/\/www.promendoza.com\/es\/category\/vinos-y-bebidas\/\" rel=\"category tag\">Vinos y bebidas<\/a><\/span><\/div><\/div><div class=\"cmsms_post_content entry-content\">\n<p>Con mercados consolidados y nuevos destinos en expansi\u00f3n, Familia Blanco sigue apostando por la excelencia, la innovaci\u00f3n y la mirada...<\/p>\n<\/div>\n\t\t<\/div>\r\n\t<\/div>\r\n\t\r\n\t<footer class=\"cmsms_post_footer entry-meta\"><a class=\"button cmsms_post_read_more\" href=\"https:\/\/www.promendoza.com\/es\/una-bodega-mendocina-concreto-la-venta-de-un-contenedor-tras-su-participacion-en-vinexpo-explorer-mendoza\/\">Leer m\u00e1s<span><\/span><\/a><\/footer><\/article>\r\n<!--_________________________ Finish Image Article _________________________ -->\r\n\r\n\r\n<!--_________________________ Start Image Article _________________________ -->\r\n\r\n<article id=\"post-16471\" class=\"cmsms_default_type post-16471 post type-post status-publish format-image has-post-thumbnail hentry category-mision-comercial post_format-post-format-image\">\r\n\t<figure><a href=\"https:\/\/www.promendoza.com\/wp-content\/uploads\/2026\/03\/WhatsApp-Image-2025-05-08-at-01.25.30-1-e1774462889900.jpeg\" title=\"Contin\u00faa la inscripci\u00f3n para Vinexpo Americas\" class=\"cmsms_img_link\" rel=\"ilightbox[img_16471_69f5fc0d625e8]\"><img width=\"820\" height=\"390\" src=\"https:\/\/www.promendoza.com\/wp-content\/uploads\/2026\/03\/WhatsApp-Image-2025-05-08-at-01.25.30-1-e1774462889900-820x390.jpeg\" class=\" wp-post-image\" alt=\"Contin\u00faa la inscripci\u00f3n para Vinexpo Americas\" loading=\"lazy\" title=\"Contin\u00faa la inscripci\u00f3n para Vinexpo Americas\" \/><\/a><\/figure>\t<div class=\"cmsms_post_cont_wrap\">\r\n\t<!--\r\n\t\t<span class=\"cmsms_post_format_img  cmsms_theme_icon_photo\"><\/span>\r\n\t-->\r\n\t\t\r\n\t\t<div class=\"cmsms_post_cont\">\r\n\t\t<header class=\"cmsms_post_header entry-header\"><h1 class=\"cmsms_post_title entry-title\"><a href=\"https:\/\/www.promendoza.com\/es\/continua-la-inscripcion-para-vinexpo-americas\/\">Contin\u00faa la inscripci\u00f3n para Vinexpo Americas<\/a><\/h1><\/header><div class=\"cmsms_post_cont_info_wrap\"><div class=\"cmsms_post_date_wrap\"><abbr class=\"published cmsms_post_date\" title=\"25 marzo, 2026\"><span class=\"cmsms_day_mon\">Mar 25,<\/span><span class=\"cmsms_year\">2026<\/span><\/abbr><abbr class=\"dn date updated\" title=\"26 marzo, 2026\">26 marzo, 2026<\/abbr><\/div><div class=\"cmsms_post_cont_info entry-meta\"><span class=\"cmsms_post_category\">En <a href=\"https:\/\/www.promendoza.com\/es\/category\/mision-comercial\/\" rel=\"category tag\">Misi\u00f3n Comercial<\/a><\/span><\/div><\/div><div class=\"cmsms_post_content entry-content\">\n<p>Las bodegas interesadas deber\u00e1n completar su preinscripci\u00f3n antes del mi\u00e9rcoles 1 de abril o escribir a Javier Rojas a&nbsp;jrojas@promendoza.com. ProMendoza...<\/p>\n<\/div>\n\t\t<\/div>\r\n\t<\/div>\r\n\t\r\n\t<footer class=\"cmsms_post_footer entry-meta\"><a class=\"button cmsms_post_read_more\" href=\"https:\/\/www.promendoza.com\/es\/continua-la-inscripcion-para-vinexpo-americas\/\">Leer m\u00e1s<span><\/span><\/a><\/footer><\/article>\r\n<!--_________________________ Finish Image Article _________________________ -->\r\n\r\n\r\n<!--_________________________ Start Image Article _________________________ -->\r\n\r\n<article id=\"post-16465\" class=\"cmsms_default_type post-16465 post type-post status-publish format-image has-post-thumbnail hentry category-negocios post_format-post-format-image\">\r\n\t<figure><a href=\"https:\/\/www.promendoza.com\/wp-content\/uploads\/2026\/03\/1000336638-e1774275289514.jpg\" title=\"Empresa mendocina exporta tecnolog\u00eda de entrenamiento inmersivo a Walmart\" class=\"cmsms_img_link\" rel=\"ilightbox[img_16465_69f5fc0d6328f]\"><img width=\"820\" height=\"390\" src=\"https:\/\/www.promendoza.com\/wp-content\/uploads\/2026\/03\/1000336638-e1774275289514-820x390.jpg\" class=\" wp-post-image\" alt=\"Empresa mendocina exporta tecnolog\u00eda de entrenamiento inmersivo a Walmart\" loading=\"lazy\" title=\"Empresa mendocina exporta tecnolog\u00eda de entrenamiento inmersivo a Walmart\" \/><\/a><\/figure>\t<div class=\"cmsms_post_cont_wrap\">\r\n\t<!--\r\n\t\t<span class=\"cmsms_post_format_img  cmsms_theme_icon_photo\"><\/span>\r\n\t-->\r\n\t\t\r\n\t\t<div class=\"cmsms_post_cont\">\r\n\t\t<header class=\"cmsms_post_header entry-header\"><h1 class=\"cmsms_post_title entry-title\"><a href=\"https:\/\/www.promendoza.com\/es\/empresa-mendocina-exporta-tecnologia-de-entrenamiento-inmersivo-a-walmart\/\">Empresa mendocina exporta tecnolog\u00eda de entrenamiento inmersivo a Walmart<\/a><\/h1><\/header><div class=\"cmsms_post_cont_info_wrap\"><div class=\"cmsms_post_date_wrap\"><abbr class=\"published cmsms_post_date\" title=\"23 marzo, 2026\"><span class=\"cmsms_day_mon\">Mar 23,<\/span><span class=\"cmsms_year\">2026<\/span><\/abbr><abbr class=\"dn date updated\" title=\"25 marzo, 2026\">25 marzo, 2026<\/abbr><\/div><div class=\"cmsms_post_cont_info entry-meta\"><span class=\"cmsms_post_category\">En <a href=\"https:\/\/www.promendoza.com\/es\/category\/negocios\/\" rel=\"category tag\">Negocios<\/a><\/span><\/div><\/div><div class=\"cmsms_post_content entry-content\">\n<p>Una empresa tecnol\u00f3gica de Mendoza concret\u00f3 la exportaci\u00f3n de un proyecto de innovaci\u00f3n para Walmart&nbsp;M\u00e9xico&nbsp;y Centroam\u00e9rica, luego de participar en...<\/p>\n<\/div>\n\t\t<\/div>\r\n\t<\/div>\r\n\t\r\n\t<footer class=\"cmsms_post_footer entry-meta\"><a class=\"button cmsms_post_read_more\" href=\"https:\/\/www.promendoza.com\/es\/empresa-mendocina-exporta-tecnologia-de-entrenamiento-inmersivo-a-walmart\/\">Leer m\u00e1s<span><\/span><\/a><\/footer><\/article>\r\n<!--_________________________ Finish Image Article _________________________ -->\r\n\r\n\r\n<!--_________________________ Start Image Article _________________________ -->\r\n\r\n<article id=\"post-16460\" class=\"cmsms_default_type post-16460 post type-post status-publish format-image has-post-thumbnail hentry category-feria-internacional post_format-post-format-image\">\r\n\t<figure><a href=\"https:\/\/www.promendoza.com\/wp-content\/uploads\/2026\/03\/1-17-e1773935807656-1203x720-1.jpg\" title=\"Bodegas mendocinas consolidaron su presencia internacional en ProWein D\u00fcsseldorf 2026\" class=\"cmsms_img_link\" rel=\"ilightbox[img_16460_69f5fc0d63f07]\"><img width=\"820\" height=\"390\" src=\"https:\/\/www.promendoza.com\/wp-content\/uploads\/2026\/03\/1-17-e1773935807656-1203x720-1-820x390.jpg\" class=\" wp-post-image\" alt=\"Bodegas mendocinas consolidaron su presencia internacional en ProWein D\u00fcsseldorf 2026\" loading=\"lazy\" title=\"Bodegas mendocinas consolidaron su presencia internacional en ProWein D\u00fcsseldorf 2026\" \/><\/a><\/figure>\t<div class=\"cmsms_post_cont_wrap\">\r\n\t<!--\r\n\t\t<span class=\"cmsms_post_format_img  cmsms_theme_icon_photo\"><\/span>\r\n\t-->\r\n\t\t\r\n\t\t<div class=\"cmsms_post_cont\">\r\n\t\t<header class=\"cmsms_post_header entry-header\"><h1 class=\"cmsms_post_title entry-title\"><a href=\"https:\/\/www.promendoza.com\/es\/bodegas-mendocinas-consolidaron-su-presencia-internacional-en-prowein-dusseldorf-2026\/\">Bodegas mendocinas consolidaron su presencia internacional en ProWein D\u00fcsseldorf 2026<\/a><\/h1><\/header><div class=\"cmsms_post_cont_info_wrap\"><div class=\"cmsms_post_date_wrap\"><abbr class=\"published cmsms_post_date\" title=\"19 marzo, 2026\"><span class=\"cmsms_day_mon\">Mar 19,<\/span><span class=\"cmsms_year\">2026<\/span><\/abbr><abbr class=\"dn date updated\" title=\"19 marzo, 2026\">19 marzo, 2026<\/abbr><\/div><div class=\"cmsms_post_cont_info entry-meta\"><span class=\"cmsms_post_category\">En <a href=\"https:\/\/www.promendoza.com\/es\/category\/feria-internacional\/\" rel=\"category tag\">Feria Internacional<\/a><\/span><\/div><\/div><div class=\"cmsms_post_content entry-content\">\n<p>Durante tres jornadas, el evento reuni\u00f3 a expositores de m\u00e1s de 50 pa\u00edses y cerca de 4.000 participantes. ProMendoza las...<\/p>\n<\/div>\n\t\t<\/div>\r\n\t<\/div>\r\n\t\r\n\t<footer class=\"cmsms_post_footer entry-meta\"><a class=\"button cmsms_post_read_more\" href=\"https:\/\/www.promendoza.com\/es\/bodegas-mendocinas-consolidaron-su-presencia-internacional-en-prowein-dusseldorf-2026\/\">Leer m\u00e1s<span><\/span><\/a><\/footer><\/article>\r\n<!--_________________________ Finish Image Article _________________________ -->\r\n\r\n\r\n<!--_________________________ Start Image Article _________________________ -->\r\n\r\n<article id=\"post-16452\" class=\"cmsms_default_type post-16452 post type-post status-publish format-image has-post-thumbnail hentry category-alimentos post_format-post-format-image\">\r\n\t<figure><a href=\"https:\/\/www.promendoza.com\/wp-content\/uploads\/2026\/03\/ronda-de-negocios-frutos-secos.jpg\" title=\"Veinticinco empresas de frutos secos de Mendoza har\u00e1n negocios con importadores internacionales\" class=\"cmsms_img_link\" rel=\"ilightbox[img_16452_69f5fc0d64d27]\"><img width=\"820\" height=\"390\" src=\"https:\/\/www.promendoza.com\/wp-content\/uploads\/2026\/03\/ronda-de-negocios-frutos-secos-820x390.jpg\" class=\" wp-post-image\" alt=\"Veinticinco empresas de frutos secos de Mendoza har\u00e1n negocios con importadores internacionales\" loading=\"lazy\" title=\"Veinticinco empresas de frutos secos de Mendoza har\u00e1n negocios con importadores internacionales\" \/><\/a><\/figure>\t<div class=\"cmsms_post_cont_wrap\">\r\n\t<!--\r\n\t\t<span class=\"cmsms_post_format_img  cmsms_theme_icon_photo\"><\/span>\r\n\t-->\r\n\t\t\r\n\t\t<div class=\"cmsms_post_cont\">\r\n\t\t<header class=\"cmsms_post_header entry-header\"><h1 class=\"cmsms_post_title entry-title\"><a href=\"https:\/\/www.promendoza.com\/es\/veinticinco-empresas-de-frutos-secos-de-mendoza-haran-negocios-con-importadores-internacionales\/\">Veinticinco empresas de frutos secos de Mendoza har\u00e1n negocios con importadores internacionales<\/a><\/h1><\/header><div class=\"cmsms_post_cont_info_wrap\"><div class=\"cmsms_post_date_wrap\"><abbr class=\"published cmsms_post_date\" title=\"17 marzo, 2026\"><span class=\"cmsms_day_mon\">Mar 17,<\/span><span class=\"cmsms_year\">2026<\/span><\/abbr><abbr class=\"dn date updated\" title=\"17 marzo, 2026\">17 marzo, 2026<\/abbr><\/div><div class=\"cmsms_post_cont_info entry-meta\"><span class=\"cmsms_post_category\">En <a href=\"https:\/\/www.promendoza.com\/es\/category\/alimentos\/\" rel=\"category tag\">Alimentos<\/a><\/span><\/div><\/div><div class=\"cmsms_post_content entry-content\">\n<p>Ser\u00e1 en el marco del&nbsp;&nbsp;World Peanut Meeting, que se realizar\u00e1 en el Hotel Hilton, organizado por la C\u00e1mara Argentina del...<\/p>\n<\/div>\n\t\t<\/div>\r\n\t<\/div>\r\n\t\r\n\t<footer class=\"cmsms_post_footer entry-meta\"><a class=\"button cmsms_post_read_more\" href=\"https:\/\/www.promendoza.com\/es\/veinticinco-empresas-de-frutos-secos-de-mendoza-haran-negocios-con-importadores-internacionales\/\">Leer m\u00e1s<span><\/span><\/a><\/footer><\/article>\r\n<!--_________________________ Finish Image Article _________________________ -->\r\n\r\n\r\n<!--_________________________ Start Image Article _________________________ -->\r\n\r\n<article id=\"post-16447\" class=\"cmsms_default_type post-16447 post type-post status-publish format-image has-post-thumbnail hentry category-feria-internacional post_format-post-format-image\">\r\n\t<figure><a href=\"https:\/\/www.promendoza.com\/wp-content\/uploads\/2026\/03\/22081b90-1450-49ba-b8a5-cc6e37477011-1-e1773663877487.jpg\" title=\"Empresas mendocinas participaron en Expocomer Panam\u00e1 y buscaron ampliar mercados en Centroam\u00e9rica\" class=\"cmsms_img_link\" rel=\"ilightbox[img_16447_69f5fc0d659d4]\"><img width=\"811\" height=\"390\" src=\"https:\/\/www.promendoza.com\/wp-content\/uploads\/2026\/03\/22081b90-1450-49ba-b8a5-cc6e37477011-1-e1773663877487-811x390.jpg\" class=\" wp-post-image\" alt=\"Empresas mendocinas participaron en Expocomer Panam\u00e1 y buscaron ampliar mercados en Centroam\u00e9rica\" loading=\"lazy\" title=\"Empresas mendocinas participaron en Expocomer Panam\u00e1 y buscaron ampliar mercados en Centroam\u00e9rica\" \/><\/a><\/figure>\t<div class=\"cmsms_post_cont_wrap\">\r\n\t<!--\r\n\t\t<span class=\"cmsms_post_format_img  cmsms_theme_icon_photo\"><\/span>\r\n\t-->\r\n\t\t\r\n\t\t<div class=\"cmsms_post_cont\">\r\n\t\t<header class=\"cmsms_post_header entry-header\"><h1 class=\"cmsms_post_title entry-title\"><a href=\"https:\/\/www.promendoza.com\/es\/empresas-mendocinas-participaron-en-expocomer-panama-y-buscaron-ampliar-mercados-en-centroamerica\/\">Empresas mendocinas participaron en Expocomer Panam\u00e1 y buscaron ampliar mercados en Centroam\u00e9rica<\/a><\/h1><\/header><div class=\"cmsms_post_cont_info_wrap\"><div class=\"cmsms_post_date_wrap\"><abbr class=\"published cmsms_post_date\" title=\"14 marzo, 2026\"><span class=\"cmsms_day_mon\">Mar 14,<\/span><span class=\"cmsms_year\">2026<\/span><\/abbr><abbr class=\"dn date updated\" title=\"16 marzo, 2026\">16 marzo, 2026<\/abbr><\/div><div class=\"cmsms_post_cont_info entry-meta\"><span class=\"cmsms_post_category\">En <a href=\"https:\/\/www.promendoza.com\/es\/category\/feria-internacional\/\" rel=\"category tag\">Feria Internacional<\/a><\/span><\/div><\/div><div class=\"cmsms_post_content entry-content\">\n<p>Quince firmas de la provincia integraron el Pabell\u00f3n Argentino en una de las ferias comerciales m\u00e1s importantes de la regi\u00f3n....<\/p>\n<\/div>\n\t\t<\/div>\r\n\t<\/div>\r\n\t\r\n\t<footer class=\"cmsms_post_footer entry-meta\"><a class=\"button cmsms_post_read_more\" href=\"https:\/\/www.promendoza.com\/es\/empresas-mendocinas-participaron-en-expocomer-panama-y-buscaron-ampliar-mercados-en-centroamerica\/\">Leer m\u00e1s<span><\/span><\/a><\/footer><\/article>\r\n<!--_________________________ Finish Image Article _________________________ -->\r\n\r\n\r\n<!--_________________________ Start Image Article _________________________ -->\r\n\r\n<article id=\"post-16442\" class=\"cmsms_default_type post-16442 post type-post status-publish format-image has-post-thumbnail hentry category-vinos-y-bebidas post_format-post-format-image\">\r\n\t<figure><a href=\"https:\/\/www.promendoza.com\/wp-content\/uploads\/2026\/03\/1-16-e1773162013250.jpg\" title=\"Wine South Am\u00e9rica 2026: ProMendoza lanza la convocatoria para bodegas pymes\" class=\"cmsms_img_link\" rel=\"ilightbox[img_16442_69f5fc0d666a1]\"><img width=\"820\" height=\"390\" src=\"https:\/\/www.promendoza.com\/wp-content\/uploads\/2026\/03\/1-16-e1773162013250-820x390.jpg\" class=\" wp-post-image\" alt=\"Wine South Am\u00e9rica 2026: ProMendoza lanza la convocatoria para bodegas pymes\" loading=\"lazy\" title=\"Wine South Am\u00e9rica 2026: ProMendoza lanza la convocatoria para bodegas pymes\" \/><\/a><\/figure>\t<div class=\"cmsms_post_cont_wrap\">\r\n\t<!--\r\n\t\t<span class=\"cmsms_post_format_img  cmsms_theme_icon_photo\"><\/span>\r\n\t-->\r\n\t\t\r\n\t\t<div class=\"cmsms_post_cont\">\r\n\t\t<header class=\"cmsms_post_header entry-header\"><h1 class=\"cmsms_post_title entry-title\"><a href=\"https:\/\/www.promendoza.com\/es\/wine-south-america-2026-promendoza-lanza-la-convocatoria-para-bodegas-pymes\/\">Wine South Am\u00e9rica 2026: ProMendoza lanza la convocatoria para bodegas pymes<\/a><\/h1><\/header><div class=\"cmsms_post_cont_info_wrap\"><div class=\"cmsms_post_date_wrap\"><abbr class=\"published cmsms_post_date\" title=\"10 marzo, 2026\"><span class=\"cmsms_day_mon\">Mar 10,<\/span><span class=\"cmsms_year\">2026<\/span><\/abbr><abbr class=\"dn date updated\" title=\"17 marzo, 2026\">17 marzo, 2026<\/abbr><\/div><div class=\"cmsms_post_cont_info entry-meta\"><span class=\"cmsms_post_category\">En <a href=\"https:\/\/www.promendoza.com\/es\/category\/vinos-y-bebidas\/\" rel=\"category tag\">Vinos y bebidas<\/a><\/span><\/div><\/div><div class=\"cmsms_post_content entry-content\">\n<p>Es uno de los principales puntos de encuentro entre compradores y expositores del sector vitivin\u00edcola de la regi\u00f3n. ProMendoza invita...<\/p>\n<\/div>\n\t\t<\/div>\r\n\t<\/div>\r\n\t\r\n\t<footer class=\"cmsms_post_footer entry-meta\"><a class=\"button cmsms_post_read_more\" href=\"https:\/\/www.promendoza.com\/es\/wine-south-america-2026-promendoza-lanza-la-convocatoria-para-bodegas-pymes\/\">Leer m\u00e1s<span><\/span><\/a><\/footer><\/article>\r\n<!--_________________________ Finish Image Article _________________________ -->\r\n\r\n\r\n<!--_________________________ Start Image Article _________________________ -->\r\n\r\n<article id=\"post-16439\" class=\"cmsms_default_type post-16439 post type-post status-publish format-image has-post-thumbnail hentry category-mineria post_format-post-format-image\">\r\n\t<figure><a href=\"https:\/\/www.promendoza.com\/wp-content\/uploads\/2026\/03\/03b5af71-6b0f-4076-af3c-db71049adcc3-e1772806396379.jpg\" title=\"Balance positivo para las empresas mendocinas que participaron de PDAC 2026 Canad\u00e1\" class=\"cmsms_img_link\" rel=\"ilightbox[img_16439_69f5fc0d672f6]\"><img width=\"820\" height=\"390\" src=\"https:\/\/www.promendoza.com\/wp-content\/uploads\/2026\/03\/03b5af71-6b0f-4076-af3c-db71049adcc3-e1772806396379-820x390.jpg\" class=\" wp-post-image\" alt=\"Balance positivo para las empresas mendocinas que participaron de PDAC 2026 Canad\u00e1\" loading=\"lazy\" title=\"Balance positivo para las empresas mendocinas que participaron de PDAC 2026 Canad\u00e1\" \/><\/a><\/figure>\t<div class=\"cmsms_post_cont_wrap\">\r\n\t<!--\r\n\t\t<span class=\"cmsms_post_format_img  cmsms_theme_icon_photo\"><\/span>\r\n\t-->\r\n\t\t\r\n\t\t<div class=\"cmsms_post_cont\">\r\n\t\t<header class=\"cmsms_post_header entry-header\"><h1 class=\"cmsms_post_title entry-title\"><a href=\"https:\/\/www.promendoza.com\/es\/balance-positivo-para-las-empresas-mendocinas-que-participaron-de-pdac-2026-canada\/\">Balance positivo para las empresas mendocinas que participaron de PDAC 2026 Canad\u00e1<\/a><\/h1><\/header><div class=\"cmsms_post_cont_info_wrap\"><div class=\"cmsms_post_date_wrap\"><abbr class=\"published cmsms_post_date\" title=\"6 marzo, 2026\"><span class=\"cmsms_day_mon\">Mar 06,<\/span><span class=\"cmsms_year\">2026<\/span><\/abbr><abbr class=\"dn date updated\" title=\"6 marzo, 2026\">6 marzo, 2026<\/abbr><\/div><div class=\"cmsms_post_cont_info entry-meta\"><span class=\"cmsms_post_category\">En <a href=\"https:\/\/www.promendoza.com\/es\/category\/mineria\/\" rel=\"category tag\">Miner\u00eda<\/a><\/span><\/div><\/div><div class=\"cmsms_post_content entry-content\">\n<p>La presencia de Mendoza en este foro internacional result\u00f3 clave para promover inversiones, difundir sus capacidades productivas y analizar tendencias...<\/p>\n<\/div>\n\t\t<\/div>\r\n\t<\/div>\r\n\t\r\n\t<footer class=\"cmsms_post_footer entry-meta\"><a class=\"button cmsms_post_read_more\" href=\"https:\/\/www.promendoza.com\/es\/balance-positivo-para-las-empresas-mendocinas-que-participaron-de-pdac-2026-canada\/\">Leer m\u00e1s<span><\/span><\/a><\/footer><\/article>\r\n<!--_________________________ Finish Image Article _________________________ -->\r\n\r\n\r\n<!--_________________________ Start Image Article _________________________ -->\r\n\r\n<article id=\"post-16430\" class=\"cmsms_default_type post-16430 post type-post status-publish format-image has-post-thumbnail hentry category-feria-internacional post_format-post-format-image\">\r\n\t<figure><a href=\"https:\/\/www.promendoza.com\/wp-content\/uploads\/2026\/03\/1-2-900x1200-1-e1772719322844.jpg\" title=\"ProMendoza y el Emetur promocionan la calidad del aceite mendocino y presentan oportunidades de inversi\u00f3n ante el mercado internacional\" class=\"cmsms_img_link\" rel=\"ilightbox[img_16430_69f5fc0d68087]\"><img width=\"820\" height=\"390\" src=\"https:\/\/www.promendoza.com\/wp-content\/uploads\/2026\/03\/1-2-900x1200-1-e1772719322844-820x390.jpg\" class=\" wp-post-image\" alt=\"ProMendoza y el Emetur promocionan la calidad del aceite mendocino y presentan oportunidades de inversi\u00f3n ante el mercado internacional\" loading=\"lazy\" title=\"ProMendoza y el Emetur promocionan la calidad del aceite mendocino y presentan oportunidades de inversi\u00f3n ante el mercado internacional\" \/><\/a><\/figure>\t<div class=\"cmsms_post_cont_wrap\">\r\n\t<!--\r\n\t\t<span class=\"cmsms_post_format_img  cmsms_theme_icon_photo\"><\/span>\r\n\t-->\r\n\t\t\r\n\t\t<div class=\"cmsms_post_cont\">\r\n\t\t<header class=\"cmsms_post_header entry-header\"><h1 class=\"cmsms_post_title entry-title\"><a href=\"https:\/\/www.promendoza.com\/es\/promendoza-y-el-emetur-promocionan-la-calidad-del-aceite-mendocino-y-presentan-oportunidades-de-inversion-ante-el-mercado-internacional\/\">ProMendoza y el Emetur promocionan la calidad del aceite mendocino y presentan oportunidades de inversi\u00f3n ante el mercado internacional<\/a><\/h1><\/header><div class=\"cmsms_post_cont_info_wrap\"><div class=\"cmsms_post_date_wrap\"><abbr class=\"published cmsms_post_date\" title=\"5 marzo, 2026\"><span class=\"cmsms_day_mon\">Mar 05,<\/span><span class=\"cmsms_year\">2026<\/span><\/abbr><abbr class=\"dn date updated\" title=\"5 marzo, 2026\">5 marzo, 2026<\/abbr><\/div><div class=\"cmsms_post_cont_info entry-meta\"><span class=\"cmsms_post_category\">En <a href=\"https:\/\/www.promendoza.com\/es\/category\/feria-internacional\/\" rel=\"category tag\">Feria Internacional<\/a><\/span><\/div><\/div><div class=\"cmsms_post_content entry-content\">\n<p>Mendoza participa en la\u00a0World Olive Oil Exhibition 2026\u00a0(WOOE), el principal encuentro internacional dedicado exclusivamente al negocio del aceite de oliva,...<\/p>\n<\/div>\n\t\t<\/div>\r\n\t<\/div>\r\n\t\r\n\t<footer class=\"cmsms_post_footer entry-meta\"><a class=\"button cmsms_post_read_more\" href=\"https:\/\/www.promendoza.com\/es\/promendoza-y-el-emetur-promocionan-la-calidad-del-aceite-mendocino-y-presentan-oportunidades-de-inversion-ante-el-mercado-internacional\/\">Leer m\u00e1s<span><\/span><\/a><\/footer><\/article>\r\n<!--_________________________ Finish Image Article _________________________ -->\r\n\r\n\r\n<!--_________________________ Start Image Article _________________________ -->\r\n\r\n<article id=\"post-16368\" class=\"cmsms_default_type post-16368 post type-post status-publish format-image has-post-thumbnail hentry category-vinos-y-bebidas post_format-post-format-image\">\r\n\t<figure><a href=\"https:\/\/www.promendoza.com\/wp-content\/uploads\/2026\/03\/1000319951-1200x900-1-e1772625863424.jpg\" title=\"Presentaron en San Juan la primera edici\u00f3n de Vinexpo Explorer dedicada al vino a granel\" class=\"cmsms_img_link\" rel=\"ilightbox[img_16368_69f5fc0d68daf]\"><img width=\"820\" height=\"390\" src=\"https:\/\/www.promendoza.com\/wp-content\/uploads\/2026\/03\/1000319951-1200x900-1-e1772625863424-820x390.jpg\" class=\" wp-post-image\" alt=\"Presentaron en San Juan la primera edici\u00f3n de Vinexpo Explorer dedicada al vino a granel\" loading=\"lazy\" title=\"Presentaron en San Juan la primera edici\u00f3n de Vinexpo Explorer dedicada al vino a granel\" \/><\/a><\/figure>\t<div class=\"cmsms_post_cont_wrap\">\r\n\t<!--\r\n\t\t<span class=\"cmsms_post_format_img  cmsms_theme_icon_photo\"><\/span>\r\n\t-->\r\n\t\t\r\n\t\t<div class=\"cmsms_post_cont\">\r\n\t\t<header class=\"cmsms_post_header entry-header\"><h1 class=\"cmsms_post_title entry-title\"><a href=\"https:\/\/www.promendoza.com\/es\/presentaron-en-san-juan-la-primera-edicion-de-vinexpo-explorer-dedicada-al-vino-a-granel\/\">Presentaron en San Juan la primera edici\u00f3n de Vinexpo Explorer dedicada al vino a granel<\/a><\/h1><\/header><div class=\"cmsms_post_cont_info_wrap\"><div class=\"cmsms_post_date_wrap\"><abbr class=\"published cmsms_post_date\" title=\"4 marzo, 2026\"><span class=\"cmsms_day_mon\">Mar 04,<\/span><span class=\"cmsms_year\">2026<\/span><\/abbr><abbr class=\"dn date updated\" title=\"4 marzo, 2026\">4 marzo, 2026<\/abbr><\/div><div class=\"cmsms_post_cont_info entry-meta\"><span class=\"cmsms_post_category\">En <a href=\"https:\/\/www.promendoza.com\/es\/category\/vinos-y-bebidas\/\" rel=\"category tag\">Vinos y bebidas<\/a><\/span><\/div><\/div><div class=\"cmsms_post_content entry-content\">\n<p>La presidenta de la Unidad ProMendoza, Patricia Gimen\u00e9z, anunci\u00f3 en San Juan la realizaci\u00f3n de&nbsp;Vinexpo Explorer \u2013 The Bulk Wine...<\/p>\n<\/div>\n\t\t<\/div>\r\n\t<\/div>\r\n\t\r\n\t<footer class=\"cmsms_post_footer entry-meta\"><a class=\"button cmsms_post_read_more\" href=\"https:\/\/www.promendoza.com\/es\/presentaron-en-san-juan-la-primera-edicion-de-vinexpo-explorer-dedicada-al-vino-a-granel\/\">Leer m\u00e1s<span><\/span><\/a><\/footer><\/article>\r\n<!--_________________________ Finish Image Article _________________________ -->\r\n\r\n\r\n<!--_________________________ Start Image Article _________________________ -->\r\n\r\n<article id=\"post-16364\" class=\"cmsms_default_type post-16364 post type-post status-publish format-image has-post-thumbnail hentry category-promocion-comercial post_format-post-format-image\">\r\n\t<figure><a href=\"https:\/\/www.promendoza.com\/wp-content\/uploads\/2026\/03\/7349759b-9b0e-480f-a943-c7f02154dea8-1.jpg\" title=\"Mendoza refuerza su proyecci\u00f3n internacional con misiones comerciales en Canad\u00e1, Espa\u00f1a, Panam\u00e1 y Alemania\" class=\"cmsms_img_link\" rel=\"ilightbox[img_16364_69f5fc0d69c61]\"><img width=\"820\" height=\"390\" src=\"https:\/\/www.promendoza.com\/wp-content\/uploads\/2026\/03\/7349759b-9b0e-480f-a943-c7f02154dea8-1-820x390.jpg\" class=\" wp-post-image\" alt=\"Mendoza refuerza su proyecci\u00f3n internacional con misiones comerciales en Canad\u00e1, Espa\u00f1a, Panam\u00e1 y Alemania\" loading=\"lazy\" title=\"Mendoza refuerza su proyecci\u00f3n internacional con misiones comerciales en Canad\u00e1, Espa\u00f1a, Panam\u00e1 y Alemania\" \/><\/a><\/figure>\t<div class=\"cmsms_post_cont_wrap\">\r\n\t<!--\r\n\t\t<span class=\"cmsms_post_format_img  cmsms_theme_icon_photo\"><\/span>\r\n\t-->\r\n\t\t\r\n\t\t<div class=\"cmsms_post_cont\">\r\n\t\t<header class=\"cmsms_post_header entry-header\"><h1 class=\"cmsms_post_title entry-title\"><a href=\"https:\/\/www.promendoza.com\/es\/mendoza-refuerza-su-proyeccion-internacional-con-misiones-comerciales-en-canada-espana-panama-y-alemania\/\">Mendoza refuerza su proyecci\u00f3n internacional con misiones comerciales en Canad\u00e1, Espa\u00f1a, Panam\u00e1 y Alemania<\/a><\/h1><\/header><div class=\"cmsms_post_cont_info_wrap\"><div class=\"cmsms_post_date_wrap\"><abbr class=\"published cmsms_post_date\" title=\"2 marzo, 2026\"><span class=\"cmsms_day_mon\">Mar 02,<\/span><span class=\"cmsms_year\">2026<\/span><\/abbr><abbr class=\"dn date updated\" title=\"3 marzo, 2026\">3 marzo, 2026<\/abbr><\/div><div class=\"cmsms_post_cont_info entry-meta\"><span class=\"cmsms_post_category\">En <a href=\"https:\/\/www.promendoza.com\/es\/category\/promocion-comercial\/\" rel=\"category tag\">Promoci\u00f3n Comercial<\/a><\/span><\/div><\/div><div class=\"cmsms_post_content entry-content\">\n<p>El cronograma de viajes forma parte del plan de diversificaci\u00f3n exportadora que busca ampliar la presencia de empresas mendocinas en...<\/p>\n<\/div>\n\t\t<\/div>\r\n\t<\/div>\r\n\t\r\n\t<footer class=\"cmsms_post_footer entry-meta\"><a class=\"button cmsms_post_read_more\" href=\"https:\/\/www.promendoza.com\/es\/mendoza-refuerza-su-proyeccion-internacional-con-misiones-comerciales-en-canada-espana-panama-y-alemania\/\">Leer m\u00e1s<span><\/span><\/a><\/footer><\/article>\r\n<!--_________________________ Finish Image Article _________________________ -->\r\n\r\n\r\n<!--_________________________ Start Image Article _________________________ -->\r\n\r\n<article id=\"post-16358\" class=\"cmsms_default_type post-16358 post type-post status-publish format-image has-post-thumbnail hentry category-vinos-y-bebidas post_format-post-format-image\">\r\n\t<figure><a href=\"https:\/\/www.promendoza.com\/wp-content\/uploads\/2026\/02\/1000314512-e1771950430910.jpg\" title=\"Bodega concret\u00f3 su primera exportaci\u00f3n internacional tras su participaci\u00f3n en Vinexpo Explorer Mendoza\" class=\"cmsms_img_link\" rel=\"ilightbox[img_16358_69f5fc0d6a9f6]\"><img width=\"820\" height=\"390\" src=\"https:\/\/www.promendoza.com\/wp-content\/uploads\/2026\/02\/1000314512-e1771950430910-820x390.jpg\" class=\" wp-post-image\" alt=\"Bodega concret\u00f3 su primera exportaci\u00f3n internacional tras su participaci\u00f3n en Vinexpo Explorer Mendoza\" loading=\"lazy\" title=\"Bodega concret\u00f3 su primera exportaci\u00f3n internacional tras su participaci\u00f3n en Vinexpo Explorer Mendoza\" \/><\/a><\/figure>\t<div class=\"cmsms_post_cont_wrap\">\r\n\t<!--\r\n\t\t<span class=\"cmsms_post_format_img  cmsms_theme_icon_photo\"><\/span>\r\n\t-->\r\n\t\t\r\n\t\t<div class=\"cmsms_post_cont\">\r\n\t\t<header class=\"cmsms_post_header entry-header\"><h1 class=\"cmsms_post_title entry-title\"><a href=\"https:\/\/www.promendoza.com\/es\/bodega-concreto-su-primera-exportacion-internacional-tras-su-participacion-en-vinexpo-explorer-mendoza\/\">Bodega concret\u00f3 su primera exportaci\u00f3n internacional tras su participaci\u00f3n en Vinexpo Explorer Mendoza<\/a><\/h1><\/header><div class=\"cmsms_post_cont_info_wrap\"><div class=\"cmsms_post_date_wrap\"><abbr class=\"published cmsms_post_date\" title=\"24 febrero, 2026\"><span class=\"cmsms_day_mon\">Feb 24,<\/span><span class=\"cmsms_year\">2026<\/span><\/abbr><abbr class=\"dn date updated\" title=\"24 febrero, 2026\">24 febrero, 2026<\/abbr><\/div><div class=\"cmsms_post_cont_info entry-meta\"><span class=\"cmsms_post_category\">En <a href=\"https:\/\/www.promendoza.com\/es\/category\/vinos-y-bebidas\/\" rel=\"category tag\">Vinos y bebidas<\/a><\/span><\/div><\/div><div class=\"cmsms_post_content entry-content\">\n<p>Despu\u00e9s de haber participado de&nbsp; Vinexpo Explorer Mendoza \u2014el evento de comercio exterior de vinos m\u00e1s importante que ha tenido...<\/p>\n<\/div>\n\t\t<\/div>\r\n\t<\/div>\r\n\t\r\n\t<footer class=\"cmsms_post_footer entry-meta\"><a class=\"button cmsms_post_read_more\" href=\"https:\/\/www.promendoza.com\/es\/bodega-concreto-su-primera-exportacion-internacional-tras-su-participacion-en-vinexpo-explorer-mendoza\/\">Leer m\u00e1s<span><\/span><\/a><\/footer><\/article>\r\n<!--_________________________ Finish Image Article _________________________ -->\r\n\r\n\r\n<!--_________________________ Start Image Article _________________________ -->\r\n\r\n<article id=\"post-16353\" class=\"cmsms_default_type post-16353 post type-post status-publish format-image has-post-thumbnail hentry category-inversiones post_format-post-format-image\">\r\n\t<figure><a href=\"https:\/\/www.promendoza.com\/wp-content\/uploads\/2026\/02\/1-10.jpg\" title=\"Programa ProInversi\u00f3n para ampliar sus mercados\" class=\"cmsms_img_link\" rel=\"ilightbox[img_16353_69f5fc0d6b6f3]\"><img width=\"820\" height=\"390\" src=\"https:\/\/www.promendoza.com\/wp-content\/uploads\/2026\/02\/1-10-820x390.jpg\" class=\" wp-post-image\" alt=\"Programa ProInversi\u00f3n para ampliar sus mercados\" loading=\"lazy\" title=\"Programa ProInversi\u00f3n para ampliar sus mercados\" \/><\/a><\/figure>\t<div class=\"cmsms_post_cont_wrap\">\r\n\t<!--\r\n\t\t<span class=\"cmsms_post_format_img  cmsms_theme_icon_photo\"><\/span>\r\n\t-->\r\n\t\t\r\n\t\t<div class=\"cmsms_post_cont\">\r\n\t\t<header class=\"cmsms_post_header entry-header\"><h1 class=\"cmsms_post_title entry-title\"><a href=\"https:\/\/www.promendoza.com\/es\/16353-2\/\">Programa ProInversi\u00f3n para ampliar sus mercados<\/a><\/h1><\/header><div class=\"cmsms_post_cont_info_wrap\"><div class=\"cmsms_post_date_wrap\"><abbr class=\"published cmsms_post_date\" title=\"20 febrero, 2026\"><span class=\"cmsms_day_mon\">Feb 20,<\/span><span class=\"cmsms_year\">2026<\/span><\/abbr><abbr class=\"dn date updated\" title=\"20 febrero, 2026\">20 febrero, 2026<\/abbr><\/div><div class=\"cmsms_post_cont_info entry-meta\"><span class=\"cmsms_post_category\">En <a href=\"https:\/\/www.promendoza.com\/es\/category\/inversiones\/\" rel=\"category tag\">Inversiones<\/a><\/span><\/div><\/div><div class=\"cmsms_post_content entry-content\">\n<p>La firma AOVE Argentino S.A. firm\u00f3 un convenio con ProMendoza para formular un proyecto de expansi\u00f3n comercial con acompa\u00f1amiento t\u00e9cnico...<\/p>\n<\/div>\n\t\t<\/div>\r\n\t<\/div>\r\n\t\r\n\t<footer class=\"cmsms_post_footer entry-meta\"><a class=\"button cmsms_post_read_more\" href=\"https:\/\/www.promendoza.com\/es\/16353-2\/\">Leer m\u00e1s<span><\/span><\/a><\/footer><\/article>\r\n<!--_________________________ Finish Image Article _________________________ -->\r\n\r\n\r\n<!--_________________________ Start Image Article _________________________ -->\r\n\r\n<article id=\"post-16337\" class=\"cmsms_default_type post-16337 post type-post status-publish format-image has-post-thumbnail hentry category-negociaciones-internacionales post_format-post-format-image\">\r\n\t<figure><a href=\"https:\/\/www.promendoza.com\/wp-content\/uploads\/2026\/02\/1000305782-e1771260609864-1-1.jpg\" title=\"Mendoza profundiza su agenda internacional en Ginebra junto a la Wine Origins Alliance y la OMC\" class=\"cmsms_img_link\" rel=\"ilightbox[img_16337_69f5fc0d6c364]\"><img width=\"820\" height=\"390\" src=\"https:\/\/www.promendoza.com\/wp-content\/uploads\/2026\/02\/1000305782-e1771260609864-1-1-820x390.jpg\" class=\" wp-post-image\" alt=\"Mendoza profundiza su agenda internacional en Ginebra junto a la Wine Origins Alliance y la OMC\" loading=\"lazy\" title=\"Mendoza profundiza su agenda internacional en Ginebra junto a la Wine Origins Alliance y la OMC\" \/><\/a><\/figure>\t<div class=\"cmsms_post_cont_wrap\">\r\n\t<!--\r\n\t\t<span class=\"cmsms_post_format_img  cmsms_theme_icon_photo\"><\/span>\r\n\t-->\r\n\t\t\r\n\t\t<div class=\"cmsms_post_cont\">\r\n\t\t<header class=\"cmsms_post_header entry-header\"><h1 class=\"cmsms_post_title entry-title\"><a href=\"https:\/\/www.promendoza.com\/es\/mendoza-profundiza-su-agenda-internacional-en-ginebra-junto-a-la-wine-origins-alliance-y-la-omc\/\">Mendoza profundiza su agenda internacional en Ginebra junto a la Wine Origins Alliance y la OMC<\/a><\/h1><\/header><div class=\"cmsms_post_cont_info_wrap\"><div class=\"cmsms_post_date_wrap\"><abbr class=\"published cmsms_post_date\" title=\"16 febrero, 2026\"><span class=\"cmsms_day_mon\">Feb 16,<\/span><span class=\"cmsms_year\">2026<\/span><\/abbr><abbr class=\"dn date updated\" title=\"16 febrero, 2026\">16 febrero, 2026<\/abbr><\/div><div class=\"cmsms_post_cont_info entry-meta\"><span class=\"cmsms_post_category\">En <a href=\"https:\/\/www.promendoza.com\/es\/category\/negociaciones-internacionales\/\" rel=\"category tag\">Negociaciones Internacionales<\/a><\/span><\/div><\/div><div class=\"cmsms_post_content entry-content\">\n<p>ProMendoza particip\u00f3 de seminarios y reuniones estrat\u00e9gicas sobre comercio, barreras t\u00e9cnicas y pymes, en el marco de su reciente incorporaci\u00f3n...<\/p>\n<\/div>\n\t\t<\/div>\r\n\t<\/div>\r\n\t\r\n\t<footer class=\"cmsms_post_footer entry-meta\"><a class=\"button cmsms_post_read_more\" href=\"https:\/\/www.promendoza.com\/es\/mendoza-profundiza-su-agenda-internacional-en-ginebra-junto-a-la-wine-origins-alliance-y-la-omc\/\">Leer m\u00e1s<span><\/span><\/a><\/footer><\/article>\r\n<!--_________________________ Finish Image Article _________________________ -->\r\n\r\n\r\n<!--_________________________ Start Image Article _________________________ -->\r\n\r\n<article id=\"post-16333\" class=\"cmsms_default_type post-16333 post type-post status-publish format-image has-post-thumbnail hentry category-institucional post_format-post-format-image\">\r\n\t<figure><a href=\"https:\/\/www.promendoza.com\/wp-content\/uploads\/2026\/02\/WhatsApp-Image-2026-02-14-at-12.33.55-2-675x1200-1-e1771087894685.jpeg\" title=\"Mendoza celebra 10 a\u00f1os de La Cit\u00e9 du Vin en Burdeos\" class=\"cmsms_img_link\" rel=\"ilightbox[img_16333_69f5fc0d6cfe7]\"><img width=\"675\" height=\"390\" src=\"https:\/\/www.promendoza.com\/wp-content\/uploads\/2026\/02\/WhatsApp-Image-2026-02-14-at-12.33.55-2-675x1200-1-e1771087894685-675x390.jpeg\" class=\" wp-post-image\" alt=\"Mendoza celebra 10 a\u00f1os de La Cit\u00e9 du Vin en Burdeos\" loading=\"lazy\" title=\"Mendoza celebra 10 a\u00f1os de La Cit\u00e9 du Vin en Burdeos\" \/><\/a><\/figure>\t<div class=\"cmsms_post_cont_wrap\">\r\n\t<!--\r\n\t\t<span class=\"cmsms_post_format_img  cmsms_theme_icon_photo\"><\/span>\r\n\t-->\r\n\t\t\r\n\t\t<div class=\"cmsms_post_cont\">\r\n\t\t<header class=\"cmsms_post_header entry-header\"><h1 class=\"cmsms_post_title entry-title\"><a href=\"https:\/\/www.promendoza.com\/es\/mendoza-celebra-10-anos-de-la-cite-du-vin-en-burdeos\/\">Mendoza celebra 10 a\u00f1os de La Cit\u00e9 du Vin en Burdeos<\/a><\/h1><\/header><div class=\"cmsms_post_cont_info_wrap\"><div class=\"cmsms_post_date_wrap\"><abbr class=\"published cmsms_post_date\" title=\"14 febrero, 2026\"><span class=\"cmsms_day_mon\">Feb 14,<\/span><span class=\"cmsms_year\">2026<\/span><\/abbr><abbr class=\"dn date updated\" title=\"14 febrero, 2026\">14 febrero, 2026<\/abbr><\/div><div class=\"cmsms_post_cont_info entry-meta\"><span class=\"cmsms_post_category\">En <a href=\"https:\/\/www.promendoza.com\/es\/category\/institucional\/\" rel=\"category tag\">Institucional<\/a><\/span><\/div><\/div><div class=\"cmsms_post_content entry-content\">\n<p>Mendoza participa en las celebraciones por los 10 a\u00f1os de La Cit\u00e9 du Vin, el emblem\u00e1tico museo y centro cultural...<\/p>\n<\/div>\n\t\t<\/div>\r\n\t<\/div>\r\n\t\r\n\t<footer class=\"cmsms_post_footer entry-meta\"><a class=\"button cmsms_post_read_more\" href=\"https:\/\/www.promendoza.com\/es\/mendoza-celebra-10-anos-de-la-cite-du-vin-en-burdeos\/\">Leer m\u00e1s<span><\/span><\/a><\/footer><\/article>\r\n<!--_________________________ Finish Image Article _________________________ -->\r\n\r\n\r\n<!--_________________________ Start Image Article _________________________ -->\r\n\r\n<article id=\"post-16329\" class=\"cmsms_default_type post-16329 post type-post status-publish format-image has-post-thumbnail hentry category-negociaciones-internacionales post_format-post-format-image\">\r\n\t<figure><a href=\"https:\/\/www.promendoza.com\/wp-content\/uploads\/2026\/02\/IMG_2213-e1770933346492.jpg\" title=\"Mendoza consolida su agenda internacional: acuerdo con la C\u00e1mara Argentino-Brit\u00e1nica y presentaci\u00f3n de oportunidades de inversi\u00f3n en Londres\" class=\"cmsms_img_link\" rel=\"ilightbox[img_16329_69f5fc0d6dcde]\"><img width=\"820\" height=\"390\" src=\"https:\/\/www.promendoza.com\/wp-content\/uploads\/2026\/02\/IMG_2213-820x390.jpg\" class=\" wp-post-image\" alt=\"Mendoza consolida su agenda internacional: acuerdo con la C\u00e1mara Argentino-Brit\u00e1nica y presentaci\u00f3n de oportunidades de inversi\u00f3n en Londres\" loading=\"lazy\" title=\"Mendoza consolida su agenda internacional: acuerdo con la C\u00e1mara Argentino-Brit\u00e1nica y presentaci\u00f3n de oportunidades de inversi\u00f3n en Londres\" \/><\/a><\/figure>\t<div class=\"cmsms_post_cont_wrap\">\r\n\t<!--\r\n\t\t<span class=\"cmsms_post_format_img  cmsms_theme_icon_photo\"><\/span>\r\n\t-->\r\n\t\t\r\n\t\t<div class=\"cmsms_post_cont\">\r\n\t\t<header class=\"cmsms_post_header entry-header\"><h1 class=\"cmsms_post_title entry-title\"><a href=\"https:\/\/www.promendoza.com\/es\/mendoza-consolida-su-agenda-internacional-acuerdo-con-la-camara-argentino-britanica-y-presentacion-de-oportunidades-de-inversion-en-londres\/\">Mendoza consolida su agenda internacional: acuerdo con la C\u00e1mara Argentino-Brit\u00e1nica y presentaci\u00f3n de oportunidades de inversi\u00f3n en Londres<\/a><\/h1><\/header><div class=\"cmsms_post_cont_info_wrap\"><div class=\"cmsms_post_date_wrap\"><abbr class=\"published cmsms_post_date\" title=\"12 febrero, 2026\"><span class=\"cmsms_day_mon\">Feb 12,<\/span><span class=\"cmsms_year\">2026<\/span><\/abbr><abbr class=\"dn date updated\" title=\"12 febrero, 2026\">12 febrero, 2026<\/abbr><\/div><div class=\"cmsms_post_cont_info entry-meta\"><span class=\"cmsms_post_category\">En <a href=\"https:\/\/www.promendoza.com\/es\/category\/negociaciones-internacionales\/\" rel=\"category tag\">Negociaciones Internacionales<\/a><\/span><\/div><\/div><div class=\"cmsms_post_content entry-content\">\n<p>El Gobernador expuso ante empresarios e inversores del Reino Unido las fortalezas institucionales, fiscales y productivas de Mendoza, analiz\u00f3 el...<\/p>\n<\/div>\n\t\t<\/div>\r\n\t<\/div>\r\n\t\r\n\t<footer class=\"cmsms_post_footer entry-meta\"><a class=\"button cmsms_post_read_more\" href=\"https:\/\/www.promendoza.com\/es\/mendoza-consolida-su-agenda-internacional-acuerdo-con-la-camara-argentino-britanica-y-presentacion-de-oportunidades-de-inversion-en-londres\/\">Leer m\u00e1s<span><\/span><\/a><\/footer><\/article>\r\n<!--_________________________ Finish Image Article _________________________ -->\r\n\r\n\r\n<!--_________________________ Start Image Article _________________________ -->\r\n\r\n<article id=\"post-16325\" class=\"cmsms_default_type post-16325 post type-post status-publish format-image has-post-thumbnail hentry category-mision-comercial post_format-post-format-image\">\r\n\t<figure><a href=\"https:\/\/www.promendoza.com\/wp-content\/uploads\/2026\/02\/WhatsApp-Image-2026-02-11-at-13.03.22-1-e1770836107301.jpeg\" title=\"Wine Paris: Cornejo lider\u00f3 una misi\u00f3n estrat\u00e9gica con nuevos acuerdos y r\u00e9cord de bodegas mendocinas\" class=\"cmsms_img_link\" rel=\"ilightbox[img_16325_69f5fc0d6ea4f]\"><img width=\"812\" height=\"390\" src=\"https:\/\/www.promendoza.com\/wp-content\/uploads\/2026\/02\/WhatsApp-Image-2026-02-11-at-13.03.22-1-e1770836107301-812x390.jpeg\" class=\" wp-post-image\" alt=\"Wine Paris: Cornejo lider\u00f3 una misi\u00f3n estrat\u00e9gica con nuevos acuerdos y r\u00e9cord de bodegas mendocinas\" loading=\"lazy\" title=\"Wine Paris: Cornejo lider\u00f3 una misi\u00f3n estrat\u00e9gica con nuevos acuerdos y r\u00e9cord de bodegas mendocinas\" \/><\/a><\/figure>\t<div class=\"cmsms_post_cont_wrap\">\r\n\t<!--\r\n\t\t<span class=\"cmsms_post_format_img  cmsms_theme_icon_photo\"><\/span>\r\n\t-->\r\n\t\t\r\n\t\t<div class=\"cmsms_post_cont\">\r\n\t\t<header class=\"cmsms_post_header entry-header\"><h1 class=\"cmsms_post_title entry-title\"><a href=\"https:\/\/www.promendoza.com\/es\/wine-paris-cornejo-lidero-una-mision-estrategica-con-nuevos-acuerdos-y-record-de-bodegas-mendocinas\/\">Wine Paris: Cornejo lider\u00f3 una misi\u00f3n estrat\u00e9gica con nuevos acuerdos y r\u00e9cord de bodegas mendocinas<\/a><\/h1><\/header><div class=\"cmsms_post_cont_info_wrap\"><div class=\"cmsms_post_date_wrap\"><abbr class=\"published cmsms_post_date\" title=\"11 febrero, 2026\"><span class=\"cmsms_day_mon\">Feb 11,<\/span><span class=\"cmsms_year\">2026<\/span><\/abbr><abbr class=\"dn date updated\" title=\"11 febrero, 2026\">11 febrero, 2026<\/abbr><\/div><div class=\"cmsms_post_cont_info entry-meta\"><span class=\"cmsms_post_category\">En <a href=\"https:\/\/www.promendoza.com\/es\/category\/mision-comercial\/\" rel=\"category tag\">Misi\u00f3n Comercial<\/a><\/span><\/div><\/div><div class=\"cmsms_post_content entry-content\">\n<p>El Gobierno de Mendoza concret\u00f3 la incorporaci\u00f3n a la World Origins Alliance, inaugur\u00f3 el Pabell\u00f3n Argentino y reafirm\u00f3 el acuerdo...<\/p>\n<\/div>\n\t\t<\/div>\r\n\t<\/div>\r\n\t\r\n\t<footer class=\"cmsms_post_footer entry-meta\"><a class=\"button cmsms_post_read_more\" href=\"https:\/\/www.promendoza.com\/es\/wine-paris-cornejo-lidero-una-mision-estrategica-con-nuevos-acuerdos-y-record-de-bodegas-mendocinas\/\">Leer m\u00e1s<span><\/span><\/a><\/footer><\/article>\r\n<!--_________________________ Finish Image Article _________________________ -->\r\n\r\n\r\n<!--_________________________ Start Image Article _________________________ -->\r\n\r\n<article id=\"post-16318\" class=\"cmsms_default_type post-16318 post type-post status-publish format-image has-post-thumbnail hentry category-feria-internacional post_format-post-format-image\">\r\n\t<figure><a href=\"https:\/\/www.promendoza.com\/wp-content\/uploads\/2026\/02\/1IMG_2013-scaled-1-e1770755426952.jpg\" title=\"En junio llega Vinexpo Explorer Mendoza 2026, dedicada al vino a granel\" class=\"cmsms_img_link\" rel=\"ilightbox[img_16318_69f5fc0d6f851]\"><img width=\"820\" height=\"390\" src=\"https:\/\/www.promendoza.com\/wp-content\/uploads\/2026\/02\/1IMG_2013-scaled-1-e1770755426952-820x390.jpg\" class=\" wp-post-image\" alt=\"En junio llega Vinexpo Explorer Mendoza 2026, dedicada al vino a granel\" loading=\"lazy\" title=\"En junio llega Vinexpo Explorer Mendoza 2026, dedicada al vino a granel\" \/><\/a><\/figure>\t<div class=\"cmsms_post_cont_wrap\">\r\n\t<!--\r\n\t\t<span class=\"cmsms_post_format_img  cmsms_theme_icon_photo\"><\/span>\r\n\t-->\r\n\t\t\r\n\t\t<div class=\"cmsms_post_cont\">\r\n\t\t<header class=\"cmsms_post_header entry-header\"><h1 class=\"cmsms_post_title entry-title\"><a href=\"https:\/\/www.promendoza.com\/es\/en-junio-llega-vinexpo-explorer-mendoza-2026-dedicada-al-vino-a-granel\/\">En junio llega Vinexpo Explorer Mendoza 2026, dedicada al vino a granel<\/a><\/h1><\/header><div class=\"cmsms_post_cont_info_wrap\"><div class=\"cmsms_post_date_wrap\"><abbr class=\"published cmsms_post_date\" title=\"10 febrero, 2026\"><span class=\"cmsms_day_mon\">Feb 10,<\/span><span class=\"cmsms_year\">2026<\/span><\/abbr><abbr class=\"dn date updated\" title=\"10 febrero, 2026\">10 febrero, 2026<\/abbr><\/div><div class=\"cmsms_post_cont_info entry-meta\"><span class=\"cmsms_post_category\">En <a href=\"https:\/\/www.promendoza.com\/es\/category\/feria-internacional\/\" rel=\"category tag\">Feria Internacional<\/a><\/span><\/div><\/div><div class=\"cmsms_post_content entry-content\">\n<p>El acuerdo se realiz\u00f3 en el marco de Wine Paris, y de esta manera se consolida a la provincia como...<\/p>\n<\/div>\n\t\t<\/div>\r\n\t<\/div>\r\n\t\r\n\t<footer class=\"cmsms_post_footer entry-meta\"><a class=\"button cmsms_post_read_more\" href=\"https:\/\/www.promendoza.com\/es\/en-junio-llega-vinexpo-explorer-mendoza-2026-dedicada-al-vino-a-granel\/\">Leer m\u00e1s<span><\/span><\/a><\/footer><\/article>\r\n<!--_________________________ Finish Image Article _________________________ -->\r\n\r\n\r\n<!--_________________________ Start Image Article _________________________ -->\r\n\r\n<article id=\"post-16312\" class=\"cmsms_default_type post-16312 post type-post status-publish format-image has-post-thumbnail hentry category-feria-internacional post_format-post-format-image\">\r\n\t<figure><a href=\"https:\/\/www.promendoza.com\/wp-content\/uploads\/2026\/02\/115.44.18-e1770670134342.jpg\" title=\"Wine Paris: el Gobernador Cornejo present\u00f3 la incorporaci\u00f3n de Mendoza a la World Origins Alliance\" class=\"cmsms_img_link\" rel=\"ilightbox[img_16312_69f5fc0d707d7]\"><img width=\"820\" height=\"390\" src=\"https:\/\/www.promendoza.com\/wp-content\/uploads\/2026\/02\/115.44.18-e1770670134342-820x390.jpg\" class=\" wp-post-image\" alt=\"Wine Paris: el Gobernador Cornejo present\u00f3 la incorporaci\u00f3n de Mendoza a la World Origins Alliance\" loading=\"lazy\" title=\"Wine Paris: el Gobernador Cornejo present\u00f3 la incorporaci\u00f3n de Mendoza a la World Origins Alliance\" \/><\/a><\/figure>\t<div class=\"cmsms_post_cont_wrap\">\r\n\t<!--\r\n\t\t<span class=\"cmsms_post_format_img  cmsms_theme_icon_photo\"><\/span>\r\n\t-->\r\n\t\t\r\n\t\t<div class=\"cmsms_post_cont\">\r\n\t\t<header class=\"cmsms_post_header entry-header\"><h1 class=\"cmsms_post_title entry-title\"><a href=\"https:\/\/www.promendoza.com\/es\/wine-paris-el-gobernador-cornejo-presento-la-incorporacion-de-mendoza-a-la-world-origins-alliance\/\">Wine Paris: el Gobernador Cornejo present\u00f3 la incorporaci\u00f3n de Mendoza a la World Origins Alliance<\/a><\/h1><\/header><div class=\"cmsms_post_cont_info_wrap\"><div class=\"cmsms_post_date_wrap\"><abbr class=\"published cmsms_post_date\" title=\"9 febrero, 2026\"><span class=\"cmsms_day_mon\">Feb 09,<\/span><span class=\"cmsms_year\">2026<\/span><\/abbr><abbr class=\"dn date updated\" title=\"9 febrero, 2026\">9 febrero, 2026<\/abbr><\/div><div class=\"cmsms_post_cont_info entry-meta\"><span class=\"cmsms_post_category\">En <a href=\"https:\/\/www.promendoza.com\/es\/category\/feria-internacional\/\" rel=\"category tag\">Feria Internacional<\/a><\/span><\/div><\/div><div class=\"cmsms_post_content entry-content\">\n<p>Se trata de una acci\u00f3n que permite acompa\u00f1ar a la industria vitivin\u00edcola y generar nuevas oportunidades comerciales para el sector...<\/p>\n<\/div>\n\t\t<\/div>\r\n\t<\/div>\r\n\t\r\n\t<footer class=\"cmsms_post_footer entry-meta\"><a class=\"button cmsms_post_read_more\" href=\"https:\/\/www.promendoza.com\/es\/wine-paris-el-gobernador-cornejo-presento-la-incorporacion-de-mendoza-a-la-world-origins-alliance\/\">Leer m\u00e1s<span><\/span><\/a><\/footer><\/article>\r\n<!--_________________________ Finish Image Article _________________________ -->\r\n\r\n\r\n<!--_________________________ Start Image Article _________________________ -->\r\n\r\n<article id=\"post-16306\" class=\"cmsms_default_type post-16306 post type-post status-publish format-image has-post-thumbnail hentry category-feria-internacional post_format-post-format-image\">\r\n\t<figure><a href=\"https:\/\/www.promendoza.com\/wp-content\/uploads\/2026\/02\/1IMG_1555.JPG-scaled-e1770587851868.jpg\" title=\"En Par\u00eds, Cornejo inici\u00f3 una gira internacional para promover la industria vitivin\u00edcola de Mendoza\" class=\"cmsms_img_link\" rel=\"ilightbox[img_16306_69f5fc0d7163b]\"><img width=\"820\" height=\"390\" src=\"https:\/\/www.promendoza.com\/wp-content\/uploads\/2026\/02\/1IMG_1555.JPG-scaled-e1770584500326-820x390.jpg\" class=\" wp-post-image\" alt=\"En Par\u00eds, Cornejo inici\u00f3 una gira internacional para promover la industria vitivin\u00edcola de Mendoza\" loading=\"lazy\" title=\"En Par\u00eds, Cornejo inici\u00f3 una gira internacional para promover la industria vitivin\u00edcola de Mendoza\" \/><\/a><\/figure>\t<div class=\"cmsms_post_cont_wrap\">\r\n\t<!--\r\n\t\t<span class=\"cmsms_post_format_img  cmsms_theme_icon_photo\"><\/span>\r\n\t-->\r\n\t\t\r\n\t\t<div class=\"cmsms_post_cont\">\r\n\t\t<header class=\"cmsms_post_header entry-header\"><h1 class=\"cmsms_post_title entry-title\"><a href=\"https:\/\/www.promendoza.com\/es\/en-paris-cornejo-inicio-una-gira-internacional-para-promover-la-industria-vitivinicola-de-mendoza\/\">En Par\u00eds, Cornejo inici\u00f3 una gira internacional para promover la industria vitivin\u00edcola de Mendoza<\/a><\/h1><\/header><div class=\"cmsms_post_cont_info_wrap\"><div class=\"cmsms_post_date_wrap\"><abbr class=\"published cmsms_post_date\" title=\"8 febrero, 2026\"><span class=\"cmsms_day_mon\">Feb 08,<\/span><span class=\"cmsms_year\">2026<\/span><\/abbr><abbr class=\"dn date updated\" title=\"8 febrero, 2026\">8 febrero, 2026<\/abbr><\/div><div class=\"cmsms_post_cont_info entry-meta\"><span class=\"cmsms_post_category\">En <a href=\"https:\/\/www.promendoza.com\/es\/category\/feria-internacional\/\" rel=\"category tag\">Feria Internacional<\/a><\/span><\/div><\/div><div class=\"cmsms_post_content entry-content\">\n<p>El mandatario participa de una de las principales ferias vitivin\u00edcolas del mundo, la Wine Paris. La misi\u00f3n forma parte de...<\/p>\n<\/div>\n\t\t<\/div>\r\n\t<\/div>\r\n\t\r\n\t<footer class=\"cmsms_post_footer entry-meta\"><a class=\"button cmsms_post_read_more\" href=\"https:\/\/www.promendoza.com\/es\/en-paris-cornejo-inicio-una-gira-internacional-para-promover-la-industria-vitivinicola-de-mendoza\/\">Leer m\u00e1s<span><\/span><\/a><\/footer><\/article>\r\n<!--_________________________ Finish Image Article _________________________ -->\r\n\r\n\r\n<!--_________________________ Start Image Article _________________________ -->\r\n\r\n<article id=\"post-16300\" class=\"cmsms_default_type post-16300 post type-post status-publish format-image has-post-thumbnail hentry category-mision-comercial post_format-post-format-image\">\r\n\t<figure><a href=\"https:\/\/www.promendoza.com\/wp-content\/uploads\/2026\/02\/1000299029.jpg\" title=\"Bodegas mendocinas se promocionaron en Espa\u00f1a\" class=\"cmsms_img_link\" rel=\"ilightbox[img_16300_69f5fc0d72349]\"><img width=\"820\" height=\"390\" src=\"https:\/\/www.promendoza.com\/wp-content\/uploads\/2026\/02\/1000299029-820x390.jpg\" class=\" wp-post-image\" alt=\"Bodegas mendocinas se promocionaron en Espa\u00f1a\" loading=\"lazy\" title=\"Bodegas mendocinas se promocionaron en Espa\u00f1a\" \/><\/a><\/figure>\t<div class=\"cmsms_post_cont_wrap\">\r\n\t<!--\r\n\t\t<span class=\"cmsms_post_format_img  cmsms_theme_icon_photo\"><\/span>\r\n\t-->\r\n\t\t\r\n\t\t<div class=\"cmsms_post_cont\">\r\n\t\t<header class=\"cmsms_post_header entry-header\"><h1 class=\"cmsms_post_title entry-title\"><a href=\"https:\/\/www.promendoza.com\/es\/bodegas-mendocinas-se-promocionaron-en-espana\/\">Bodegas mendocinas se promocionaron en Espa\u00f1a<\/a><\/h1><\/header><div class=\"cmsms_post_cont_info_wrap\"><div class=\"cmsms_post_date_wrap\"><abbr class=\"published cmsms_post_date\" title=\"7 febrero, 2026\"><span class=\"cmsms_day_mon\">Feb 07,<\/span><span class=\"cmsms_year\">2026<\/span><\/abbr><abbr class=\"dn date updated\" title=\"7 febrero, 2026\">7 febrero, 2026<\/abbr><\/div><div class=\"cmsms_post_cont_info entry-meta\"><span class=\"cmsms_post_category\">En <a href=\"https:\/\/www.promendoza.com\/es\/category\/mision-comercial\/\" rel=\"category tag\">Misi\u00f3n Comercial<\/a><\/span><\/div><\/div><div class=\"cmsms_post_content entry-content\">\n<p>ProMendoza encabez\u00f3 una misi\u00f3n comercial en Madrid y Barcelona con la participaci\u00f3n de 11 bodegas, en el marco de una...<\/p>\n<\/div>\n\t\t<\/div>\r\n\t<\/div>\r\n\t\r\n\t<footer class=\"cmsms_post_footer entry-meta\"><a class=\"button cmsms_post_read_more\" href=\"https:\/\/www.promendoza.com\/es\/bodegas-mendocinas-se-promocionaron-en-espana\/\">Leer m\u00e1s<span><\/span><\/a><\/footer><\/article>\r\n<!--_________________________ Finish Image Article _________________________ -->\r\n\r\n\r\n<!--_________________________ Start Image Article _________________________ -->\r\n\r\n<article id=\"post-16295\" class=\"cmsms_default_type post-16295 post type-post status-publish format-image has-post-thumbnail hentry category-agil-nex post_format-post-format-image\">\r\n\t<figure><a href=\"https:\/\/www.promendoza.com\/wp-content\/uploads\/2026\/02\/Agil-NEX2.png\" title=\"\u00c1gil NEX 2026 abre su convocatoria impulsada por resultados que consolidan a Mendoza como semillero de nuevos exportadores\" class=\"cmsms_img_link\" rel=\"ilightbox[img_16295_69f5fc0d72fd2]\"><img width=\"600\" height=\"390\" src=\"https:\/\/www.promendoza.com\/wp-content\/uploads\/2026\/02\/Agil-NEX2-600x390.png\" class=\" wp-post-image\" alt=\"\u00c1gil NEX 2026 abre su convocatoria impulsada por resultados que consolidan a Mendoza como semillero de nuevos exportadores\" loading=\"lazy\" title=\"\u00c1gil NEX 2026 abre su convocatoria impulsada por resultados que consolidan a Mendoza como semillero de nuevos exportadores\" \/><\/a><\/figure>\t<div class=\"cmsms_post_cont_wrap\">\r\n\t<!--\r\n\t\t<span class=\"cmsms_post_format_img  cmsms_theme_icon_photo\"><\/span>\r\n\t-->\r\n\t\t\r\n\t\t<div class=\"cmsms_post_cont\">\r\n\t\t<header class=\"cmsms_post_header entry-header\"><h1 class=\"cmsms_post_title entry-title\"><a href=\"https:\/\/www.promendoza.com\/es\/16295-2\/\">\u00c1gil NEX 2026 abre su convocatoria impulsada por resultados que consolidan a Mendoza como semillero de nuevos exportadores<\/a><\/h1><\/header><div class=\"cmsms_post_cont_info_wrap\"><div class=\"cmsms_post_date_wrap\"><abbr class=\"published cmsms_post_date\" title=\"5 febrero, 2026\"><span class=\"cmsms_day_mon\">Feb 05,<\/span><span class=\"cmsms_year\">2026<\/span><\/abbr><abbr class=\"dn date updated\" title=\"7 febrero, 2026\">7 febrero, 2026<\/abbr><\/div><div class=\"cmsms_post_cont_info entry-meta\"><span class=\"cmsms_post_category\">En <a href=\"https:\/\/www.promendoza.com\/es\/category\/agil-nex\/\" rel=\"category tag\">\u00c1gil NEX<\/a><\/span><\/div><\/div><div class=\"cmsms_post_content entry-content\">\n<p>Con cifras que revelan su impacto real en la internacionalizaci\u00f3n de las PyMEs mendocinas, ProMendoza lanza la convocatoria 2026 de...<\/p>\n<\/div>\n\t\t<\/div>\r\n\t<\/div>\r\n\t\r\n\t<footer class=\"cmsms_post_footer entry-meta\"><a class=\"button cmsms_post_read_more\" href=\"https:\/\/www.promendoza.com\/es\/16295-2\/\">Leer m\u00e1s<span><\/span><\/a><\/footer><\/article>\r\n<!--_________________________ Finish Image Article _________________________ -->\r\n\r\n\r\n<!--_________________________ Start Image Article _________________________ -->\r\n\r\n<article id=\"post-16281\" class=\"cmsms_default_type post-16281 post type-post status-publish format-image has-post-thumbnail hentry category-vino-a-granel post_format-post-format-image\">\r\n\t<figure><a href=\"https:\/\/www.promendoza.com\/wp-content\/uploads\/2026\/02\/1d9ef559-a062-acb4-0150-901bac9f0117.png\" title=\"Ya est\u00e1n abiertas las inscripciones para Vinexpo Explorer Mendoza 2026: The Bulk Wine Chapter\" class=\"cmsms_img_link\" rel=\"ilightbox[img_16281_69f5fc0d73d1e]\"><img width=\"600\" height=\"390\" src=\"https:\/\/www.promendoza.com\/wp-content\/uploads\/2026\/02\/1d9ef559-a062-acb4-0150-901bac9f0117-600x390.png\" class=\" wp-post-image\" alt=\"Ya est\u00e1n abiertas las inscripciones para Vinexpo Explorer Mendoza 2026: The Bulk Wine Chapter\" loading=\"lazy\" title=\"Ya est\u00e1n abiertas las inscripciones para Vinexpo Explorer Mendoza 2026: The Bulk Wine Chapter\" \/><\/a><\/figure>\t<div class=\"cmsms_post_cont_wrap\">\r\n\t<!--\r\n\t\t<span class=\"cmsms_post_format_img  cmsms_theme_icon_photo\"><\/span>\r\n\t-->\r\n\t\t\r\n\t\t<div class=\"cmsms_post_cont\">\r\n\t\t<header class=\"cmsms_post_header entry-header\"><h1 class=\"cmsms_post_title entry-title\"><a href=\"https:\/\/www.promendoza.com\/es\/ya-estan-abiertas-las-inscripciones-para-vinexpo-explorer-mendoza-2026-the-bulk-wine-chapter\/\">Ya est\u00e1n abiertas las inscripciones para Vinexpo Explorer Mendoza 2026: The Bulk Wine Chapter<\/a><\/h1><\/header><div class=\"cmsms_post_cont_info_wrap\"><div class=\"cmsms_post_date_wrap\"><abbr class=\"published cmsms_post_date\" title=\"3 febrero, 2026\"><span class=\"cmsms_day_mon\">Feb 03,<\/span><span class=\"cmsms_year\">2026<\/span><\/abbr><abbr class=\"dn date updated\" title=\"3 febrero, 2026\">3 febrero, 2026<\/abbr><\/div><div class=\"cmsms_post_cont_info entry-meta\"><span class=\"cmsms_post_category\">En <a href=\"https:\/\/www.promendoza.com\/es\/category\/vino-a-granel\/\" rel=\"category tag\">Vino a Granel<\/a><\/span><\/div><\/div><div class=\"cmsms_post_content entry-content\">\n<p>Del 8 al 10 de junio de 2026, la provincia de Mendoza volver\u00e1 a ser sede de uno de los...<\/p>\n<\/div>\n\t\t<\/div>\r\n\t<\/div>\r\n\t\r\n\t<footer class=\"cmsms_post_footer entry-meta\"><a class=\"button cmsms_post_read_more\" href=\"https:\/\/www.promendoza.com\/es\/ya-estan-abiertas-las-inscripciones-para-vinexpo-explorer-mendoza-2026-the-bulk-wine-chapter\/\">Leer m\u00e1s<span><\/span><\/a><\/footer><\/article>\r\n<!--_________________________ Finish Image Article _________________________ -->\r\n\r\n\r\n<!--_________________________ Start Image Article _________________________ -->\r\n\r\n<article id=\"post-16267\" class=\"cmsms_default_type post-16267 post type-post status-publish format-image has-post-thumbnail hentry category-capacitacion post_format-post-format-image\">\r\n\t<figure><a href=\"https:\/\/www.promendoza.com\/wp-content\/uploads\/2026\/02\/6.png\" title=\"Convocan a participar  gratuitamente de un \u201cPrograma de Estrategia de Internacionalizaci\u00f3n hacia Estados Unidos\u201d\" class=\"cmsms_img_link\" rel=\"ilightbox[img_16267_69f5fc0d74a58]\"><img width=\"800\" height=\"350\" src=\"https:\/\/www.promendoza.com\/wp-content\/uploads\/2026\/02\/6.png\" class=\" wp-post-image\" alt=\"Convocan a participar  gratuitamente de un \u201cPrograma de Estrategia de Internacionalizaci\u00f3n hacia Estados Unidos\u201d\" loading=\"lazy\" title=\"Convocan a participar  gratuitamente de un \u201cPrograma de Estrategia de Internacionalizaci\u00f3n hacia Estados Unidos\u201d\" srcset=\"https:\/\/www.promendoza.com\/wp-content\/uploads\/2026\/02\/6.png 800w, https:\/\/www.promendoza.com\/wp-content\/uploads\/2026\/02\/6-300x131.png 300w, https:\/\/www.promendoza.com\/wp-content\/uploads\/2026\/02\/6-768x336.png 768w, https:\/\/www.promendoza.com\/wp-content\/uploads\/2026\/02\/6-580x254.png 580w\" sizes=\"(max-width: 800px) 100vw, 800px\" \/><\/a><\/figure>\t<div class=\"cmsms_post_cont_wrap\">\r\n\t<!--\r\n\t\t<span class=\"cmsms_post_format_img  cmsms_theme_icon_photo\"><\/span>\r\n\t-->\r\n\t\t\r\n\t\t<div class=\"cmsms_post_cont\">\r\n\t\t<header class=\"cmsms_post_header entry-header\"><h1 class=\"cmsms_post_title entry-title\"><a href=\"https:\/\/www.promendoza.com\/es\/borrador-automatico\/\">Convocan a participar  gratuitamente de un \u201cPrograma de Estrategia de Internacionalizaci\u00f3n hacia Estados Unidos\u201d<\/a><\/h1><\/header><div class=\"cmsms_post_cont_info_wrap\"><div class=\"cmsms_post_date_wrap\"><abbr class=\"published cmsms_post_date\" title=\"1 febrero, 2026\"><span class=\"cmsms_day_mon\">Feb 01,<\/span><span class=\"cmsms_year\">2026<\/span><\/abbr><abbr class=\"dn date updated\" title=\"2 febrero, 2026\">2 febrero, 2026<\/abbr><\/div><div class=\"cmsms_post_cont_info entry-meta\"><span class=\"cmsms_post_category\">En <a href=\"https:\/\/www.promendoza.com\/es\/category\/capacitacion\/\" rel=\"category tag\">Capacitaci\u00f3n<\/a><\/span><\/div><\/div><div class=\"cmsms_post_content entry-content\">\n<p>La Argentina\u2013Texas Chamber of Commerce, junto a ProMendoza, lanza una nueva edici\u00f3n del Programa de Estrategia de Internacionalizaci\u00f3n hacia Estados...<\/p>\n<\/div>\n\t\t<\/div>\r\n\t<\/div>\r\n\t\r\n\t<footer class=\"cmsms_post_footer entry-meta\"><a class=\"button cmsms_post_read_more\" href=\"https:\/\/www.promendoza.com\/es\/borrador-automatico\/\">Leer m\u00e1s<span><\/span><\/a><\/footer><\/article>\r\n<!--_________________________ Finish Image Article _________________________ -->\r\n\r\n\r\n<!--_________________________ Start Image Article _________________________ -->\r\n\r\n<article id=\"post-16247\" class=\"cmsms_default_type post-16247 post type-post status-publish format-image has-post-thumbnail hentry category-alimentos post_format-post-format-image\">\r\n\t<figure><a href=\"https:\/\/www.promendoza.com\/wp-content\/uploads\/2026\/01\/1000292824-1-e1769604904955.jpg\" title=\"Mendoza vuelve a exportar durazno en fresco a Dub\u00e1i\" class=\"cmsms_img_link\" rel=\"ilightbox[img_16247_69f5fc0d756d0]\"><img width=\"820\" height=\"390\" src=\"https:\/\/www.promendoza.com\/wp-content\/uploads\/2026\/01\/1000292824-1-e1769604904955-820x390.jpg\" class=\" wp-post-image\" alt=\"Mendoza vuelve a exportar durazno en fresco a Dub\u00e1i\" loading=\"lazy\" title=\"Mendoza vuelve a exportar durazno en fresco a Dub\u00e1i\" srcset=\"https:\/\/www.promendoza.com\/wp-content\/uploads\/2026\/01\/1000292824-1-e1769604904955-820x390.jpg 820w, https:\/\/www.promendoza.com\/wp-content\/uploads\/2026\/01\/1000292824-1-e1769604904955-300x144.jpg 300w\" sizes=\"(max-width: 820px) 100vw, 820px\" \/><\/a><\/figure>\t<div class=\"cmsms_post_cont_wrap\">\r\n\t<!--\r\n\t\t<span class=\"cmsms_post_format_img  cmsms_theme_icon_photo\"><\/span>\r\n\t-->\r\n\t\t\r\n\t\t<div class=\"cmsms_post_cont\">\r\n\t\t<header class=\"cmsms_post_header entry-header\"><h1 class=\"cmsms_post_title entry-title\"><a href=\"https:\/\/www.promendoza.com\/es\/mendoza-vuelve-a-exportar-durazno-en-fresco-a-dubai\/\">Mendoza vuelve a exportar durazno en fresco a Dub\u00e1i<\/a><\/h1><\/header><div class=\"cmsms_post_cont_info_wrap\"><div class=\"cmsms_post_date_wrap\"><abbr class=\"published cmsms_post_date\" title=\"28 enero, 2026\"><span class=\"cmsms_day_mon\">Ene 28,<\/span><span class=\"cmsms_year\">2026<\/span><\/abbr><abbr class=\"dn date updated\" title=\"28 enero, 2026\">28 enero, 2026<\/abbr><\/div><div class=\"cmsms_post_cont_info entry-meta\"><span class=\"cmsms_post_category\">En <a href=\"https:\/\/www.promendoza.com\/es\/category\/alimentos\/\" rel=\"category tag\">Alimentos<\/a><\/span><\/div><\/div><div class=\"cmsms_post_content entry-content\">\n<p>Mendoza retom\u00f3 la exportaci\u00f3n de durazno en fresco a los Emiratos \u00c1rabes Unidos, luego de varios a\u00f1os sin env\u00edos a...<\/p>\n<\/div>\n\t\t<\/div>\r\n\t<\/div>\r\n\t\r\n\t<footer class=\"cmsms_post_footer entry-meta\"><a class=\"button cmsms_post_read_more\" href=\"https:\/\/www.promendoza.com\/es\/mendoza-vuelve-a-exportar-durazno-en-fresco-a-dubai\/\">Leer m\u00e1s<span><\/span><\/a><\/footer><\/article>\r\n<!--_________________________ Finish Image Article _________________________ -->\r\n\r\n\r\n<!--_________________________ Start Image Article _________________________ -->\r\n\r\n<article id=\"post-16243\" class=\"cmsms_default_type post-16243 post type-post status-publish format-image has-post-thumbnail hentry category-feria-internacional post_format-post-format-image\">\r\n\t<figure><a href=\"https:\/\/www.promendoza.com\/wp-content\/uploads\/2026\/01\/1000291635-e1769449245935.jpg\" title=\"Mendoza presente en Gulfood 2026, una de las ferias de alimentos y bebidas m\u00e1s influyentes del mundo\" class=\"cmsms_img_link\" rel=\"ilightbox[img_16243_69f5fc0d76378]\"><img width=\"820\" height=\"390\" src=\"https:\/\/www.promendoza.com\/wp-content\/uploads\/2026\/01\/1000291635-e1769449245935-820x390.jpg\" class=\" wp-post-image\" alt=\"Mendoza presente en Gulfood 2026, una de las ferias de alimentos y bebidas m\u00e1s influyentes del mundo\" loading=\"lazy\" title=\"Mendoza presente en Gulfood 2026, una de las ferias de alimentos y bebidas m\u00e1s influyentes del mundo\" \/><\/a><\/figure>\t<div class=\"cmsms_post_cont_wrap\">\r\n\t<!--\r\n\t\t<span class=\"cmsms_post_format_img  cmsms_theme_icon_photo\"><\/span>\r\n\t-->\r\n\t\t\r\n\t\t<div class=\"cmsms_post_cont\">\r\n\t\t<header class=\"cmsms_post_header entry-header\"><h1 class=\"cmsms_post_title entry-title\"><a href=\"https:\/\/www.promendoza.com\/es\/mendoza-presente-en-gulfood-2026-una-de-las-ferias-de-alimentos-y-bebidas-mas-influyentes-del-mundo\/\">Mendoza presente en Gulfood 2026, una de las ferias de alimentos y bebidas m\u00e1s influyentes del mundo<\/a><\/h1><\/header><div class=\"cmsms_post_cont_info_wrap\"><div class=\"cmsms_post_date_wrap\"><abbr class=\"published cmsms_post_date\" title=\"26 enero, 2026\"><span class=\"cmsms_day_mon\">Ene 26,<\/span><span class=\"cmsms_year\">2026<\/span><\/abbr><abbr class=\"dn date updated\" title=\"27 enero, 2026\">27 enero, 2026<\/abbr><\/div><div class=\"cmsms_post_cont_info entry-meta\"><span class=\"cmsms_post_category\">En <a href=\"https:\/\/www.promendoza.com\/es\/category\/feria-internacional\/\" rel=\"category tag\">Feria Internacional<\/a><\/span><\/div><\/div><div class=\"cmsms_post_content entry-content\">\n<p>Empresarios mendocinos participan en la feria internacional que se realizar\u00e1 por primera vez en dos sedes simult\u00e1neas: el Dubai World...<\/p>\n<\/div>\n\t\t<\/div>\r\n\t<\/div>\r\n\t\r\n\t<footer class=\"cmsms_post_footer entry-meta\"><a class=\"button cmsms_post_read_more\" href=\"https:\/\/www.promendoza.com\/es\/mendoza-presente-en-gulfood-2026-una-de-las-ferias-de-alimentos-y-bebidas-mas-influyentes-del-mundo\/\">Leer m\u00e1s<span><\/span><\/a><\/footer><\/article>\r\n<!--_________________________ Finish Image Article _________________________ -->\r\n\r\n\r\n<!--_________________________ Start Image Article _________________________ -->\r\n\r\n<article id=\"post-16238\" class=\"cmsms_default_type post-16238 post type-post status-publish format-image has-post-thumbnail hentry category-alimentos post_format-post-format-image\">\r\n\t<figure><a href=\"https:\/\/www.promendoza.com\/wp-content\/uploads\/2026\/01\/IMG_7784-scaled-e1769527946391.jpg\" title=\"Casado y Gim\u00e9nez se reunieron con empresarios del sector productivo y exportador del Sur mendocino\" class=\"cmsms_img_link\" rel=\"ilightbox[img_16238_69f5fc0d76fd7]\"><img width=\"820\" height=\"390\" src=\"https:\/\/www.promendoza.com\/wp-content\/uploads\/2026\/01\/IMG_7784-scaled-e1769527946391-820x390.jpg\" class=\" wp-post-image\" alt=\"Casado y Gim\u00e9nez se reunieron con empresarios del sector productivo y exportador del Sur mendocino\" loading=\"lazy\" title=\"Casado y Gim\u00e9nez se reunieron con empresarios del sector productivo y exportador del Sur mendocino\" \/><\/a><\/figure>\t<div class=\"cmsms_post_cont_wrap\">\r\n\t<!--\r\n\t\t<span class=\"cmsms_post_format_img  cmsms_theme_icon_photo\"><\/span>\r\n\t-->\r\n\t\t\r\n\t\t<div class=\"cmsms_post_cont\">\r\n\t\t<header class=\"cmsms_post_header entry-header\"><h1 class=\"cmsms_post_title entry-title\"><a href=\"https:\/\/www.promendoza.com\/es\/casado-y-gimenez-se-reunieron-con-empresarios-del-sector-productivo-y-exportador-del-sur-mendocino\/\">Casado y Gim\u00e9nez se reunieron con empresarios del sector productivo y exportador del Sur mendocino<\/a><\/h1><\/header><div class=\"cmsms_post_cont_info_wrap\"><div class=\"cmsms_post_date_wrap\"><abbr class=\"published cmsms_post_date\" title=\"23 enero, 2026\"><span class=\"cmsms_day_mon\">Ene 23,<\/span><span class=\"cmsms_year\">2026<\/span><\/abbr><abbr class=\"dn date updated\" title=\"27 enero, 2026\">27 enero, 2026<\/abbr><\/div><div class=\"cmsms_post_cont_info entry-meta\"><span class=\"cmsms_post_category\">En <a href=\"https:\/\/www.promendoza.com\/es\/category\/alimentos\/\" rel=\"category tag\">Alimentos<\/a><\/span><\/div><\/div><div class=\"cmsms_post_content entry-content\">\n<p>El encuentro tuvo como eje central el avance del protocolo fitosanitario que permitir\u00e1 exportar frutos de carozo en fresco al...<\/p>\n<\/div>\n\t\t<\/div>\r\n\t<\/div>\r\n\t\r\n\t<footer class=\"cmsms_post_footer entry-meta\"><a class=\"button cmsms_post_read_more\" href=\"https:\/\/www.promendoza.com\/es\/casado-y-gimenez-se-reunieron-con-empresarios-del-sector-productivo-y-exportador-del-sur-mendocino\/\">Leer m\u00e1s<span><\/span><\/a><\/footer><\/article>\r\n<!--_________________________ Finish Image Article _________________________ -->\r\n\r\n\r\n<!--_________________________ Start Image Article _________________________ -->\r\n\r\n<article id=\"post-16234\" class=\"cmsms_default_type post-16234 post type-post status-publish format-image has-post-thumbnail hentry category-exportaciones post_format-post-format-image\">\r\n\t<figure><a href=\"https:\/\/www.promendoza.com\/wp-content\/uploads\/2026\/01\/1-1-980x653-1.jpg\" title=\"Vermut Federal concret\u00f3 su primera exportaci\u00f3n y lleg\u00f3 a Chile\" class=\"cmsms_img_link\" rel=\"ilightbox[img_16234_69f5fc0d77cdc]\"><img width=\"820\" height=\"390\" src=\"https:\/\/www.promendoza.com\/wp-content\/uploads\/2026\/01\/1-1-980x653-1-820x390.jpg\" class=\" wp-post-image\" alt=\"Vermut Federal concret\u00f3 su primera exportaci\u00f3n y lleg\u00f3 a Chile\" loading=\"lazy\" title=\"Vermut Federal concret\u00f3 su primera exportaci\u00f3n y lleg\u00f3 a Chile\" \/><\/a><\/figure>\t<div class=\"cmsms_post_cont_wrap\">\r\n\t<!--\r\n\t\t<span class=\"cmsms_post_format_img  cmsms_theme_icon_photo\"><\/span>\r\n\t-->\r\n\t\t\r\n\t\t<div class=\"cmsms_post_cont\">\r\n\t\t<header class=\"cmsms_post_header entry-header\"><h1 class=\"cmsms_post_title entry-title\"><a href=\"https:\/\/www.promendoza.com\/es\/vermut-federal-concreto-su-primera-exportacion-y-llego-a-chile\/\">Vermut Federal concret\u00f3 su primera exportaci\u00f3n y lleg\u00f3 a Chile<\/a><\/h1><\/header><div class=\"cmsms_post_cont_info_wrap\"><div class=\"cmsms_post_date_wrap\"><abbr class=\"published cmsms_post_date\" title=\"20 enero, 2026\"><span class=\"cmsms_day_mon\">Ene 20,<\/span><span class=\"cmsms_year\">2026<\/span><\/abbr><abbr class=\"dn date updated\" title=\"27 enero, 2026\">27 enero, 2026<\/abbr><\/div><div class=\"cmsms_post_cont_info entry-meta\"><span class=\"cmsms_post_category\">En <a href=\"https:\/\/www.promendoza.com\/es\/category\/exportaciones\/\" rel=\"category tag\">Exportaciones<\/a><\/span><\/div><\/div><div class=\"cmsms_post_content entry-content\">\n<p>La empresa Vermut Federal es un proyecto nacional surgido del trabajo y la dedicaci\u00f3n de un grupo de amigos de...<\/p>\n<\/div>\n\t\t<\/div>\r\n\t<\/div>\r\n\t\r\n\t<footer class=\"cmsms_post_footer entry-meta\"><a class=\"button cmsms_post_read_more\" href=\"https:\/\/www.promendoza.com\/es\/vermut-federal-concreto-su-primera-exportacion-y-llego-a-chile\/\">Leer m\u00e1s<span><\/span><\/a><\/footer><\/article>\r\n<!--_________________________ Finish Image Article _________________________ -->\r\n\r\n\r\n<!--_________________________ Start Image Article _________________________ -->\r\n\r\n<article id=\"post-16230\" class=\"cmsms_default_type post-16230 post type-post status-publish format-image has-post-thumbnail hentry category-institucional post_format-post-format-image\">\r\n\t<figure><a href=\"https:\/\/www.promendoza.com\/wp-content\/uploads\/2026\/01\/4-e1768404279645.jpg\" title=\"Delegaci\u00f3n china recorri\u00f3 Mendoza para avanzar en un acuerdo fitosanitario para la exportaci\u00f3n de frutas de carozo\" class=\"cmsms_img_link\" rel=\"ilightbox[img_16230_69f5fc0d78986]\"><img width=\"820\" height=\"390\" src=\"https:\/\/www.promendoza.com\/wp-content\/uploads\/2026\/01\/4-e1768404279645-820x390.jpg\" class=\" wp-post-image\" alt=\"Delegaci\u00f3n china recorri\u00f3 Mendoza para avanzar en un acuerdo fitosanitario para la exportaci\u00f3n de frutas de carozo\" loading=\"lazy\" title=\"Delegaci\u00f3n china recorri\u00f3 Mendoza para avanzar en un acuerdo fitosanitario para la exportaci\u00f3n de frutas de carozo\" \/><\/a><\/figure>\t<div class=\"cmsms_post_cont_wrap\">\r\n\t<!--\r\n\t\t<span class=\"cmsms_post_format_img  cmsms_theme_icon_photo\"><\/span>\r\n\t-->\r\n\t\t\r\n\t\t<div class=\"cmsms_post_cont\">\r\n\t\t<header class=\"cmsms_post_header entry-header\"><h1 class=\"cmsms_post_title entry-title\"><a href=\"https:\/\/www.promendoza.com\/es\/delegacion-china-recorrio-mendoza-para-avanzar-en-un-acuerdo-fitosanitario-para-la-exportacion-de-frutas-de-carozo\/\">Delegaci\u00f3n china recorri\u00f3 Mendoza para avanzar en un acuerdo fitosanitario para la exportaci\u00f3n de frutas de carozo<\/a><\/h1><\/header><div class=\"cmsms_post_cont_info_wrap\"><div class=\"cmsms_post_date_wrap\"><abbr class=\"published cmsms_post_date\" title=\"14 enero, 2026\"><span class=\"cmsms_day_mon\">Ene 14,<\/span><span class=\"cmsms_year\">2026<\/span><\/abbr><abbr class=\"dn date updated\" title=\"27 enero, 2026\">27 enero, 2026<\/abbr><\/div><div class=\"cmsms_post_cont_info entry-meta\"><span class=\"cmsms_post_category\">En <a href=\"https:\/\/www.promendoza.com\/es\/category\/institucional\/\" rel=\"category tag\">Institucional<\/a><\/span><\/div><\/div><div class=\"cmsms_post_content entry-content\">\n<p>El trabajo articulado entre el Senasa, el Iscamen y el sector productivo result\u00f3 clave para mostrar a la delegaci\u00f3n extranjera...<\/p>\n<\/div>\n\t\t<\/div>\r\n\t<\/div>\r\n\t\r\n\t<footer class=\"cmsms_post_footer entry-meta\"><a class=\"button cmsms_post_read_more\" href=\"https:\/\/www.promendoza.com\/es\/delegacion-china-recorrio-mendoza-para-avanzar-en-un-acuerdo-fitosanitario-para-la-exportacion-de-frutas-de-carozo\/\">Leer m\u00e1s<span><\/span><\/a><\/footer><\/article>\r\n<!--_________________________ Finish Image Article _________________________ -->\r\n\r\n\r\n<!--_________________________ Start Image Article _________________________ -->\r\n\r\n<article id=\"post-16224\" class=\"cmsms_default_type post-16224 post type-post status-publish format-image has-post-thumbnail hentry category-agil-nex post_format-post-format-image\">\r\n\t<figure><a href=\"https:\/\/www.promendoza.com\/wp-content\/uploads\/2026\/01\/1000278786-2-980x653-1-e1769527306937.jpg\" title=\"Empresas que participaron en \u00c1gil NEX vendieron 5 contenedores en el mundo\" class=\"cmsms_img_link\" rel=\"ilightbox[img_16224_69f5fc0d79620]\"><img width=\"820\" height=\"390\" src=\"https:\/\/www.promendoza.com\/wp-content\/uploads\/2026\/01\/1000278786-2-980x653-1-e1769527306937-820x390.jpg\" class=\" wp-post-image\" alt=\"Empresas que participaron en \u00c1gil NEX vendieron 5 contenedores en el mundo\" loading=\"lazy\" title=\"Empresas que participaron en \u00c1gil NEX vendieron 5 contenedores en el mundo\" \/><\/a><\/figure>\t<div class=\"cmsms_post_cont_wrap\">\r\n\t<!--\r\n\t\t<span class=\"cmsms_post_format_img  cmsms_theme_icon_photo\"><\/span>\r\n\t-->\r\n\t\t\r\n\t\t<div class=\"cmsms_post_cont\">\r\n\t\t<header class=\"cmsms_post_header entry-header\"><h1 class=\"cmsms_post_title entry-title\"><a href=\"https:\/\/www.promendoza.com\/es\/empresas-que-participaron-en-agil-nex-vendieron-5-contenedores-en-el-mundo\/\">Empresas que participaron en \u00c1gil NEX vendieron 5 contenedores en el mundo<\/a><\/h1><\/header><div class=\"cmsms_post_cont_info_wrap\"><div class=\"cmsms_post_date_wrap\"><abbr class=\"published cmsms_post_date\" title=\"9 enero, 2026\"><span class=\"cmsms_day_mon\">Ene 09,<\/span><span class=\"cmsms_year\">2026<\/span><\/abbr><abbr class=\"dn date updated\" title=\"27 enero, 2026\">27 enero, 2026<\/abbr><\/div><div class=\"cmsms_post_cont_info entry-meta\"><span class=\"cmsms_post_category\">En <a href=\"https:\/\/www.promendoza.com\/es\/category\/agil-nex\/\" rel=\"category tag\">\u00c1gil NEX<\/a><\/span><\/div><\/div><div class=\"cmsms_post_content entry-content\">\n<p>\u00c1gil NEX, el programa de internacionalizaci\u00f3n de empresas de ProMendoza, dio a conocer los resultados alcanzados en los \u00faltimos doce...<\/p>\n<\/div>\n\t\t<\/div>\r\n\t<\/div>\r\n\t\r\n\t<footer class=\"cmsms_post_footer entry-meta\"><a class=\"button cmsms_post_read_more\" href=\"https:\/\/www.promendoza.com\/es\/empresas-que-participaron-en-agil-nex-vendieron-5-contenedores-en-el-mundo\/\">Leer m\u00e1s<span><\/span><\/a><\/footer><\/article>\r\n<!--_________________________ Finish Image Article _________________________ -->\r\n\r\n\r\n<!--_________________________ Start Image Article _________________________ -->\r\n\r\n<article id=\"post-16220\" class=\"cmsms_default_type post-16220 post type-post status-publish format-image has-post-thumbnail hentry category-vinexpo-explorer-mendoza post_format-post-format-image\">\r\n\t<figure><a href=\"https:\/\/www.promendoza.com\/wp-content\/uploads\/2026\/01\/WhatsApp-Image-2026-01-06-at-15.19.33-886x1200-1-e1769527093385.jpeg\" title=\"Bodega Rocamadre consolida su expansi\u00f3n internacional con su primera venta a Espa\u00f1a tras Vinexpo Explorer Mendoza\" class=\"cmsms_img_link\" rel=\"ilightbox[img_16220_69f5fc0d7a322]\"><img width=\"820\" height=\"390\" src=\"https:\/\/www.promendoza.com\/wp-content\/uploads\/2026\/01\/WhatsApp-Image-2026-01-06-at-15.19.33-886x1200-1-e1769527093385-820x390.jpeg\" class=\" wp-post-image\" alt=\"Bodega Rocamadre consolida su expansi\u00f3n internacional con su primera venta a Espa\u00f1a tras Vinexpo Explorer Mendoza\" loading=\"lazy\" title=\"Bodega Rocamadre consolida su expansi\u00f3n internacional con su primera venta a Espa\u00f1a tras Vinexpo Explorer Mendoza\" \/><\/a><\/figure>\t<div class=\"cmsms_post_cont_wrap\">\r\n\t<!--\r\n\t\t<span class=\"cmsms_post_format_img  cmsms_theme_icon_photo\"><\/span>\r\n\t-->\r\n\t\t\r\n\t\t<div class=\"cmsms_post_cont\">\r\n\t\t<header class=\"cmsms_post_header entry-header\"><h1 class=\"cmsms_post_title entry-title\"><a href=\"https:\/\/www.promendoza.com\/es\/bodega-rocamadre-consolida-su-expansion-internacional-con-su-primera-venta-a-espana-tras-vinexpo-explorer-mendoza\/\">Bodega Rocamadre consolida su expansi\u00f3n internacional con su primera venta a Espa\u00f1a tras Vinexpo Explorer Mendoza<\/a><\/h1><\/header><div class=\"cmsms_post_cont_info_wrap\"><div class=\"cmsms_post_date_wrap\"><abbr class=\"published cmsms_post_date\" title=\"6 enero, 2026\"><span class=\"cmsms_day_mon\">Ene 06,<\/span><span class=\"cmsms_year\">2026<\/span><\/abbr><abbr class=\"dn date updated\" title=\"27 enero, 2026\">27 enero, 2026<\/abbr><\/div><div class=\"cmsms_post_cont_info entry-meta\"><span class=\"cmsms_post_category\">En <a href=\"https:\/\/www.promendoza.com\/es\/category\/vinexpo-explorer-mendoza\/\" rel=\"category tag\">Vinexpo Explorer Mendoza<\/a><\/span><\/div><\/div><div class=\"cmsms_post_content entry-content\">\n<p>Fundada por Cecilia Dur\u00e1n y Juan Su\u00e1rez, Bodega Rocamadre registr\u00f3 alrededor de 20 degustaciones y 15 reuniones B2B durante el...<\/p>\n<\/div>\n\t\t<\/div>\r\n\t<\/div>\r\n\t\r\n\t<footer class=\"cmsms_post_footer entry-meta\"><a class=\"button cmsms_post_read_more\" href=\"https:\/\/www.promendoza.com\/es\/bodega-rocamadre-consolida-su-expansion-internacional-con-su-primera-venta-a-espana-tras-vinexpo-explorer-mendoza\/\">Leer m\u00e1s<span><\/span><\/a><\/footer><\/article>\r\n<!--_________________________ Finish Image Article _________________________ -->\r\n\r\n\r\n<!--_________________________ Start Image Article _________________________ -->\r\n\r\n<article id=\"post-16216\" class=\"cmsms_default_type post-16216 post type-post status-publish format-image has-post-thumbnail hentry category-alimentos post_format-post-format-image\">\r\n\t<figure><a href=\"https:\/\/www.promendoza.com\/wp-content\/uploads\/2026\/01\/terrandes-e1767116904224.jpg\" title=\"La empresa familiar que consolida su expansi\u00f3n en Italia, Brasil y Emiratos con el acompa\u00f1amiento de ProMendoza\" class=\"cmsms_img_link\" rel=\"ilightbox[img_16216_69f5fc0d7af85]\"><img width=\"820\" height=\"390\" src=\"https:\/\/www.promendoza.com\/wp-content\/uploads\/2026\/01\/terrandes-e1767116904224-820x390.jpg\" class=\" wp-post-image\" alt=\"La empresa familiar que consolida su expansi\u00f3n en Italia, Brasil y Emiratos con el acompa\u00f1amiento de ProMendoza\" loading=\"lazy\" title=\"La empresa familiar que consolida su expansi\u00f3n en Italia, Brasil y Emiratos con el acompa\u00f1amiento de ProMendoza\" \/><\/a><\/figure>\t<div class=\"cmsms_post_cont_wrap\">\r\n\t<!--\r\n\t\t<span class=\"cmsms_post_format_img  cmsms_theme_icon_photo\"><\/span>\r\n\t-->\r\n\t\t\r\n\t\t<div class=\"cmsms_post_cont\">\r\n\t\t<header class=\"cmsms_post_header entry-header\"><h1 class=\"cmsms_post_title entry-title\"><a href=\"https:\/\/www.promendoza.com\/es\/la-empresa-familiar-que-consolida-su-expansion-en-italia-brasil-y-emiratos-con-el-acompanamiento-de-promendoza\/\">La empresa familiar que consolida su expansi\u00f3n en Italia, Brasil y Emiratos con el acompa\u00f1amiento de ProMendoza<\/a><\/h1><\/header><div class=\"cmsms_post_cont_info_wrap\"><div class=\"cmsms_post_date_wrap\"><abbr class=\"published cmsms_post_date\" title=\"30 diciembre, 2025\"><span class=\"cmsms_day_mon\">Dic 30,<\/span><span class=\"cmsms_year\">2025<\/span><\/abbr><abbr class=\"dn date updated\" title=\"27 enero, 2026\">27 enero, 2026<\/abbr><\/div><div class=\"cmsms_post_cont_info entry-meta\"><span class=\"cmsms_post_category\">En <a href=\"https:\/\/www.promendoza.com\/es\/category\/alimentos\/\" rel=\"category tag\">Alimentos<\/a><\/span><\/div><\/div><div class=\"cmsms_post_content entry-content\">\n<p>Entre los negocios m\u00e1s recientes, la empresa concret\u00f3 en 2025 un nuevo env\u00edo de dos contenedores de nueces a Dub\u00e1i....<\/p>\n<\/div>\n\t\t<\/div>\r\n\t<\/div>\r\n\t\r\n\t<footer class=\"cmsms_post_footer entry-meta\"><a class=\"button cmsms_post_read_more\" href=\"https:\/\/www.promendoza.com\/es\/la-empresa-familiar-que-consolida-su-expansion-en-italia-brasil-y-emiratos-con-el-acompanamiento-de-promendoza\/\">Leer m\u00e1s<span><\/span><\/a><\/footer><\/article>\r\n<!--_________________________ Finish Image Article _________________________ -->\r\n\r\n\r\n<!--_________________________ Start Image Article _________________________ -->\r\n\r\n<article id=\"post-16212\" class=\"cmsms_default_type post-16212 post type-post status-publish format-image has-post-thumbnail hentry category-promocion-comercial post_format-post-format-image\">\r\n\t<figure><a href=\"https:\/\/www.promendoza.com\/wp-content\/uploads\/2026\/01\/ddaa3bb6-b8a8-4d84-9f0a-a8d9e27a73bc-e1766417029329-1147x720-1.jpg\" title=\"Mendoza fortalece su presencia en Brasil con un innovador proyecto de comercializaci\u00f3n\" class=\"cmsms_img_link\" rel=\"ilightbox[img_16212_69f5fc0d7bc91]\"><img width=\"820\" height=\"390\" src=\"https:\/\/www.promendoza.com\/wp-content\/uploads\/2026\/01\/ddaa3bb6-b8a8-4d84-9f0a-a8d9e27a73bc-e1766417029329-1147x720-1-820x390.jpg\" class=\" wp-post-image\" alt=\"Mendoza fortalece su presencia en Brasil con un innovador proyecto de comercializaci\u00f3n\" loading=\"lazy\" title=\"Mendoza fortalece su presencia en Brasil con un innovador proyecto de comercializaci\u00f3n\" \/><\/a><\/figure>\t<div class=\"cmsms_post_cont_wrap\">\r\n\t<!--\r\n\t\t<span class=\"cmsms_post_format_img  cmsms_theme_icon_photo\"><\/span>\r\n\t-->\r\n\t\t\r\n\t\t<div class=\"cmsms_post_cont\">\r\n\t\t<header class=\"cmsms_post_header entry-header\"><h1 class=\"cmsms_post_title entry-title\"><a href=\"https:\/\/www.promendoza.com\/es\/mendoza-fortalece-su-presencia-en-brasil-con-un-innovador-proyecto-de-comercializacion-2\/\">Mendoza fortalece su presencia en Brasil con un innovador proyecto de comercializaci\u00f3n<\/a><\/h1><\/header><div class=\"cmsms_post_cont_info_wrap\"><div class=\"cmsms_post_date_wrap\"><abbr class=\"published cmsms_post_date\" title=\"22 diciembre, 2025\"><span class=\"cmsms_day_mon\">Dic 22,<\/span><span class=\"cmsms_year\">2025<\/span><\/abbr><abbr class=\"dn date updated\" title=\"27 enero, 2026\">27 enero, 2026<\/abbr><\/div><div class=\"cmsms_post_cont_info entry-meta\"><span class=\"cmsms_post_category\">En <a href=\"https:\/\/www.promendoza.com\/es\/category\/promocion-comercial\/\" rel=\"category tag\">Promoci\u00f3n Comercial<\/a><\/span><\/div><\/div><div class=\"cmsms_post_content entry-content\">\n<p>Con el objetivo de ampliar la oferta de productos mendocinos en Brasil y aprovechar las nuevas tendencias de consumo, se...<\/p>\n<\/div>\n\t\t<\/div>\r\n\t<\/div>\r\n\t\r\n\t<footer class=\"cmsms_post_footer entry-meta\"><a class=\"button cmsms_post_read_more\" href=\"https:\/\/www.promendoza.com\/es\/mendoza-fortalece-su-presencia-en-brasil-con-un-innovador-proyecto-de-comercializacion-2\/\">Leer m\u00e1s<span><\/span><\/a><\/footer><\/article>\r\n<!--_________________________ Finish Image Article _________________________ -->\r\n\r\n\r\n<!--_________________________ Start Image Article _________________________ -->\r\n\r\n<article id=\"post-16205\" class=\"cmsms_default_type post-16205 post type-post status-publish format-image has-post-thumbnail hentry category-hubs-logisticos post_format-post-format-image\">\r\n\t<figure><a href=\"https:\/\/www.promendoza.com\/wp-content\/uploads\/2025\/12\/ddaa3bb6-b8a8-4d84-9f0a-a8d9e27a73bc-e1766415302527.jpg\" title=\"Mendoza fortalece su presencia en Brasil con un innovador proyecto de comercializaci\u00f3n\" class=\"cmsms_img_link\" rel=\"ilightbox[img_16205_69f5fc0d7c925]\"><img width=\"820\" height=\"390\" src=\"https:\/\/www.promendoza.com\/wp-content\/uploads\/2025\/12\/ddaa3bb6-b8a8-4d84-9f0a-a8d9e27a73bc-e1766415302527-820x390.jpg\" class=\" wp-post-image\" alt=\"Mendoza fortalece su presencia en Brasil con un innovador proyecto de comercializaci\u00f3n\" loading=\"lazy\" title=\"Mendoza fortalece su presencia en Brasil con un innovador proyecto de comercializaci\u00f3n\" \/><\/a><\/figure>\t<div class=\"cmsms_post_cont_wrap\">\r\n\t<!--\r\n\t\t<span class=\"cmsms_post_format_img  cmsms_theme_icon_photo\"><\/span>\r\n\t-->\r\n\t\t\r\n\t\t<div class=\"cmsms_post_cont\">\r\n\t\t<header class=\"cmsms_post_header entry-header\"><h1 class=\"cmsms_post_title entry-title\"><a href=\"https:\/\/www.promendoza.com\/es\/mendoza-fortalece-su-presencia-en-brasil-con-un-innovador-proyecto-de-comercializacion\/\">Mendoza fortalece su presencia en Brasil con un innovador proyecto de comercializaci\u00f3n<\/a><\/h1><\/header><div class=\"cmsms_post_cont_info_wrap\"><div class=\"cmsms_post_date_wrap\"><abbr class=\"published cmsms_post_date\" title=\"22 diciembre, 2025\"><span class=\"cmsms_day_mon\">Dic 22,<\/span><span class=\"cmsms_year\">2025<\/span><\/abbr><abbr class=\"dn date updated\" title=\"24 enero, 2026\">24 enero, 2026<\/abbr><\/div><div class=\"cmsms_post_cont_info entry-meta\"><span class=\"cmsms_post_category\">En <a href=\"https:\/\/www.promendoza.com\/es\/category\/hubs-logisticos\/\" rel=\"category tag\">Hubs Log\u00edsticos<\/a><\/span><\/div><\/div><div class=\"cmsms_post_content entry-content\">\n<p>Con el objetivo de ampliar la oferta de productos mendocinos en Brasil y aprovechar las nuevas tendencias de consumo, se...<\/p>\n<\/div>\n\t\t<\/div>\r\n\t<\/div>\r\n\t\r\n\t<footer class=\"cmsms_post_footer entry-meta\"><a class=\"button cmsms_post_read_more\" href=\"https:\/\/www.promendoza.com\/es\/mendoza-fortalece-su-presencia-en-brasil-con-un-innovador-proyecto-de-comercializacion\/\">Leer m\u00e1s<span><\/span><\/a><\/footer><\/article>\r\n<!--_________________________ Finish Image Article _________________________ -->\r\n\r\n\r\n<!--_________________________ Start Image Article _________________________ -->\r\n\r\n<article id=\"post-16200\" class=\"cmsms_default_type post-16200 post type-post status-publish format-image has-post-thumbnail hentry category-inversiones post_format-post-format-image\">\r\n\t<figure><a href=\"https:\/\/www.promendoza.com\/wp-content\/uploads\/2025\/12\/f82c0deb-34ad-4fd5-869a-e884e41b0afe.jpg\" title=\"ProMendoza impulsa proyectos sustentables: nuevo barrio ecol\u00f3gico se suma al Banco de Inversiones\" class=\"cmsms_img_link\" rel=\"ilightbox[img_16200_69f5fc0d7d649]\"><img width=\"820\" height=\"390\" src=\"https:\/\/www.promendoza.com\/wp-content\/uploads\/2025\/12\/f82c0deb-34ad-4fd5-869a-e884e41b0afe-820x390.jpg\" class=\" wp-post-image\" alt=\"ProMendoza impulsa proyectos sustentables: nuevo barrio ecol\u00f3gico se suma al Banco de Inversiones\" loading=\"lazy\" title=\"ProMendoza impulsa proyectos sustentables: nuevo barrio ecol\u00f3gico se suma al Banco de Inversiones\" \/><\/a><\/figure>\t<div class=\"cmsms_post_cont_wrap\">\r\n\t<!--\r\n\t\t<span class=\"cmsms_post_format_img  cmsms_theme_icon_photo\"><\/span>\r\n\t-->\r\n\t\t\r\n\t\t<div class=\"cmsms_post_cont\">\r\n\t\t<header class=\"cmsms_post_header entry-header\"><h1 class=\"cmsms_post_title entry-title\"><a href=\"https:\/\/www.promendoza.com\/es\/promendoza-impulsa-proyectos-sustentables-nuevo-barrio-ecologico-se-suma-al-banco-de-inversiones\/\">ProMendoza impulsa proyectos sustentables: nuevo barrio ecol\u00f3gico se suma al Banco de Inversiones<\/a><\/h1><\/header><div class=\"cmsms_post_cont_info_wrap\"><div class=\"cmsms_post_date_wrap\"><abbr class=\"published cmsms_post_date\" title=\"18 diciembre, 2025\"><span class=\"cmsms_day_mon\">Dic 18,<\/span><span class=\"cmsms_year\">2025<\/span><\/abbr><abbr class=\"dn date updated\" title=\"24 enero, 2026\">24 enero, 2026<\/abbr><\/div><div class=\"cmsms_post_cont_info entry-meta\"><span class=\"cmsms_post_category\">En <a href=\"https:\/\/www.promendoza.com\/es\/category\/inversiones\/\" rel=\"category tag\">Inversiones<\/a><\/span><\/div><\/div><div class=\"cmsms_post_content entry-content\">\n<p>ProMendoza incorpor\u00f3 un nuevo proyecto al Banco de Proyectos de Inversi\u00f3n, resultado del programa de asistencia t\u00e9cnica que acompa\u00f1a a...<\/p>\n<\/div>\n\t\t<\/div>\r\n\t<\/div>\r\n\t\r\n\t<footer class=\"cmsms_post_footer entry-meta\"><a class=\"button cmsms_post_read_more\" href=\"https:\/\/www.promendoza.com\/es\/promendoza-impulsa-proyectos-sustentables-nuevo-barrio-ecologico-se-suma-al-banco-de-inversiones\/\">Leer m\u00e1s<span><\/span><\/a><\/footer><\/article>\r\n<!--_________________________ Finish Image Article _________________________ -->\r\n\r\n\r\n<!--_________________________ Start Image Article _________________________ -->\r\n\r\n<article id=\"post-16195\" class=\"cmsms_default_type post-16195 post type-post status-publish format-image has-post-thumbnail hentry category-feria-internacional post_format-post-format-image\">\r\n\t<figure><a href=\"https:\/\/www.promendoza.com\/wp-content\/uploads\/2025\/12\/WhatsApp-Image-2023-03-28-at-14.15.14-2.jpeg\" title=\"Convocatoria a empresas mendocinas para Expocomer 2026 en Panam\u00e1\" class=\"cmsms_img_link\" rel=\"ilightbox[img_16195_69f5fc0d7e342]\"><img width=\"820\" height=\"390\" src=\"https:\/\/www.promendoza.com\/wp-content\/uploads\/2025\/12\/WhatsApp-Image-2023-03-28-at-14.15.14-2-820x390.jpeg\" class=\" wp-post-image\" alt=\"Convocatoria a empresas mendocinas para Expocomer 2026 en Panam\u00e1\" loading=\"lazy\" title=\"Convocatoria a empresas mendocinas para Expocomer 2026 en Panam\u00e1\" \/><\/a><\/figure>\t<div class=\"cmsms_post_cont_wrap\">\r\n\t<!--\r\n\t\t<span class=\"cmsms_post_format_img  cmsms_theme_icon_photo\"><\/span>\r\n\t-->\r\n\t\t\r\n\t\t<div class=\"cmsms_post_cont\">\r\n\t\t<header class=\"cmsms_post_header entry-header\"><h1 class=\"cmsms_post_title entry-title\"><a href=\"https:\/\/www.promendoza.com\/es\/convocatoria-a-empresas-mendocinas-para-expocomer-2026-en-panama\/\">Convocatoria a empresas mendocinas para Expocomer 2026 en Panam\u00e1<\/a><\/h1><\/header><div class=\"cmsms_post_cont_info_wrap\"><div class=\"cmsms_post_date_wrap\"><abbr class=\"published cmsms_post_date\" title=\"15 diciembre, 2025\"><span class=\"cmsms_day_mon\">Dic 15,<\/span><span class=\"cmsms_year\">2025<\/span><\/abbr><abbr class=\"dn date updated\" title=\"15 diciembre, 2025\">15 diciembre, 2025<\/abbr><\/div><div class=\"cmsms_post_cont_info entry-meta\"><span class=\"cmsms_post_category\">En <a href=\"https:\/\/www.promendoza.com\/es\/category\/feria-internacional\/\" rel=\"category tag\">Feria Internacional<\/a><\/span><\/div><\/div><div class=\"cmsms_post_content entry-content\">\n<p>ProMendoza y el Gobierno de Mendoza convocan a las empresas mendocinas de alimentos y bebidas a participar en Expocomer 2026,...<\/p>\n<\/div>\n\t\t<\/div>\r\n\t<\/div>\r\n\t\r\n\t<footer class=\"cmsms_post_footer entry-meta\"><a class=\"button cmsms_post_read_more\" href=\"https:\/\/www.promendoza.com\/es\/convocatoria-a-empresas-mendocinas-para-expocomer-2026-en-panama\/\">Leer m\u00e1s<span><\/span><\/a><\/footer><\/article>\r\n<!--_________________________ Finish Image Article _________________________ -->\r\n\r\n\r\n<!--_________________________ Start Image Article _________________________ -->\r\n\r\n<article id=\"post-16190\" class=\"cmsms_default_type post-16190 post type-post status-publish format-image has-post-thumbnail hentry category-charla-virtual post_format-post-format-image\">\r\n\t<figure><a href=\"https:\/\/www.promendoza.com\/wp-content\/uploads\/2025\/12\/3.jpg\" title=\"Oportunidades de Negocios con Per\u00fa, puerta al Pac\u00edfico\" class=\"cmsms_img_link\" rel=\"ilightbox[img_16190_69f5fc0d7f17a]\"><img width=\"820\" height=\"390\" src=\"https:\/\/www.promendoza.com\/wp-content\/uploads\/2025\/12\/3-820x390.jpg\" class=\" wp-post-image\" alt=\"Oportunidades de Negocios con Per\u00fa, puerta al Pac\u00edfico\" loading=\"lazy\" title=\"Oportunidades de Negocios con Per\u00fa, puerta al Pac\u00edfico\" \/><\/a><\/figure>\t<div class=\"cmsms_post_cont_wrap\">\r\n\t<!--\r\n\t\t<span class=\"cmsms_post_format_img  cmsms_theme_icon_photo\"><\/span>\r\n\t-->\r\n\t\t\r\n\t\t<div class=\"cmsms_post_cont\">\r\n\t\t<header class=\"cmsms_post_header entry-header\"><h1 class=\"cmsms_post_title entry-title\"><a href=\"https:\/\/www.promendoza.com\/es\/oportunidades-de-negocios-con-peru-puerta-al-pacifico\/\">Oportunidades de Negocios con Per\u00fa, puerta al Pac\u00edfico<\/a><\/h1><\/header><div class=\"cmsms_post_cont_info_wrap\"><div class=\"cmsms_post_date_wrap\"><abbr class=\"published cmsms_post_date\" title=\"9 diciembre, 2025\"><span class=\"cmsms_day_mon\">Dic 09,<\/span><span class=\"cmsms_year\">2025<\/span><\/abbr><abbr class=\"dn date updated\" title=\"9 diciembre, 2025\">9 diciembre, 2025<\/abbr><\/div><div class=\"cmsms_post_cont_info entry-meta\"><span class=\"cmsms_post_category\">En <a href=\"https:\/\/www.promendoza.com\/es\/category\/charla-virtual\/\" rel=\"category tag\">Charla virtual<\/a><\/span><\/div><\/div><div class=\"cmsms_post_content entry-content\">\n<p>ProMendoza, el Ministerio de Relaciones Exteriores de Per\u00fa y el Consulado General de Per\u00fa en Mendoza invitan a participar del...<\/p>\n<\/div>\n\t\t<\/div>\r\n\t<\/div>\r\n\t\r\n\t<footer class=\"cmsms_post_footer entry-meta\"><a class=\"button cmsms_post_read_more\" href=\"https:\/\/www.promendoza.com\/es\/oportunidades-de-negocios-con-peru-puerta-al-pacifico\/\">Leer m\u00e1s<span><\/span><\/a><\/footer><\/article>\r\n<!--_________________________ Finish Image Article _________________________ -->\r\n\r\n\r\n<!--_________________________ Start Image Article _________________________ -->\r\n\r\n<article id=\"post-16176\" class=\"cmsms_default_type post-16176 post type-post status-publish format-image has-post-thumbnail hentry category-inversiones post_format-post-format-image\">\r\n\t<figure><a href=\"https:\/\/www.promendoza.com\/wp-content\/uploads\/2025\/12\/finca.jpg\" title=\"Una finca de Lavalle que se reconvierte, se ordena y abre sus puertas a nuevas inversiones estrat\u00e9gicas\" class=\"cmsms_img_link\" rel=\"ilightbox[img_16176_69f5fc0d7fe3f]\"><img width=\"820\" height=\"390\" src=\"https:\/\/www.promendoza.com\/wp-content\/uploads\/2025\/12\/finca-820x390.jpg\" class=\" wp-post-image\" alt=\"Una finca de Lavalle que se reconvierte, se ordena y abre sus puertas a nuevas inversiones estrat\u00e9gicas\" loading=\"lazy\" title=\"Una finca de Lavalle que se reconvierte, se ordena y abre sus puertas a nuevas inversiones estrat\u00e9gicas\" \/><\/a><\/figure>\t<div class=\"cmsms_post_cont_wrap\">\r\n\t<!--\r\n\t\t<span class=\"cmsms_post_format_img  cmsms_theme_icon_photo\"><\/span>\r\n\t-->\r\n\t\t\r\n\t\t<div class=\"cmsms_post_cont\">\r\n\t\t<header class=\"cmsms_post_header entry-header\"><h1 class=\"cmsms_post_title entry-title\"><a href=\"https:\/\/www.promendoza.com\/es\/una-finca-de-lavalle-que-se-reconvierte-se-ordena-y-abre-sus-puertas-a-nuevas-inversiones-estrategicas\/\">Una finca de Lavalle que se reconvierte, se ordena y abre sus puertas a nuevas inversiones estrat\u00e9gicas<\/a><\/h1><\/header><div class=\"cmsms_post_cont_info_wrap\"><div class=\"cmsms_post_date_wrap\"><abbr class=\"published cmsms_post_date\" title=\"2 diciembre, 2025\"><span class=\"cmsms_day_mon\">Dic 02,<\/span><span class=\"cmsms_year\">2025<\/span><\/abbr><abbr class=\"dn date updated\" title=\"2 diciembre, 2025\">2 diciembre, 2025<\/abbr><\/div><div class=\"cmsms_post_cont_info entry-meta\"><span class=\"cmsms_post_category\">En <a href=\"https:\/\/www.promendoza.com\/es\/category\/inversiones\/\" rel=\"category tag\">Inversiones<\/a><\/span><\/div><\/div><div class=\"cmsms_post_content entry-content\">\n<p>En el coraz\u00f3n agr\u00edcola de Lavalle, Virra SA, una firma que naci\u00f3 en los 90 como empresa familiar y que...<\/p>\n<\/div>\n\t\t<\/div>\r\n\t<\/div>\r\n\t\r\n\t<footer class=\"cmsms_post_footer entry-meta\"><a class=\"button cmsms_post_read_more\" href=\"https:\/\/www.promendoza.com\/es\/una-finca-de-lavalle-que-se-reconvierte-se-ordena-y-abre-sus-puertas-a-nuevas-inversiones-estrategicas\/\">Leer m\u00e1s<span><\/span><\/a><\/footer><\/article>\r\n<!--_________________________ Finish Image Article _________________________ -->\r\n\r\n\r\n<!--_________________________ Start Image Article _________________________ -->\r\n\r\n<article id=\"post-16171\" class=\"cmsms_default_type post-16171 post type-post status-publish format-image has-post-thumbnail hentry category-ronda-de-negocios post_format-post-format-image\">\r\n\t<figure><a href=\"https:\/\/www.promendoza.com\/wp-content\/uploads\/2025\/12\/1000250843-e1764432376338-980x551-1.jpg\" title=\"Once bodegas mendocinas participaron en la Ronda Internacional de Negocios Vitivin\u00edcolas en Buenos Aires\" class=\"cmsms_img_link\" rel=\"ilightbox[img_16171_69f5fc0d80bf2]\"><img width=\"820\" height=\"390\" src=\"https:\/\/www.promendoza.com\/wp-content\/uploads\/2025\/12\/1000250843-e1764432376338-980x551-1-820x390.jpg\" class=\" wp-post-image\" alt=\"Once bodegas mendocinas participaron en la Ronda Internacional de Negocios Vitivin\u00edcolas en Buenos Aires\" loading=\"lazy\" title=\"Once bodegas mendocinas participaron en la Ronda Internacional de Negocios Vitivin\u00edcolas en Buenos Aires\" \/><\/a><\/figure>\t<div class=\"cmsms_post_cont_wrap\">\r\n\t<!--\r\n\t\t<span class=\"cmsms_post_format_img  cmsms_theme_icon_photo\"><\/span>\r\n\t-->\r\n\t\t\r\n\t\t<div class=\"cmsms_post_cont\">\r\n\t\t<header class=\"cmsms_post_header entry-header\"><h1 class=\"cmsms_post_title entry-title\"><a href=\"https:\/\/www.promendoza.com\/es\/16171-2\/\">Once bodegas mendocinas participaron en la Ronda Internacional de Negocios Vitivin\u00edcolas en Buenos Aires<\/a><\/h1><\/header><div class=\"cmsms_post_cont_info_wrap\"><div class=\"cmsms_post_date_wrap\"><abbr class=\"published cmsms_post_date\" title=\"29 noviembre, 2025\"><span class=\"cmsms_day_mon\">Nov 29,<\/span><span class=\"cmsms_year\">2025<\/span><\/abbr><abbr class=\"dn date updated\" title=\"1 diciembre, 2025\">1 diciembre, 2025<\/abbr><\/div><div class=\"cmsms_post_cont_info entry-meta\"><span class=\"cmsms_post_category\">En <a href=\"https:\/\/www.promendoza.com\/es\/category\/ronda-de-negocios\/\" rel=\"category tag\">Ronda de Negocios<\/a><\/span><\/div><\/div><div class=\"cmsms_post_content entry-content\">\n<p>Buenos Aires fue sede de la Ronda Internacional de Negocios del sector vitivin\u00edcola, organizada por el Consejo Federal de Inversiones...<\/p>\n<\/div>\n\t\t<\/div>\r\n\t<\/div>\r\n\t\r\n\t<footer class=\"cmsms_post_footer entry-meta\"><a class=\"button cmsms_post_read_more\" href=\"https:\/\/www.promendoza.com\/es\/16171-2\/\">Leer m\u00e1s<span><\/span><\/a><\/footer><\/article>\r\n<!--_________________________ Finish Image Article _________________________ -->\r\n\r\n\r\n<!--_________________________ Start Image Article _________________________ -->\r\n\r\n<article id=\"post-16166\" class=\"cmsms_default_type post-16166 post type-post status-publish format-image has-post-thumbnail hentry category-promocion-comercial post_format-post-format-image\">\r\n\t<figure><a href=\"https:\/\/www.promendoza.com\/wp-content\/uploads\/2025\/12\/4-1-1.jpg\" title=\"Tras su participaci\u00f3n en la WBWE, ProMendoza reforz\u00f3 la presencia del vino argentino en Londres\" class=\"cmsms_img_link\" rel=\"ilightbox[img_16166_69f5fc0d81966]\"><img width=\"820\" height=\"390\" src=\"https:\/\/www.promendoza.com\/wp-content\/uploads\/2025\/12\/4-1-1-820x390.jpg\" class=\" wp-post-image\" alt=\"Tras su participaci\u00f3n en la WBWE, ProMendoza reforz\u00f3 la presencia del vino argentino en Londres\" loading=\"lazy\" title=\"Tras su participaci\u00f3n en la WBWE, ProMendoza reforz\u00f3 la presencia del vino argentino en Londres\" \/><\/a><\/figure>\t<div class=\"cmsms_post_cont_wrap\">\r\n\t<!--\r\n\t\t<span class=\"cmsms_post_format_img  cmsms_theme_icon_photo\"><\/span>\r\n\t-->\r\n\t\t\r\n\t\t<div class=\"cmsms_post_cont\">\r\n\t\t<header class=\"cmsms_post_header entry-header\"><h1 class=\"cmsms_post_title entry-title\"><a href=\"https:\/\/www.promendoza.com\/es\/tras-su-participacion-en-la-wbwe-promendoza-reforzo-la-presencia-del-vino-argentino-en-londres\/\">Tras su participaci\u00f3n en la WBWE, ProMendoza reforz\u00f3 la presencia del vino argentino en Londres<\/a><\/h1><\/header><div class=\"cmsms_post_cont_info_wrap\"><div class=\"cmsms_post_date_wrap\"><abbr class=\"published cmsms_post_date\" title=\"28 noviembre, 2025\"><span class=\"cmsms_day_mon\">Nov 28,<\/span><span class=\"cmsms_year\">2025<\/span><\/abbr><abbr class=\"dn date updated\" title=\"1 diciembre, 2025\">1 diciembre, 2025<\/abbr><\/div><div class=\"cmsms_post_cont_info entry-meta\"><span class=\"cmsms_post_category\">En <a href=\"https:\/\/www.promendoza.com\/es\/category\/promocion-comercial\/\" rel=\"category tag\">Promoci\u00f3n Comercial<\/a><\/span><\/div><\/div><div class=\"cmsms_post_content entry-content\">\n<p>Diez bodegas mendocinas formaron parte de la agenda de esta misi\u00f3n comercial.&nbsp; Luego de su destacada presencia en la&nbsp;World Bulk...<\/p>\n<\/div>\n\t\t<\/div>\r\n\t<\/div>\r\n\t\r\n\t<footer class=\"cmsms_post_footer entry-meta\"><a class=\"button cmsms_post_read_more\" href=\"https:\/\/www.promendoza.com\/es\/tras-su-participacion-en-la-wbwe-promendoza-reforzo-la-presencia-del-vino-argentino-en-londres\/\">Leer m\u00e1s<span><\/span><\/a><\/footer><\/article>\r\n<!--_________________________ Finish Image Article _________________________ -->\r\n\r\n<\/div><\/div>\n<\/div>\n<\/div>\n<\/div>\n<\/div>\n<\/div>\n<\/div>\n\n","protected":false},"excerpt":{"rendered":"","protected":false},"author":1,"featured_media":0,"parent":0,"menu_order":0,"comment_status":"closed","ping_status":"closed","template":"","meta":[],"_links":{"self":[{"href":"https:\/\/www.promendoza.com\/es\/wp-json\/wp\/v2\/pages\/3705"}],"collection":[{"href":"https:\/\/www.promendoza.com\/es\/wp-json\/wp\/v2\/pages"}],"about":[{"href":"https:\/\/www.promendoza.com\/es\/wp-json\/wp\/v2\/types\/page"}],"author":[{"embeddable":true,"href":"https:\/\/www.promendoza.com\/es\/wp-json\/wp\/v2\/users\/1"}],"replies":[{"embeddable":true,"href":"https:\/\/www.promendoza.com\/es\/wp-json\/wp\/v2\/comments?post=3705"}],"version-history":[{"count":5,"href":"https:\/\/www.promendoza.com\/es\/wp-json\/wp\/v2\/pages\/3705\/revisions"}],"predecessor-version":[{"id":12192,"href":"https:\/\/www.promendoza.com\/es\/wp-json\/wp\/v2\/pages\/3705\/revisions\/12192"}],"wp:attachment":[{"href":"https:\/\/www.promendoza.com\/es\/wp-json\/wp\/v2\/media?parent=3705"}],"curies":[{"name":"wp","href":"https:\/\/api.w.org\/{rel}","templated":true}]}}