{"id":4068,"date":"2018-06-06T19:23:47","date_gmt":"2018-06-06T19:23:47","guid":{"rendered":"http:\/\/www.promendoza.com\/?page_id=4068"},"modified":"2018-09-05T20:40:58","modified_gmt":"2018-09-05T20:40:58","slug":"negociaciones-y-cooperacion-2","status":"publish","type":"page","link":"https:\/\/www.promendoza.com\/es\/negociaciones-y-cooperacion-2\/","title":{"rendered":"Negociaciones y cooperaci\u00f3n"},"content":{"rendered":"<style type=\"text\/css\"> \n#cmsms_row_69f34cc7146296_16045372 .cmsms_row_outer_parent { \n\tpadding-top: 0px; \n} \n\n#cmsms_row_69f34cc7146296_16045372 .cmsms_row_outer_parent { \n\tpadding-bottom: 0px; \n} \n\n \n#cmsms_heading_69f34cc714f5c5_85498357 { \n\ttext-align:left; \n\tmargin-top:40px; \n\tmargin-bottom:15px; \n} \n\n#cmsms_heading_69f34cc714f5c5_85498357 .cmsms_heading { \n\ttext-align:left; \n} \n\n#cmsms_heading_69f34cc714f5c5_85498357 .cmsms_heading, #cmsms_heading_69f34cc714f5c5_85498357 .cmsms_heading a { \n\tfont-weight:normal; \n\tfont-style:normal; \n\tcolor:#0075c9;\n} \n\n#cmsms_heading_69f34cc714f5c5_85498357 .cmsms_heading_divider { \n} \n\n \n#cmsms_row_69f34cc714ff58_65746101 .cmsms_row_outer_parent { \n\tpadding-top: 0px; \n} \n\n#cmsms_row_69f34cc714ff58_65746101 .cmsms_row_outer_parent { \n\tpadding-bottom: 30px; \n} \n\n \n#cmsms_heading_69f34cc7152c06_34453613 { \n\ttext-align:left; \n\tmargin-top:0px; \n\tmargin-bottom:15px; \n} \n\n#cmsms_heading_69f34cc7152c06_34453613 .cmsms_heading { \n\ttext-align:left; \n} \n\n#cmsms_heading_69f34cc7152c06_34453613 .cmsms_heading, #cmsms_heading_69f34cc7152c06_34453613 .cmsms_heading a { \n\tfont-weight:normal; \n\tfont-style:normal; \n\tcolor:#0075c9;\n} \n\n#cmsms_heading_69f34cc7152c06_34453613 .cmsms_heading_divider { \n} \n\n \n#cmsms_divider_69f34cc7153978_62117073 { \n\tborder-bottom-width:0px; \n\tborder-bottom-style:solid; \n\tpadding-top:8px; \n\tmargin-bottom:8px; \n} \n \n#cmsms_divider_69f34cc7154541_31279542 { \n\tborder-bottom-width:0px; \n\tborder-bottom-style:solid; \n\tpadding-top:8px; \n\tmargin-bottom:8px; \n} \n \n#cmsms_divider_69f34cc7155018_22359236 { \n\tborder-bottom-width:0px; \n\tborder-bottom-style:solid; \n\tpadding-top:15px; \n\tmargin-bottom:15px; \n} \n \n#cmsms_tabs_list_item_69f34cc7157156_95540096 a:hover,#cmsms_tabs_list_item_69f34cc7157156_95540096 a:hover:before,#cmsms_tabs_list_item_69f34cc7157156_95540096.current_tab a:before,#cmsms_tabs_list_item_69f34cc7157156_95540096.current_tab a { \n\tcolor:#fd8c0a;\n} \n\n#cmsms_tabs_list_item_69f34cc7158152_05248918 a:hover,#cmsms_tabs_list_item_69f34cc7158152_05248918 a:hover:before,#cmsms_tabs_list_item_69f34cc7158152_05248918.current_tab a:before,#cmsms_tabs_list_item_69f34cc7158152_05248918.current_tab a { \n\tcolor:#fd8c0a;\n} \n\n#cmsms_tabs_list_item_69f34cc7158f43_66306337 a:hover,#cmsms_tabs_list_item_69f34cc7158f43_66306337 a:hover:before,#cmsms_tabs_list_item_69f34cc7158f43_66306337.current_tab a:before,#cmsms_tabs_list_item_69f34cc7158f43_66306337.current_tab a { \n\tcolor:#fd8c0a;\n} \n \n#cmsms_row_69f34cc7159cc7_89859017 .cmsms_row_outer_parent { \n\tpadding-top: 0px; \n} \n\n#cmsms_row_69f34cc7159cc7_89859017 .cmsms_row_outer_parent { \n\tpadding-bottom: 50px; \n} \n\n<\/style><div id=\"cmsms_row_69f34cc7146296_16045372\" class=\"cmsms_row cmsms_color_scheme_default\">\n<div class=\"cmsms_row_outer_parent\">\n<div class=\"cmsms_row_outer\">\n<div class=\"cmsms_row_inner\">\n<div class=\"cmsms_row_margin\">\n<div class=\"cmsms_column one_fourth\">\n<div class=\"custom_html\">\n<div style=\"height: 32px;\"><\/div>\n<\/div>\n<div class=\"cmsms_img  cmsms_image_n\">\n<img src=\"https:\/\/www.promendoza.com\/wp-content\/uploads\/2018\/09\/negociaciones_204.png\" \/>\n<\/div>\n<\/div>\n<div class=\"cmsms_column three_fourth\">\n\n<div id=\"cmsms_heading_69f34cc714f5c5_85498357\" class=\"cmsms_heading_wrap cmsms_heading_align_left\">\n\t<h4 class=\"cmsms_heading\">Negociaciones Internacionales<\/h4>\n<\/div><div class=\"cmsms_text\">\n<p>La Fundaci\u00f3n\u00a0<strong>ProMendoza<\/strong>\u00a0posee un \u00c1rea de Negociaciones Internacionales que en coordinaci\u00f3n con el Gobierno de Mendoza, Canciller\u00eda, la Agencia Argentina de Inversiones y Comercio Internacional y las Embajadas de cada pa\u00eds destino, formula estrategias para fomentar las exportaciones de la provincia.<\/p>\n<p>&nbsp;<\/p>\n<p><strong>Su Objetivo<\/strong>\u00a0es representar, defender y difundir los intereses de Mendoza frente a procesos de negociaciones internacionales, bloques regionales, pa\u00edses y\/o regiones.<\/p>\n<\/div>\n<\/div>\n<\/div>\n<\/div>\n<\/div>\n<\/div>\n<\/div>\n<div id=\"cmsms_row_69f34cc714ff58_65746101\" class=\"cmsms_row cmsms_color_scheme_default\">\n<div class=\"cmsms_row_outer_parent\">\n<div class=\"cmsms_row_outer\">\n<div class=\"cmsms_row_inner\">\n<div class=\"cmsms_row_margin\">\n<div class=\"cmsms_column one_first\">\n\n<div id=\"cmsms_heading_69f34cc7152c06_34453613\" class=\"cmsms_heading_wrap cmsms_heading_align_left\">\n\t<h4 class=\"cmsms_heading\">Programas Espec\u00edficos del \u00c1rea<\/h4>\n<\/div><div class=\"cmsms_text\">\n<p><strong>ALIANZAS REGIONALES<\/strong><\/p>\n<p>Para potenciar la internacionalizaci\u00f3n de Mendoza y su sistema productivo a trav\u00e9s de la firma de acuerdos con regiones consideradas estrat\u00e9gicas en pa\u00edses y mercados objetivos.<\/p>\n<\/div>\n\n<div id=\"cmsms_divider_69f34cc7153978_62117073\" class=\"cl\"><\/div>\n<div class=\"cmsms_text\">\n<p><strong>SEGUIMIENTO DE LOS ACUERDOS INTERNACIONALES QUE NEGOCIA EL MINISTERIO DE RELACIONES EXTERIORES DE LA NACI\u00d3N<\/strong><\/p>\n<p>Para posicionar los intereses de la producci\u00f3n de Mendoza ante el Ministerio de Relaciones Exteriores y Culto de la Naci\u00f3n para su consideraci\u00f3n en las negociaciones de nuevos acuerdos internacionales o en la revisi\u00f3n de los ya firmados.<\/p>\n<div><\/div>\n<\/div>\n\n\n<div id=\"cmsms_divider_69f34cc7154541_31279542\" class=\"cl\"><\/div>\n<div class=\"cmsms_text\">\n<p><strong>CADENAS GLOBALES DE VALOR<\/strong><\/p>\n<p>Para desarrollar el potencial de integraci\u00f3n productiva existente entre la Provincia de Mendoza (Argentina) y la regi\u00f3n de Valpara\u00edso (Chile) y Metropolitana (Chile), zonas altamente conectadas por lazos geogr\u00e1ficos, hist\u00f3ricos y culturales.<\/p>\n<\/div>\n\n\n<div id=\"cmsms_divider_69f34cc7155018_22359236\" class=\"cl\"><\/div>\n \n<div class=\"cmsms_tabs tabs_mode_tour tabs_pos_left\">\n<ul class=\"cmsms_tabs_list\">\n<li id=\"cmsms_tabs_list_item_69f34cc7157156_95540096\" class=\"cmsms_tabs_list_item current_tab\">\n<a href=\"#\" class=\"cmsms-icon-globe\">\n<span>Acuerdo Uni\u00f3n Europea - Mercosur<\/span>\n<\/a>\n<\/li><li id=\"cmsms_tabs_list_item_69f34cc7158152_05248918\" class=\"cmsms_tabs_list_item\">\n<a href=\"#\" class=\"cmsms-icon-leaf-1\">\n<span>Ingreso ilegal del ajo chino a Brasil<\/span>\n<\/a>\n<\/li><li id=\"cmsms_tabs_list_item_69f34cc7158f43_66306337\" class=\"cmsms_tabs_list_item\">\n<a href=\"#\" class=\"cmsms-icon-link-4\">\n<span>Programa de encadenamientos productivos: Mendoza - Chile<\/span>\n<\/a>\n<\/li><\/ul>\n<div class=\"cmsms_tabs_wrap\">\n<div id=\"cmsms_tab_69f34cc7157156_95540096\" class=\"cmsms_tab active_tab\">\n<div class=\"cmsms_tab_inner\">\n<p>La Provincia de Mendoza ve con esperanza estas negociaciones, consideramos que el acuerdo abre una excelente oportunidad para el pa\u00eds, en general, y para la provincia, en particular.<\/p>\n<p>Debido a que una proporci\u00f3n significativa de nuestra producci\u00f3n agroindustrial es altamente sensible a los productos que puedan ingresar desde la Uni\u00f3n Europea a partir de dicho acuerdo. Mendoza, provincia de producci\u00f3n mediterr\u00e1nea, comparte y compite con una gran cantidad de productos de pa\u00edses como Espa\u00f1a, Italia y Portugal.<\/p>\n<p>Es por eso participamos de manera activa en las reuniones internas que se generan para avanzar en dicho acuerdo, representando la postura de la provincia frente a este tema.<\/p>\n<p>Consideramos que una visi\u00f3n federal de esta pol\u00edtica enriquece los procesos de negociaci\u00f3n, protegiendo fuentes de trabajo y permitiendo el desarrollo de las econom\u00edas regionales.<\/p>\n<\/div>\n<\/div><div id=\"cmsms_tab_69f34cc7158152_05248918\" class=\"cmsms_tab\">\n<div class=\"cmsms_tab_inner\">\n<p>Trabajamos de manera conjunta con la Asociaci\u00f3n de Productores de Ajo de Mendoza y de Brasil para que se apliquen medidas antidumping al ingreso de ajo Chino en Brasil.<\/p>\n<p>En forma permanente se realizan acciones para evitar el contrabando de ajo chino en Brasil, que afecta de manera directa a las exportaciones de Mendoza a ese pa\u00eds-<br \/>\nANAPA, la Asociaci\u00f3n de Productores de Ajo de Brasil, Asociaci\u00f3n de Productores, Empacadores y Exportadores de Ajos, Cebollas y Afines de Mendoza y ProMendoza en representaci\u00f3n del Gobierno de la Provincia trabajan para que la exportaci\u00f3n de ajo a Brasil se realice en igualdad de condiciones y evitar que algunos importadores, se aprovechen las lagunas legales para vender el producto sin tener que pagar el impuesto antidumping.<\/p>\n<p>Vale aclarar que las medidas antidumping, son tomadas por los pa\u00edses importadores para luchar contra los pa\u00edses exportadores que aplican a sus productos precios inauditos.<\/p>\n<\/div>\n<\/div><div id=\"cmsms_tab_69f34cc7158f43_66306337\" class=\"cmsms_tab\">\n<div class=\"cmsms_tab_inner\">\n<p><strong>OBJETIVOS DEL PROGRAMA<\/strong><\/p>\n<p>Promover la integraci\u00f3n productiva entre Argentina y Chile mediante el fomento de cadenas de valor binacionales con proyecci\u00f3n exportadora hacia mercados de la cuenca del Pac\u00edfico.<\/p>\n<p>El concepto de \u201cencadenamientos productivos\u201d, se refiere espec\u00edficamente al caso de que una empresa argentina inicia el proceso productivo de un bien final exportable y luego, una empresa chilena retoma el proceso de fabricaci\u00f3n para agregar valor en Chile.<\/p>\n<p>En la actualidad, ProMendoza y Fundaci\u00f3n IDEAL coordinan un grupo exportador con 33 empresas de Mendoza (que cuentan con m\u00e1s de 700 empleados), quienes representan a 9 sectores econ\u00f3micos y m\u00e1s de 120 productos ofrecidos (posiciones arancelarias).<\/p>\n<p>El fin del grupo exportador conformado es realizar una b\u00fasqueda activa de potenciales empresas chilenas con las cuales se puedan enlazar procesos productivos con proyecci\u00f3n exportadora.<\/p>\n<p>Por su lado, la Direcon y ProChile analizaron el grupo exportador de Mendoza con el fin de priorizar sectores y empresas con mayor potencial de integraci\u00f3n, y promover instancias de di\u00e1logo entre empresas argentinas y empresas chilenas.<\/p>\n<p>En las Mesas de trabajo de ma\u00f1ana se trabajar\u00e1 en la factibilidad t\u00e9cnica (normas de origen) y econ\u00f3mica (posicionamiento competitivo) que permitir\u00e1 retroalimentar el Programa de Encadenamientos, y fomentar a futuro la participaci\u00f3n de empresas involucradas en las cadenas de valor con mayor potencial de inserci\u00f3n internacional.<\/p>\n<p><strong>INSTITUCIONES QUE LIDERAN EL PROGRAMA<\/strong><\/p>\n<p>ProMendoza \u2013 ProChile<\/p>\n<p><strong>INSTITUCIONES ADHERENTES<\/strong><\/p>\n<p>Fundaci\u00f3n Ideal \u2013 Sofofa<\/p>\n<\/div>\n<\/div><\/div>\n<\/div>\n<\/div>\n<\/div>\n<\/div>\n<\/div>\n<\/div>\n<\/div>\n<div id=\"cmsms_row_69f34cc7159cc7_89859017\" class=\"cmsms_row cmsms_color_scheme_default\">\n<div class=\"cmsms_row_outer_parent\">\n<div class=\"cmsms_row_outer\">\n<div class=\"cmsms_row_inner\">\n<div class=\"cmsms_row_margin\">\n<div class=\"cmsms_column one_first\">\n<\/div>\n<\/div>\n<\/div>\n<\/div>\n<\/div>\n<\/div>\n\n","protected":false},"excerpt":{"rendered":"","protected":false},"author":1,"featured_media":0,"parent":0,"menu_order":0,"comment_status":"closed","ping_status":"closed","template":"","meta":[],"_links":{"self":[{"href":"https:\/\/www.promendoza.com\/es\/wp-json\/wp\/v2\/pages\/4068"}],"collection":[{"href":"https:\/\/www.promendoza.com\/es\/wp-json\/wp\/v2\/pages"}],"about":[{"href":"https:\/\/www.promendoza.com\/es\/wp-json\/wp\/v2\/types\/page"}],"author":[{"embeddable":true,"href":"https:\/\/www.promendoza.com\/es\/wp-json\/wp\/v2\/users\/1"}],"replies":[{"embeddable":true,"href":"https:\/\/www.promendoza.com\/es\/wp-json\/wp\/v2\/comments?post=4068"}],"version-history":[{"count":34,"href":"https:\/\/www.promendoza.com\/es\/wp-json\/wp\/v2\/pages\/4068\/revisions"}],"predecessor-version":[{"id":6557,"href":"https:\/\/www.promendoza.com\/es\/wp-json\/wp\/v2\/pages\/4068\/revisions\/6557"}],"wp:attachment":[{"href":"https:\/\/www.promendoza.com\/es\/wp-json\/wp\/v2\/media?parent=4068"}],"curies":[{"name":"wp","href":"https:\/\/api.w.org\/{rel}","templated":true}]}}