{"id":4306,"date":"2017-08-25T09:05:34","date_gmt":"2017-08-25T12:05:34","guid":{"rendered":"http:\/\/www.promendoza.com\/?post_type=tribe_events&amp;p=4306"},"modified":"2017-08-25T09:05:34","modified_gmt":"2017-08-25T12:05:34","slug":"mision-institucional-y-comercial-a-brasil-2017","status":"publish","type":"tribe_events","link":"https:\/\/www.promendoza.com\/es\/event\/mision-institucional-y-comercial-a-brasil-2017\/","title":{"rendered":"Misi\u00f3n Institucional y Comercial a Brasil 2017"},"content":{"rendered":"<style type=\"text\/css\"><\/style><h6>Del <strong>18 al 22 de septiembre<\/strong> se realizar\u00e1 una <strong>Misi\u00f3n Comercial e Institucional a Brasil<\/strong>. La Misi\u00f3n constar\u00e1 de dos etapas. En la primera la actividad comercial e institucional se desarrollar\u00e1 en <strong>R\u00edo Grande Del Sur<\/strong> e incluir\u00e1 los sectores de: vinos, software, metalmec\u00e1nica, servicios (ingenieros agr\u00f3nomos) y oliva.<br \/>\nLa segunda etapa se desarrollar\u00e1 en <strong>R\u00edo de Janeiro<\/strong> y all\u00ed se sumar\u00e1n el sector de ajos e industrias creativas.<\/h6>\n<h6>A continuaci\u00f3n se detalla el <strong>programa<\/strong> establecido.<\/h6>\n<p><img loading=\"lazy\" class=\"wp-image-4313 size-full aligncenter\" src=\"http:\/\/www.promendoza.com\/wp-content\/uploads\/2017\/08\/programa-1-2.png\" alt=\"\" width=\"570\" height=\"919\" \/><\/p>\n<h3><\/h3>\n<h4><span style=\"color: #993366\"><strong>Actividad sin costo de inscripci\u00f3n &#8211; Cupo limitado de 20 empresas.<\/strong><\/span><\/h4>\n<h4 style=\"padding-left: 60px\"><span style=\"color: #0000ff\"><strong>La participaci\u00f3n incluye:<\/strong><\/span><\/h4>\n<p style=\"padding-left: 60px\"><span style=\"color: #0000ff\"><em>\u2022 Armado de agendas de negocios<\/em><\/span><\/p>\n<p style=\"padding-left: 60px\"><span style=\"color: #0000ff\"><em>\u2022 Elementos necesarios para realizar las degustaciones<\/em><\/span><\/p>\n<p style=\"padding-left: 60px\"><span style=\"color: #0000ff\"><em>\u2022 Seminarios y c<\/em><em>\u00f3cteles<\/em><\/span><\/p>\n<p>Recuerde que ProMendoza pone a su disposici\u00f3n el <span style=\"color: #0000ff\"><strong>Programa Pymexporta<\/strong><\/span>, que reintegra hasta el 50% de actividades de promoci\u00f3n comercial en el exterior (pasajes, alojamientos, material promocional, etc.). Para mayor informaci\u00f3n<strong>:<span style=\"color: #0000ff\"><a href=\"https:\/\/us14.admin.mailchimp.com\/campaigns\/show?id=235671\"> ingrese aqu\u00ed.<\/a><\/span><\/strong><\/p>\n<h3 style=\"text-align: center\"><strong>\u00a0<span style=\"color: #993366\">Cierre de las inscripciones: Mi\u00e9rcoles 6 de septiembre.<\/span><\/strong><\/h3>\n<h6><\/h6>\n<h3 style=\"text-align: center\"><strong><span style=\"background-color: #ffcc00\"><a href=\"http:\/\/www.promendoza.com\/wp-content\/uploads\/2017\/08\/Ficha-Exportador-alimentos-2.docx\">\u00a0\u00a0Ficha Exportador alimentos\u00a0\u00a0<\/a><\/span><\/strong><\/h3>\n<p>&nbsp;<\/p>\n<h3 style=\"text-align: center\"><strong><span style=\"color: #cc99ff;background-color: #ff9900\"><a href=\"http:\/\/www.promendoza.com\/wp-content\/uploads\/2017\/08\/Ficha-Exportador-Vinos-2.docx\">\u00a0 Ficha Exportador Vinos\u00a0\u00a0<\/a><\/span><\/strong><\/h3>\n<p>&nbsp;<\/p>\n<h3 style=\"text-align: center\"><strong><span style=\"background-color: #ccffff\"><a href=\"http:\/\/www.promendoza.com\/wp-content\/uploads\/2017\/08\/Ficha-Exportador-metalmec\u00e1nica-y-servicios-2.docx\">\u00a0 Ficha Exportador metalmec\u00e1nica y servicios\u00a0\u00a0<\/a><\/span><\/strong><\/h3>\n<p>&nbsp;<\/p>\n<h5><strong>Para mayor informaci\u00f3n comunicarse con:<\/strong><\/h5>\n<h6><strong>Nicol\u00e1s Piazza<\/strong> \u2013 negociaciones@promendoza.com<\/h6>\n<h6><strong>Gaetano Aguilera Prisco<\/strong> &#8211; sectoralimentos@promendoza.com<\/h6>\n<h6>(0261) 4054700<\/h6>\n","protected":false},"excerpt":{"rendered":"<p>Del 18 al 22 de septiembre se realizar\u00e1 una Misi\u00f3n Comercial e Institucional a Brasil. La Misi\u00f3n constar\u00e1 de dos etapas. En la primera la actividad comercial e institucional se&#8230;<\/p>\n","protected":false},"author":1,"featured_media":8216,"comment_status":"closed","ping_status":"closed","template":"","meta":[],"tags":[],"tribe_events_cat":[62],"_links":{"self":[{"href":"https:\/\/www.promendoza.com\/es\/wp-json\/wp\/v2\/tribe_events\/4306"}],"collection":[{"href":"https:\/\/www.promendoza.com\/es\/wp-json\/wp\/v2\/tribe_events"}],"about":[{"href":"https:\/\/www.promendoza.com\/es\/wp-json\/wp\/v2\/types\/tribe_events"}],"author":[{"embeddable":true,"href":"https:\/\/www.promendoza.com\/es\/wp-json\/wp\/v2\/users\/1"}],"replies":[{"embeddable":true,"href":"https:\/\/www.promendoza.com\/es\/wp-json\/wp\/v2\/comments?post=4306"}],"version-history":[{"count":0,"href":"https:\/\/www.promendoza.com\/es\/wp-json\/wp\/v2\/tribe_events\/4306\/revisions"}],"wp:featuredmedia":[{"embeddable":true,"href":"https:\/\/www.promendoza.com\/es\/wp-json\/wp\/v2\/media\/8216"}],"wp:attachment":[{"href":"https:\/\/www.promendoza.com\/es\/wp-json\/wp\/v2\/media?parent=4306"}],"wp:term":[{"taxonomy":"post_tag","embeddable":true,"href":"https:\/\/www.promendoza.com\/es\/wp-json\/wp\/v2\/tags?post=4306"},{"taxonomy":"tribe_events_cat","embeddable":true,"href":"https:\/\/www.promendoza.com\/es\/wp-json\/wp\/v2\/tribe_events_cat?post=4306"}],"curies":[{"name":"wp","href":"https:\/\/api.w.org\/{rel}","templated":true}]}}