{"id":8406,"date":"2017-06-21T17:23:09","date_gmt":"2017-06-21T20:23:09","guid":{"rendered":"http:\/\/promza-2017.binara.info\/?post_type=tribe_events&amp;p=3802"},"modified":"2017-06-21T17:23:09","modified_gmt":"2017-06-21T20:23:09","slug":"world-bulk-wines","status":"publish","type":"tribe_events","link":"https:\/\/www.promendoza.com\/es\/event\/world-bulk-wines\/","title":{"rendered":"World Bulk Wine Exhibition, Amsterdam y Show de sabores con Networking, Copenhague"},"content":{"rendered":"<style type=\"text\/css\"><\/style><p><img loading=\"lazy\" class=\"alignnone size-full wp-image-3940\" src=\"http:\/\/www.promendoza.com\/wp-content\/uploads\/2017\/06\/World-Bulk-Wine-2.png\" alt=\"\" width=\"963\" height=\"423\" \/><\/p>\n<h2 style=\"text-align: center\"><span style=\"color: #920bdb\">World Bulk Wine Exhibition<\/span><\/h2>\n<h2 style=\"text-align: center\"><span style=\"color: #920bdb\">Holanda,\u00a020 y 21 de noviembre<\/span><\/h2>\n<p><img loading=\"lazy\" class=\" wp-image-4424 alignleft\" src=\"http:\/\/www.promendoza.com\/wp-content\/uploads\/2017\/06\/pandolfi-2.png\" alt=\"\" width=\"130\" height=\"143\" \/><\/p>\n<p>Feria de vinos a granel, \u00fanica de estas caracter\u00edsticas en el mundo y se celebrar\u00e1 por noveno a\u00f1o consecutivo en la ciudad de \u00c1msterdam.\u00a0<a style=\"color: #d54e21\" href=\"http:\/\/www.worldbulkwine.com\/esp\/inicio.php\"><strong>\u00a0www.worldbulkwine.com<\/strong><\/a><\/p>\n<p>Argentina brindar\u00e1 una Master Class a cargo de <strong>Cristina Pandolfi<\/strong>.<\/p>\n<h6><strong><span style=\"color: #0000ff\">Cupo m\u00e1ximo de empresas: 4<\/span><\/strong><\/h6>\n<hr \/>\n<h2 style=\"text-align: center\"><span style=\"color: #920bdb\">Misi\u00f3n Comercial a Copenhague<\/span><\/h2>\n<h2 style=\"text-align: center\"><span style=\"color: #920bdb\">Dinamarca,\u00a023 de noviembre<\/span><\/h2>\n<p>&nbsp;<\/p>\n<p>Se realizar\u00e1 un <strong>Show de Sabores<\/strong> donde se presentar\u00e1n los vinos\u00a0maridados con platos a base\u00a0<img loading=\"lazy\" class=\"wp-image-4471 alignright\" src=\"http:\/\/www.promendoza.com\/wp-content\/uploads\/2017\/06\/fuegos-1-300x287.png\" alt=\"\" width=\"226\" height=\"216\" \/><\/p>\n<p>de productos de Mendoza, propiciando as\u00ed\u00a0un \u00e1mbito para un excelente <strong>Networking<\/strong>. Las bodegas podr\u00e1n participar a trav\u00e9s de sus representantes.<\/p>\n<p>La presentaci\u00f3n se realizar\u00e1 en el <strong>restor\u00e1n Fuego.\u00a0<\/strong><strong><a href=\"http:\/\/www.fuego.dk\">www.fuego.dk<\/a><\/strong><\/p>\n<h6><span style=\"color: #0000ff\"><strong>Cupo m\u00e1ximo de empresas: 6<\/strong><\/span><\/h6>\n<p>&nbsp;<\/p>\n<hr \/>\n<h4><strong><span style=\"color: #0000ff\">Costo total de la Misi\u00f3n: U$D 600<\/span><\/strong><\/h4>\n<p>Pasajes y alojamiento: a cargo de las empresas.<br \/>\nRecuerde que ProMendoza cuenta con el <span style=\"color: #0000ff\"><strong>Programa Pymexporta<\/strong><\/span>, que reintegra hasta el 50% de actividades de promoci\u00f3n comercial en el exterior. Para mayor informaci\u00f3n: <a href=\"https:\/\/us14.admin.mailchimp.com\/campaigns\/show?id=235515\"><strong>haga clic aqu\u00ed.<\/strong><\/a><\/p>\n<h4><span style=\"color: #0000ff\"><strong>Fecha l\u00edmite de inscripci\u00f3n:<\/strong>\u00a0LUNES 18 de septiembre.<\/span><\/h4>\n<h4><strong><span style=\"color: #0000ff\">Informaci\u00f3n e inscripciones:<\/span><\/strong><\/h4>\n<p>Florencia Rebudero<br \/>\nsectorvinos@promendoza.com<\/p>\n<h4><span style=\"color: #0000ff\">Oficinas Regionales:<\/span><\/h4>\n<p>regionaleste@promendoza.com &#8211; (0263) 4421810<\/p>\n<p>regionalesur@promendoza.com &#8211; (0260) 4426471<\/p>\n<p>regionaluco2@promendoza.com &#8211; (02622) 425543<\/p>\n<p><img loading=\"lazy\" class=\"wp-image-4427 aligncenter\" src=\"http:\/\/www.promendoza.com\/wp-content\/uploads\/2017\/06\/ProMendoza-y-Gobierno-2.png\" alt=\"\" width=\"518\" height=\"86\" \/>    \t<\/p>\n","protected":false},"excerpt":{"rendered":"<p>World Bulk Wine Exhibition Holanda,\u00a020 y 21 de noviembre Feria de vinos a granel, \u00fanica de estas caracter\u00edsticas en el mundo y se celebrar\u00e1 por noveno a\u00f1o consecutivo en la&#8230;<\/p>\n","protected":false},"author":1,"featured_media":8202,"comment_status":"closed","ping_status":"closed","template":"","meta":[],"tags":[],"tribe_events_cat":[70],"_links":{"self":[{"href":"https:\/\/www.promendoza.com\/es\/wp-json\/wp\/v2\/tribe_events\/8406"}],"collection":[{"href":"https:\/\/www.promendoza.com\/es\/wp-json\/wp\/v2\/tribe_events"}],"about":[{"href":"https:\/\/www.promendoza.com\/es\/wp-json\/wp\/v2\/types\/tribe_events"}],"author":[{"embeddable":true,"href":"https:\/\/www.promendoza.com\/es\/wp-json\/wp\/v2\/users\/1"}],"replies":[{"embeddable":true,"href":"https:\/\/www.promendoza.com\/es\/wp-json\/wp\/v2\/comments?post=8406"}],"version-history":[{"count":0,"href":"https:\/\/www.promendoza.com\/es\/wp-json\/wp\/v2\/tribe_events\/8406\/revisions"}],"wp:featuredmedia":[{"embeddable":true,"href":"https:\/\/www.promendoza.com\/es\/wp-json\/wp\/v2\/media\/8202"}],"wp:attachment":[{"href":"https:\/\/www.promendoza.com\/es\/wp-json\/wp\/v2\/media?parent=8406"}],"wp:term":[{"taxonomy":"post_tag","embeddable":true,"href":"https:\/\/www.promendoza.com\/es\/wp-json\/wp\/v2\/tags?post=8406"},{"taxonomy":"tribe_events_cat","embeddable":true,"href":"https:\/\/www.promendoza.com\/es\/wp-json\/wp\/v2\/tribe_events_cat?post=8406"}],"curies":[{"name":"wp","href":"https:\/\/api.w.org\/{rel}","templated":true}]}}